{"id":9522,"date":"2023-03-03T15:55:41","date_gmt":"2023-03-03T20:55:41","guid":{"rendered":"https:\/\/antonioromoleroux.com\/?page_id=9522"},"modified":"2026-03-09T16:28:15","modified_gmt":"2026-03-09T21:28:15","slug":"espanol-curriculum-profesional","status":"publish","type":"page","link":"https:\/\/antonioromoleroux.com\/es\/espanol-curriculum-profesional\/","title":{"rendered":"Curr\u00edculum"},"content":{"rendered":"<p>                                                                                                                                                                                                                                                                                         <strong>ANTONIO ROMOLEROUX<\/strong><br \/>\nQuito, Ecuador, 12 de abril de 1968<\/p>\n<p><strong>EDUCACI\u00d3N<\/strong><\/p>\n<p>2023 licenciado en Artes Visuales, Universidad de las Artes, Guayaquil, Ecuador<br \/>\n1985 &#8211; 1989 bachiller en Artes Pl\u00e1sticas, Colegio de Artes, Universidad Central del Ecuador<br \/>\n1988 &#8211; 1990 serigraf\u00eda y litograf\u00eda, Fundaci\u00f3n Guayasam\u00edn, Quito, Ecuador<br \/>\n1987 &#8211; 1988 grabado en metal, Taller Grafi-K, Quito, Ecuador <\/p>\n<p><strong>PREMIOS Y RECONOCIMIENTOS<\/strong><\/p>\n<p>2024 Overall Rank 1, International Art contest, Talentila Foundation, Hisar, India.<br \/>\n2023 Premiazione alla Carriera, Associazione Culturale Narda Martinez Pittrice, Varese, Italia.<br \/>\n          *Validaci\u00f3n de Trayectoria Profesional, Universidad de las Artes, Guayaquil.<br \/>\n          *Reconocimiento a la Trayectoria Art\u00edstica, Galer\u00eda Kingman, Quito.<br \/>\n2022 Reconocimiento a la Trayectoria Art\u00edstica, Instituto de Altos Estudios Nacionales, La<br \/>\n          Universidad de Posgrado del Ecuador.<br \/>\n2021 Reconocimiento a la Trayectoria, Consulado del Ecuador, Los \u00c1ngeles, EE. UU.<br \/>\n          *Reconocimiento a la Trayectoria Art\u00edstica, Centro Cultural Metropolitano, Quito.<br \/>\n2020 Condecoraci\u00f3n: Doctor Vicente Rocafuerte, al M\u00e9rito Cultural Asamblea Nacional de la Rep\u00fablica del Ecuador.<br \/>\n          *Aval de la Casa de la Cultura Ecuatoriana \u201cBenjam\u00edn Carri\u00f3n\u201d, Quito.<br \/>\n2019 Reconocimiento a la Trayectoria, Ministerio de Cultura y Patrimonio del Ecuador<br \/>\n2018 Reconocimiento a la Trayectoria Art\u00edstica, Fundaci\u00f3n Guayasam\u00edn, Quito.<br \/>\n          *Reconocimiento a la Trayectoria Art\u00edstica, Centro Cultural PUCE, Quito.<br \/>\n          *Reconocimiento a la Trayectoria Art\u00edstica, Kunstraum Artescena, Leipzig, Deutschland.<br \/>\n          *Reconocimiento a la Trayectoria Art\u00edstica, Galer\u00eda Sara Palacios, Nay\u00f3n, Ecuador.<br \/>\n          *Reconocimiento a la Trayectoria Art\u00edstica, Asociaci\u00f3n Humboldt, Quito.<br \/>\n          *Reconocimiento a la Trayectoria Art\u00edstica, Fundaci\u00f3n Fidal, Quito.<br \/>\n2016 Men\u00e7\u00e3o Honrosa, 1\u00b0 Sal\u00e3o Pan-amaz\u00f3nico de Artes, Manaus, Brazil.<br \/>\n1996 Menci\u00f3n Especial, V Bienal Internacional de Pintura, Cuenca.<br \/>\n1995 Primer Premio en Pintura, Concurso Nacional de Pintura \u201cMariano Aguilera\u201d, Quito.<br \/>\n1991 Primer Premio en Pintura, Primera Muestra Nacional de Arte juvenil, Ministerio de<br \/>\n          Bienestar Social, Subsecretar\u00eda de Cultura y Direcci\u00f3n Nacional de la Juventud, Quito.<br \/>\n          *Menci\u00f3n de Honor XVIII Concurso Nacional de Grabado, Municipio de Quito.<br \/>\n1990 Menci\u00f3n de Honor, Concurso Nacional de Grabado, Casa de la Cultura Ecuatoriana<br \/>\n1988 Segundo Premio XV Concurso Nacional de Grabado, Municipio de Quito.<br \/>\n          *Primer premio, concurso de pintura, Colegio de Artes Pl\u00e1sticas, Universidad Central, Quito.<br \/>\n1987 Menci\u00f3n de Honor, XLV Concurso Nacional de Grabado, Municipio de Quito.<\/p>\n<p><strong>EXPOSICIONES INDIVIDUALES<\/strong><\/p>\n<p>2025 \u201cSagrado\u201d, Fundaci\u00f3n Antonio Romoleroux, Quito<br \/>\n2023 \u201cBiof\u00edlico\u201d con Chaquira y Yaku Romoleroux, Centro Cultural PUCE, Quito<br \/>\n2021 \u201cEl mensaje de las modelos a la humanidad\u201d, Kunstraum Artescena, Leipzig, Deutschland<br \/>\n          \u201cAmazon\u00eda, reserva mundial de la Bi\u00f3sfera\u201d, Instituto de Altos Estudios Nacionales, La<br \/>\n          Universidad de Posgrado del Ecuador<br \/>\n2020 \u201cMaterializaci\u00f3n del Esp\u00edritu\u201d, Casa de la Cultura Ecuatoriana Benjam\u00edn Carri\u00f3n<br \/>\n2019 \u201cEl mensaje de las modelos a la humanidad\u201d, Sala Goethe, Asociaci\u00f3n Humboldt, Quito<br \/>\n          \u201cEl poder para transformar el mundo\u201d, Instituto de Altos Estudios Nacionales, La<br \/>\n           Universidad de Posgrado del Ecuador<br \/>\n2018 \u201cAntonio Romoleroux, Antolog\u00eda\u201d, Centro Cultural PUCE, Quito<br \/>\n2015 \u201cDass Bewusste Ich\u201d, Embajada de Ecuador en Alemania, Berl\u00edn<br \/>\n          \u201cEl Yo consciente\u201d, Sala Goethe, Asociaci\u00f3n Humboldt, Quito<br \/>\n2014 \u201cI love myself\u201d, Kunstraum artescena, Leipzig, Deutschland<br \/>\n2013 \u201cInternational Engraving Festival Impress 13\u201d, Museum in the Park, Stroud, UK<br \/>\n          \u201cAntonio Romoleroux, intaglios\u201d, Little Buckland Gallery, Stroud, United Kingdom<br \/>\n          \u201cHija de Lilith\u201d, Galer\u00eda Sara Palacios, Nay\u00f3n<br \/>\n          \u201cMi esencia en tus sentidos\u201d, Galer\u00eda Sara Palacios, Nay\u00f3n<br \/>\n2012 \u201cNaturaleza Sagrada\u201d, Galer\u00eda Cienfuegos, Quito<br \/>\n2011 \u201cAntonio Romoleroux\u201d, Galerie Les Alli\u00e9s, Lausanne, Suisse<br \/>\n2010 \u201cAntonio Romoleroux\u201d, Queens Art Museum, New York, USA<br \/>\n          \u201cAntonio Romoleroux\u201d, Centro Cultural Ecuatoriano Americano, New York, USA<br \/>\n          \u201cArte en primavera\u201d, Galer\u00eda Codelco, Santiago de Chile<br \/>\n2009 \u201cEl yo es esp\u00edritu\u201d, Instituto Cultural de Providencia, Santiago de Chile<br \/>\n\u201cLa Naturaleza es Sagrada y los seres humanos tambi\u00e9n\u201d, Ministerio de Cultura y   Patrimonio del Ecuador<br \/>\n          \u201cAntonio Romoleroux\u201d, Galer\u00eda Ecuador, Quito<br \/>\n          \u201cAmazon\u00eda y Spondylus\u201d, Ocres Design, Quito<br \/>\n2007 \u201c\u00bfQu\u00e9 Devolvemos a la Naturaleza?\u201d, Centro Cultural Metropolitano, Quito<br \/>\n2006 \u201cObra Reciente\u201d, Ethnos Design, Quito<br \/>\n2005 \u201cAgua Diamantina\u201d, Galer\u00eda en Movimiento, Quito<br \/>\n2004 \u201cMandalas del Yag\u00e9\u201d, Galer\u00eda en Movimiento, Quito<br \/>\n2003 \u201cDespertar\u201d, Galer\u00eda Gonz\u00e1lez Guzm\u00e1n, Quito<br \/>\n2002 \u201cExposici\u00f3n del Retorno\u201d, Consejo Provincial, Ibarra<br \/>\n2001 \u201cAntonio Romoleroux\u201d, Ocho y Medio, Quito<br \/>\n2000 \u201cTemer-Poder\u201d, Posada de las Artes Kingman, Quito<br \/>\n1999 \u201cPapel y metal\u201d, Galer\u00eda Artespacio, Cumbay\u00e1<br \/>\n1998 \u201cVer a tus ojos Ver\u201d, Museo del Banco Central de Guayaquil<br \/>\n1997 \u201cVer a tus ojos Ver\u201d, Museos del Banco Central de Cuenca Y Loja<br \/>\n1996 \u201cGanadores Sal\u00f3n Mariano Aguilera\u201d, Museo Alberto Mena Caama\u00f1o, Quito<br \/>\n          \u201cObra Reciente\u201d, Galer\u00eda Art-Forvm, Quito<br \/>\n1994 \u201cCulturas Amaz\u00f3nicas del Ecuador\u201d, Galer\u00eda Art-Forvm, Quito<br \/>\n1993 \u201cAntonio Romoleroux\u201d, Proyecto Ecuador-Canad\u00e1, Quebec, Canad\u00e1<br \/>\n          \u201cAntonio Romoleroux\u201d, British Council, Quito<br \/>\n1992 \u201cPinturas\u201d, Galer\u00eda S\u00edmbolos, Quito<br \/>\n1989 \u201cGrabados\u201d, Galer\u00eda T\u00fa y Yo, Quito<\/p>\n<p><strong>EXPOSICIONES COLECTIVAS<\/strong><\/p>\n<p>2025 \u201cReserva de Arte Alberto Mena Caama\u00f1o\u201d, Centro de Arte Contempor\u00e1neo, Quito<br \/>\n\u201cCelebraciones Navide\u00f1as\u201d, Arte para el mundo, Paraguay<br \/>\n\u201cArtisticidad 3\u201d, Galer\u00eda Sara Palacios, Nay\u00f3n, Ecuador<br \/>\n\u201cOctubre Rosa\u201d, Arte para el mundo, Paraguay<br \/>\n \u201cDesnudos\u201d CUCBA, Museo virtual Carlos S\u00e1nchez<br \/>\n\u201cAutorretratos\u201d CUCBA, Museo virtual Carlos S\u00e1nchez<br \/>\n          \u201cThe International Virtual Art Exhibition\u201d, Egyp-Ecuador, The Niler for Art &#038; Culture<br \/>\n          \u201cSubasta para el primer Ecomuseo biblioteca\u201d, sala Buenaventura, Fundaci\u00f3n Fidal, Quito<br \/>\n\u201cNo a la Desaparici\u00f3n Forzada\u201d, SDGs Hitma Art For Pace<br \/>\n          \u201cInternational women\u00b4s day\u201d, Talentila Foundation, Hisar, India<br \/>\n\u201cExposici\u00f3n internacional de arte\u201d, galer\u00eda Nicol\u00e1s Roerich, Naggar, Kullu, Manal\u00ed, India<br \/>\n2024 \u201cAves y Flores\u201d, CUCBA, Carlos S\u00e1nchez Gallery<br \/>\n          \u201cBodegones\u201d, CUCBA, Carlos S\u00e1nchez Gallery, M\u00e9xico<br \/>\n          \u201cFree Palestine\u201d, The reflection of arts, Rawalpindi, Pakist\u00e1n<br \/>\n          \u201cinvierno en Santa Cruz\u201d, Perito Moreno, Argentina<br \/>\n          International online Art contest, Talentila Foundation, Hisar, India<br \/>\n          \u201cInternational Art Exhibition\u201d Academy of Arts Prabal Pramanik\u2019s Bhamlada, India<br \/>\n          \u201cExposici\u00f3n Internacional Pict\u00f3rico Po\u00e9tico CUCBA\u201d, Asunci\u00f3n, Paraguay<br \/>\n          \u201cConsorcio Universal de la Ciencia y las Bellas Artes\u201d, marzo<br \/>\n          \u201cEcuadorian art\u201d La Nacional, Spanish Benevolent Society, New York, USA<br \/>\n          \u201cConsorcio Universal de la Ciencia y las Bellas Artes\u201d, febrero<br \/>\n          \u201c3er Encuentro Internacional de Arte\u201d, CDMX, M\u00e9xico<br \/>\n          \u201cCueva de las manos\u201d Perito Moreno, Argentina<br \/>\n          \u201cConsorcio Universal de la Ciencia y las Bellas Artes\u201d, enero<br \/>\n2023 papel de abac\u00e1 con cobre, galer\u00eda 1913. io Calgary, Canad\u00e1<br \/>\n     Subasta en favor de Rosy Revelo, Art House, Quito<br \/>\n     \u201cArtisticidad 2\u201d, Galer\u00eda Sara Palacios, Nay\u00f3n, Ecuador<br \/>\n2022 \u201cArt collection of the Sarmiento-Archer Foundation\u201d, The Uni\u00f3n City Museum of Art, New<br \/>\n           Jersey, USA<br \/>\n          \u201cTribute to the poet Miguel Hern\u00e1ndez\u201d, La Nacional Develop Spanish Society, New York<br \/>\n          \u201cEcuadorian artists\u201d, La Nacional Spanish Benevolent Society, Nueva York, EE. UU.<br \/>\n          \u201cAmazon\u00eda e interculturalidad\u201d, UTPL, Loja<br \/>\n          subasta \u201cAlas para Ecuador\u201d, lucha contra el Covid 19, Embajada del Ecuador en<br \/>\n          Washington, EE. UU.<br \/>\n2021 \u201cBeyond the Borders\u201d, Fantapia Museum, Republic of Korea<br \/>\n          \u201cTransiciones: Mariano Aguilera\u201d, Centro de Arte Contempor\u00e1neo, Quito<br \/>\n          \u201cComp-arte\u201d, Casa de la Cultura de Cotopaxi<br \/>\n          \u201cAmazon\u00eda\u201d, Galer\u00eda Sara Palacios, Nay\u00f3n<br \/>\n          \u201cNuestros pinceles\u201d, Alcald\u00eda de Babahoyo<br \/>\n          \u201cArt and Beyond\u201d, Virtual Exhibition, Philippines and Ecuador<br \/>\n          \u201cArtisticidad\u201d, Galer\u00eda Sara Palacios, Nay\u00f3n<br \/>\n          \u201cElixir\u201d, Siria<br \/>\n          \u201cLotus Libia\u201d, Libia<br \/>\n          \u201cArt and Beyond\u201d Collaboration Between Philippines and Ecuador<br \/>\n          \u201cArt in the source of life\u201d Nada Fine Arts<br \/>\n2020 dibujo, galer\u00eda virtual ArteLatam<br \/>\n          dibujo, Asamblea Nacional del Ecuador, Quito<br \/>\n          dibujo, galer\u00eda virtual Artevivo<br \/>\n          grabado, galer\u00eda Tullpukuna, Ecuador<br \/>\n          subasta en favor de ni\u00f1as abusadas, Fedex Ecuador<br \/>\n2019 pintura en vivo, Worktech, Ekopark, Quito<br \/>\n2018 \u201cHomenaje a la Dra. In\u00e9s Flores\u201d, Casa de la Cultura Ecuatoriana, Ibarra<br \/>\npintura, galer\u00eda \u201cPatio del Arupo\u201d, Quito<br \/>\n          pintura, Atuczara taller galer\u00eda, Quito<br \/>\n2017 \u201cSinf\u00edn\u201d, proyecto intergeneracional, Galer\u00eda Pentasiete, Cumbaya<br \/>\n          \u201cArte a gran Escala\u201d, Escala Shoping, Cumbay\u00e1<br \/>\n2016 \u201c1\u00b0 Sal\u00e3o Pan-amaz\u00f3nico de Artes, Manaus, Brazil<br \/>\n          subasta v\u00edctimas del terremoto en Ecuador, Teatro Nacional Sucre, Quito<br \/>\n2015 \u201cEcuador ama la vida\u201d, Unasur, Quito<br \/>\n          subasta en favor de ni\u00f1as abusadas, Puembo, Ecuador<br \/>\n          \u201cEcuador ama la vida\u201d, Veracruz, M\u00e9xico<br \/>\n2014 \u201cArte Latinoamericano\u201d, El Refugio Leipzig, Deutschland<br \/>\n2013 \u201cPrimera Exposi\u00e7\u00e3o Internacional Pan-Amaz\u00f4nica\u201d, Manaus, Brasil<br \/>\n          Engraving, Royal Gloucester Hospital, Gloucestershire, UK<br \/>\n          \u201cQuito Jard\u00edn de Quindes\u201d bulevar avenida Naciones Unidas, Quito<br \/>\n          sal\u00f3n nacional de pintura Luis A. Mart\u00ednez, Ambato<br \/>\n2012 \u201cDe la m\u00e1scara al espejo\u201d, Centro Cultural Metropolitano, Quito<br \/>\n          dibujo y pintura, galer\u00eda virtual Artavita<br \/>\n          papel con cobre, Imaginar galer\u00eda, Quito<br \/>\n2011 primer Encuentro de Creadores \u201cVisiones Urbanas 2011\u201d Centro Cultural<br \/>\nBenjam\u00edn Carri\u00f3n, Quito<br \/>\n          pintura, galer\u00eda virtual Artelista<br \/>\n2010 \u201cMariano Retro\u201d, Centro de Arte Contempor\u00e1neo, Quito<br \/>\n          papel con cobre, galer\u00eda La Sala, Santiago de Chile<br \/>\n2009 papel con cobre, Hotel Hilton Colon, Quito<br \/>\n          dibujo, galer\u00eda Cienfuegos, Quito<br \/>\n2008 papel con cobre, Ocres Design, Quito<br \/>\n          grabado, museo Mindalae, Quito<br \/>\n2007 \u201cPaisajes\u201d, Centro Cultural Artes, Quito<br \/>\n          sal\u00f3n nacional Mariano Aguilera (Des) Figuraciones, CCM, Quito<br \/>\n          primer Sal\u00f3n Nacional de Pintura, Azogues<br \/>\n          sal\u00f3n Luis A. Mart\u00ednez, Ambato<br \/>\n          papel con cobre, galer\u00eda Pedro Eljuri, Quito<br \/>\n2006 grabado, Centro Cultural Tianguez, Quito<br \/>\n          papel con cobre, Ethnos Design, Quito<br \/>\n2005 \u201cVerde Viento Verdes Ramas\u201d, Centro Cultural Itchimbia, Quito<br \/>\n          papel con cobre, galer\u00eda Gogh, Quito<br \/>\n          Pintura, galer\u00eda Pomaire, Quito<br \/>\n2004 dibujo y pintura \u201cChiva Cultural\u201d, Quito<br \/>\n          \u201cLongo manso\u201d galer\u00eda Mirarte, Quito<br \/>\n          pintura, galer\u00eda Marsuarte, Quito<br \/>\n2003 \u201cPintores por la Paz\u201d, Galer\u00eda Mirarte, Quito<br \/>\n          sal\u00f3n nacional Mariano Aguilera, La Libertad del Artista, CCM, Quito<br \/>\n          \u201cFeria de arte\u201d, Embajada de los Estados Unidos, Quito<br \/>\n2002 \u201cMemoria y Actualidad\u201d, Centro Cultural PUCE, Quito<br \/>\n          II Sal\u00f3n Nacional de Dibujo, Grafica Y Acuarela, CCM, Quito<br \/>\n          \u201cII Exposici\u00f3n Internacional de Pintura\u201d, Municipio de Azogues, Ecuador<br \/>\n          \u201cprimera exposici\u00f3n de arte er\u00f3tico\u201d, Quito<br \/>\n2001 \u201cConstruyendo la Paz a trav\u00e9s del Desarrollo Sostenible\u201d, UPS, Quito<br \/>\n          I Sal\u00f3n Nacional de Dibujo, Grafica Y Acuarela, CCM, Quito<br \/>\n          subasta v\u00edctima de c\u00e1ncer, Centro de Arte Viteri, Quito<br \/>\n2000 \u201cCoirrupci\u00f3n\u201d, Teatro Nacional de la Casa de la Cultura Ecuatoriana, Quito<br \/>\n          papel con cobre, galer\u00eda La Galer\u00eda, Quito<br \/>\n1999 \u201cFestival of the Arts\u201d, Gaithesburg, Meriland, USA<br \/>\n          \u201cArte 100\u201d, Casa de la Cultura Ecuatoriana, Quito<br \/>\n1998 \u201c\u00danico en su G\u00e9nero\u201d, Fundaci\u00f3n For To Day Arts Nexus, Filadelphia, Estados Unidos<br \/>\n           \u201cAntonio Romoleroux\u201d, Centro Cultural El Taxo, Quito<br \/>\n1997 \u201cArte en papel\u201d, Art-Forvm, Quito<br \/>\n          \u201cHomenaje a Jorge Luis Borges\u201d, Mr. Books, Quito<br \/>\n          primer Sal\u00f3n Nacional de Pintura, Azogues<br \/>\n          sal\u00f3n Luis A. Mart\u00ednez, Ambato<br \/>\n1996 \u201cSensibilizaci\u00f3n del Sida\u201d, Posada de las Artes Kingman, Quito<br \/>\n          \u201cPapel y papel, Arte Latinoamericano\u201d, Banco Central de Quito, Guayaquil Cuenca y Manta<br \/>\n          \u201cLa Desmaterializaci\u00f3n del Arte en el fin del milenio\u201d, Casa de la Cultura Ecuatoriana, Quito<br \/>\n          \u201cPremio Paris\u201d, Alianza francesa, Quito<br \/>\n1995 papel con cobre, galer\u00eda Art-Forvm, Quito<br \/>\n          concurso nacional de Pintura Mariano Aguilera, Quito<br \/>\n          XXLL concurso nacional de Dibujo, Grabado y Acuarela, Municipio de Quito<br \/>\n1994 \u201cVisi\u00f3n Panor\u00e1mica del Grabado\u201d, Casa de la Cultura Ecuatoriana, Quito<br \/>\n          XXL concurso nacional de Dibujo, Grabado y Acuarela, Municipio de Quito<br \/>\n          concurso nacional de Pintura Mariano Aguilera, Quito<br \/>\n          sal\u00f3n Luis A. Mart\u00ednez, Ambato<br \/>\n          sal\u00f3n de Julio, Guayaquil<br \/>\n          papel con cobre, galer\u00eda CDX, Quito<br \/>\n          \u201cCarpeta de Serigraf\u00edas\u201d, Consejo Brit\u00e1nico, Quito<br \/>\n1993 pintura, galer\u00eda \u201cCarri\u00f3n Vivar\u201d, Bogot\u00e1, Colombia<br \/>\n          concurso nacional de Pintura Mariano Aguilera, Quito<br \/>\n          concurso nacional de Escultura Mariano Aguilera, Quito<br \/>\n          grabado, sala Manuel Rend\u00f3n Seminario, Casa de la Cultura Ecuatoriana, Quito<br \/>\n1992 sal\u00f3n nacional de Pintura Mariano Aguilera, Quito<br \/>\n          pintura, sala de Arte Contempor\u00e1neo, Quito<br \/>\n          pintura, galer\u00eda Sosa Larrea, Quito<br \/>\n          pintura, parque El Ejido, Quito<br \/>\n1991 \u201cSemana del Ecuador\u201d, La Paz- Bolivia<br \/>\n          grabado, Agencia de Cooperaci\u00f3n Espa\u00f1ola, Madrid, Espa\u00f1a<br \/>\n          primera Muestra de Arte Juvenil, Quito<br \/>\n          XVLL Concurso Nacional de Grabado, Municipio de Quito<br \/>\n          concurso Nacional de Pintura Mariano Aguilera, Quito<br \/>\n          pintura, Casa de la Cultura Ecuatoriana, Ambato, Ecuador<br \/>\n          m\u00e1scaras, Instituto Andino de Artes Populares del convenio Andr\u00e9s Bello, Quito<br \/>\n1990 concurso nacional de Grabado, Casa de la Cultura Ecuatoriana, Quito<br \/>\n          concurso nacional de Escultura, Casa de la Cultura Ecuatoriana, Quito<br \/>\n          dibujo y pintura, galer\u00eda Punto X, Quito, Ecuador<br \/>\n          dibujo y pintura, plaza Churchill, Quito<br \/>\n          performance \u201cel d\u00eda del trueque\u201d parque El Ejido, Quito<br \/>\n          pintura y grabado, parque La Carolina, Quito<br \/>\n1989 sal\u00f3n de octubre, Guayaquil<br \/>\n          concurso nacional de Pintura, Universidad Central del Ecuador, Quito<br \/>\n          pintura, edificio Las C\u00e1maras, Quito<br \/>\n          performance \u201cconsumo consciente\u201d, Plaza Grande, Quito<br \/>\n          \u201cEscultura\u201d, Colegio de Artes Pl\u00e1sticas, Universidad Central del Ecuador<br \/>\n1988 grabado, Taller Grafi-K, Quito<br \/>\n          XV Concurso nacional de Dibujo, Tempera y Grabado, Municipio de Quito<br \/>\n          concurso de Pintura, Colegio de Artes Pl\u00e1sticas, Universidad Central, Quito<br \/>\n1987 \u201cGrabados\u201d, Centro Cultural San Sebasti\u00e1n, Quito<br \/>\n          XLV Concurso nacional de Dibujo, Tempera y Grabado, Municipio de Quito<br \/>\n1986 \u201cDibujo\u201d, Colegio de Artes Pl\u00e1sticas, Universidad Central del Ecuador, Quito<\/p>\n<p><strong>BIENALES<\/strong><\/p>\n<p>2025 \u201cTercera Bienal Internacional de Arte\u201d, Panam\u00e1, Panam\u00e1<br \/>\n2025 \u201cBienal Internacional Cueva de las Manos\u201d, Perito Moreno, Argentina<br \/>\n2023 \u201cSegunda Bienal Internacional de Arte\u201d, Panam\u00e1, Panam\u00e1<br \/>\n2021 \u201cPrimera Bienal Internacional de Arte\u201d, Panam\u00e1, Panam\u00e1<br \/>\n2001 VII Bienal de Cuenca, Sal\u00f3n Nacional de Arte, Globalizaci\u00f3n, Nomadismo, Identidad<br \/>\n1999 3rd Egyptian International Print Triennale<br \/>\n1996 V Bienal Internacional de Pintura de Cuenca<br \/>\n1994\u201cTroisi\u00e8me Triennale Mondiale D&#8217;estampes\u201d, Chamali\u00e8res, France<\/p>\n<p><strong>COLECCIONES <\/p>\n<p><em>MUSEOS<\/em><\/strong><\/p>\n<p>Fantapia Museum, Republic of Korea<br \/>\nMuseo Nacional, MuNA, Ecuador<br \/>\nMuseo Banco Central, Ecuador<br \/>\nMuseo Casa de la Cultura Ecuatoriana Benjam\u00edn Carri\u00f3n<\/p>\n<p><em><strong>GALER\u00cdAS<\/strong><\/em><\/p>\n<p>Galer\u00eda 1913.io, Calgary, Canad\u00e1<br \/>\nGaler\u00eda Sara Palacios, Nay\u00f3n, Ecuador<br \/>\nGaler\u00eda Pentasiete Art Estudio, Cumbay\u00e1, Ecuador<br \/>\nGaler\u00eda Tullpukuna, Quito, Ecuador<br \/>\nGaler\u00eda Ecuador, Quito<br \/>\nGaler\u00eda en Movimiento, Quito, Ecuador<br \/>\nGaler\u00eda CDX, Quito, Ecuador<br \/>\nGaler\u00eda Mirarte, Quito, Ecuador<br \/>\nGaler\u00eda Latina, Quito, Ecuador<br \/>\nGaler\u00eda Art-Forvm, Quito, Ecuador<br \/>\nGaler\u00eda Sala de Arte Contempor\u00e1neo, Quito, Ecuador<\/p>\n<p><strong><em>CENTROS CULTURALES<\/em><\/strong><\/p>\n<p>Kumstraum Artescena, Leipzig, Deutschland<br \/>\nInstituto Cultural Providencia, Santiago, Chile<br \/>\nGloucestershire printmaking co-operative, Stroud, United Kingdom<br \/>\nTroisi\u00e8me Triennale Mondiale D&#8217;estampes\u201d, Chamali\u00e8res, France<br \/>\nCentro Cultural Metropolitano, Quito, Ecuador<br \/>\nCentro de Arte Contempor\u00e1neo, Quito, Ecuador<br \/>\nCentro Cultural de la Pontificia Universidad Cat\u00f3lica del Ecuador, Quito, Ecuador<br \/>\nCentro Cultural Trude Sojka, Quito, Ecuador<\/p>\n<p><em><strong>FUNDACIONES<\/strong><\/em><\/p>\n<p>Fundaci\u00f3n Sarmiento-Archer, New York, USA<br \/>\nFundaci\u00f3n Luciano Benetton, Ojo Latino Collection, Italy<br \/>\nFundaci\u00f3n Luciano Benetton, Ecuador: Light of Time, Contemporany Artists from Ecuador Collection, Italy<br \/>\nFoundation for todays, Art Nexus, Filadelfia, USA<br \/>\nFundaci\u00f3n Guayasam\u00edn, Quito, Ecuador<br \/>\nFundaci\u00f3n Pedro Moncayo, Ibarra, Ecuador<br \/>\nFundaci\u00f3n Fidal, Quito, Ecuador<br \/>\nFundaci\u00f3n Indi-go Ecuador<br \/>\nFundaci\u00f3n Ponte en mi Piel, Quito, Ecuador<br \/>\nFundaci\u00f3n Salpa, Quito, Ecuador<br \/>\nFundaci\u00f3n Estamper\u00eda Quite\u00f1a, Quito, Ecuador<br \/>\nFundaci\u00f3n Mente libre manos libres, Quito, Ecuador<br \/>\nFundaci\u00f3n Sinchi Sacha, Quito, Ecuador<br \/>\nFundaci\u00f3n Edgar Palacios, Quito, Ecuador<br \/>\nFundaci\u00f3n Arriba el Tel\u00f3n, Ambato, Ecuador<\/p>\n<p><strong><em>INSTITUCIONES<\/em><\/strong><\/p>\n<p>Banco Central del Ecuador<br \/>\nBanco Pichincha, Quito, Ecuador<br \/>\nBanco Atl\u00e1ntico, Quito, Ecuador<br \/>\nDiners Club, Quito, Ecuador<br \/>\nConsejo Provincial de Pichincha, Ecuador<br \/>\nFonsal, Quito, Ecuador<br \/>\nINPC, Quito, Ecuador<br \/>\nDinediciones S. A. Quito, Ecuador<br \/>\nMercaqu\u00edmicos S.A., Quito y Guayaquil, Ecuador<br \/>\nKleintours, Gal\u00e1pagos, Ecuador<br \/>\nContract Workplaces, Quito, Ecuador<br \/>\nJersey, Quito, Ecuador<br \/>\nFlores House Group, Quito, Ecuador<br \/>\nGrupo Futuro, Quito, Ecuador<br \/>\nMetropolitan Touring, Gal\u00e1pagos, Ecuador<br \/>\nEthnos Desing, Quito, Ecuador<br \/>\nBoConcept, Quito, Ecuador<br \/>\nSpaghetti, Quito, Ecuador<br \/>\nOcres Desing, Quito, Ecuador<br \/>\nTodarquitectura, Quito, Ecuador<br \/>\nFerrero del Ecuador, Quito<br \/>\nCTC Consultores, Quito, Ecuador<br \/>\nUniversidad Polit\u00e9cnica Salesiana, Quito, Ecuador<br \/>\nCentro Comercial I\u00f1aquito, Quito, Ecuador<br \/>\nMr. Books, Quito, Ecuador<br \/>\nRadio \u201cLa Luna\u201d, Quito, Ecuador<br \/>\nAH editorial, Quito, Ecuador<br \/>\nProyecto Ecuador-Canad\u00e1, Quebec, Canad\u00e1<br \/>\nUniversidad T\u00e9cnica de Ambato, Ecuador<\/p>\n<p><strong>MURALES<\/strong><\/p>\n<p>2004 \u201cUnidad Educativa Particular Atenas School\u201d, Quito<br \/>\n1997 residencia de la se\u00f1ora Gill Christie, Nay\u00f3n<br \/>\n1995 \u201cFundaci\u00f3n Edgar Palacios\u201d, Quito<br \/>\n1994 \u201cFundaci\u00f3n Edgar Palacios\u201d, Quito <\/p>\n<p><strong>LIBROS PUBLICADOS<\/strong><\/p>\n<p>2018 \u201cAntonio Romoleroux\u201d<br \/>\nCentro de Publicaciones de la PUCE<br \/>\nISBN: 978-9942-30-547-3<br \/>\n\u00a9Antonio Romoleroux<br \/>\n116 p\u00e1ginas<\/p>\n<p>2015 \u201cEl yo consciente\u201d<br \/>\nISBN 978-9942-20-916-0<br \/>\n\u00a9Antonio Romoleroux<br \/>\n                                                                                                                                       44 p\u00e1ginas<\/p>\n<p>2007 \u201cAntonio Romoleroux\u201d<br \/>\nISBN -978-9942-01-342-2<br \/>\n\u00a9Antonio Romoleroux<br \/>\n                                                                                                                                     116 p\u00e1ginas<\/p>\n<p><strong>BIBLIOGRAF\u00cdA<\/strong><\/p>\n<p><em><strong>ACAD\u00c9MICOS<\/strong><\/em><\/p>\n<p>2022 \u201cMinisterio de Educaci\u00f3n, Antonio Romoleroux: Amazon\u00eda\u201d, www. recursos.educacion.gob.ec<br \/>\n2021 \u201cUniversidades\u201d #88, UDUAL, www.udualerreu.org<br \/>\n2020 \u201cEstado y Comunes\u201d #10, Revista de pol\u00edticas y problemas p\u00fablicos, IAEN<br \/>\n2008 \u201cRevista acad\u00e9mica Alteridad\u201d #4, Universidad Polit\u00e9cnica Salesiana, Ecuador<\/p>\n<p><em><strong>LIBROS<\/strong><\/em><\/p>\n<p>2025 \u201cAntonio Romoleroux, Arte contempor\u00e1neo en conjunci\u00f3n con la herencia de los antiguos pobladores\u201d Dra. Silvia Brun<br \/>\n2024 \u201cAntonio Romoleroux: el latido de los contrarios\u201d, Sonia Kreamer PhD<br \/>\n2018 \u201cAntonio Romoleroux\u201d, \u201cAntonio Romoleroux y sus b\u00fasquedas\u201d, Dr. Marco Antonio Rodr\u00edguez<br \/>\n2017 Ecuador: Light of Time, Contemporany Artists from Ecuador, Imago Mundi, Luciano Benetton Collection<br \/>\n2015 \u201cEl yo consciente &#8211; The conscious self\u201d, Antonio Romoleroux<br \/>\n2012 \u201cColecci\u00f3n Ojo Latino\u201d, Luciano Benetton Collection, Skira<br \/>\n2011 \u201cMariano Retro\u201d, Centro de Arte contempor\u00e1neo, Lenin O\u00f1a<br \/>\n2010 \u201cCentro Cultural Metropolitano\u201d, ediciones Librimundi<br \/>\n2007 \u201cAntonio Romoleroux\u201d, \u201cLa obra de Antonio Romoleroux\u201d, Dra. In\u00e9s Flores<br \/>\n1997 \u201cNuevo Diccionario Cr\u00edtico de Artistas Pl\u00e1sticos del Ecuador siglo XX\u201d, Hern\u00e1n Rodr\u00edguez Castelo<br \/>\n1996 \u201cArtistas Pl\u00e1sticos del Ecuador\u201d Ministerio de Relaciones Exteriores, Dra. In\u00e9s Flores<br \/>\n1996 \u201cNuevos 100 Artistas\u201d, Dinediciones, Pablo Cuvi, Lenin O\u00f1a<br \/>\n1991 \u201cDiccionario Cr\u00edtico de Arte\u201d, Hern\u00e1n Rodr\u00edguez Castelo<\/p>\n<p><em><strong>CAT\u00c1LOGOS<\/strong><\/em><\/p>\n<p>2024 \u00abExposici\u00f3n Virtual &#8211; 25 Aniversario Galer\u00eda Artelibre &#8211; Tomo I\u00bb<br \/>\n2022 \u201cAmazon\u00eda e Interculturalidad\u201d Universidad T\u00e9cnica Particular de Loja<br \/>\n2021 \u201cBeyond the Borders\u201d, Fantapia Museum, Republic of Korea<br \/>\n2019 \u201cEl poder para transformar el mundo\u201d, IAEN, Umart Klert Ghov<br \/>\n2018 \u201cExposici\u00f3n antol\u00f3gica\u201d Centro Cultural PUCE, Hern\u00e1n Pacurucu C.<br \/>\n2013 Impress 13 International Printmaking Festival 2013, Stroud,UK<br \/>\n2015 AQ Arte Feria, Quito<br \/>\n2013 \u201cDel espejo a la m\u00e1scara\u201d, Centro Cultural Metropolitano<br \/>\n2011 \u201cVisiones Urbanas\u201d, Centro Cultural Benjam\u00edn Carri\u00f3n<br \/>\n2008 \u201cDesfiguraciones\u201d, Carlos Rojas<br \/>\n2003 \u201cLa Libertad del Artista\u201d, sal\u00f3n Mariano Aguilera, Lenin O\u00f1a<br \/>\n2001 \u201cGlobalizaci\u00f3n, Nomadismo, Identidad\u201d, Sal\u00f3n Nacional de Arte, VII Bienal de Cuenca<br \/>\n2000 \u201cArte 100\u201d, Roque Sevilla, Dra. In\u00e9s Flores<br \/>\n          \u201cCoirrupci\u00f3n\u201d, CCE<br \/>\n1999 \u201cArte 100\u201d, Dra. In\u00e9s Flores<br \/>\n1997 \u201cVer a Tus Ojos Ver\u201d, Banco Central del Ecuador<br \/>\n1996 V Bienal Internacional de Pintura de Cuenca<br \/>\n          \u201c\u00danico en su g\u00e9nero\u201d, Banco Central del Ecuador<br \/>\n          \u201cPapel y papel\u201d, Banco Central del Ecuador<br \/>\n          \u201cGanadores del Sal\u00f3n Mariano Aguilera\u201d, Hern\u00e1n Rodr\u00edguez Castelo, In\u00e9s Flores, Ra\u00fal P\u00e9rez Torres, Manuel Esteban Mej\u00eda<br \/>\n          \u201cObra reciente\u201d Trinidad P\u00e9rez<br \/>\n1994 \u201cTroisi\u00e8me Triennale Mondiale D&#8217;estampes\u201d, Chamali\u00e8res<\/p>\n<p><em><br \/>\n<strong>PRESENTACIONES DE EXPOSICIONES<\/strong><\/em><\/p>\n<p>2021 \u201cEl mensaje de las modelos a la Humanidad\u201d, Kunstraum artescena, Nuria Silvestre, Leipzig, Alemania<br \/>\n          \u201cEl mensaje de las modelos a la Humanidad\u201d, Kunstraum artescena, Helena Garc\u00eda Moreno, Leipzig, Alemania<br \/>\n2020 \u201cMaterializaci\u00f3n del esp\u00edritu\u201d, Casa de la Cultura Ecuatoriana, Camilo Restrepo<br \/>\n2018 \u201cExposici\u00f3n antol\u00f3gica\u201d Centro Cultural PUCE, Hern\u00e1n Pacurucu C.<br \/>\n2015 Dass Bewusste Ich, Berl\u00edn, Alemania, Alfonso Jurado<br \/>\n2014 \u201cI love myself\u201d, Kunstraum artescena, Helena Garc\u00eda Moreno, Leipzig, Alemania<br \/>\n2013 \u201cHija de Lilith\u201d, Galer\u00eda Sara Palacios, Hern\u00e1n Rodr\u00edguez Castelo<br \/>\n          \u201cMi esencia en tus sentidos\u201d, Galer\u00eda Sara Palacios, Rosal\u00eda Arteaga<br \/>\n2012 \u201cNaturaleza Sagrada\u201d Galer\u00eda Cien Fuegos, Mariana Vaca de Raad<br \/>\n          \u201cNaturaleza Sagrada\u201d Galer\u00eda Cien Fuegos, Nelson Rom\u00e1n<br \/>\n2010 Antonio Romoleroux, Queens Museum, Mar\u00eda Eugenia Avil\u00e9s, New York, USA<br \/>\n         \u201cArte en Primavera\u201d, Codelco, Francisco Borja, Santiago de Chile<br \/>\n2009 \u201cEl yo es esp\u00edritu\u201d Instituto Cultural Providencia, Juan Antonio Bolumburu, Santiago de Chile<br \/>\n2008 \u201cLa naturaleza es sagrada y los seres humanos tambi\u00e9n\u201d Ministerio de Cultura y Patrimonio, Julio Pazos Barrera<br \/>\n2003 \u201cDespertar\u201d, Galer\u00eda Gonz\u00e1lez Guzm\u00e1n, Javier X. Estrella<br \/>\n2000 \u201cTemer-Poder\u201d Posada de las Artes Kingman, Le\u00f3n Espinoza<br \/>\n1999 \u201cPapel y metal\u201d Galer\u00eda Artespacio, Dra. In\u00e9s Flores, Cumbay\u00e1<br \/>\n1996 \u201cObra Reciente\u201d, Galer\u00eda Art-Forvm, Terry Davidson<\/p>\n<p><em><strong>REVISTAS<\/strong><\/em><\/p>\n<p>2024 \u201cArte y Literatura\u201d #4, Asunci\u00f3n, Paraguay<br \/>\n2021 https:\/\/revistamundodiners.com\/mundo-diners-plus\/antonio- romoleroux\/<br \/>\n2018 \u201cRocinante\u201d #115<br \/>\n2007 \u201cEl B\u00faho\u201d #24, Julio Pazos Barrera<br \/>\n2003 \u201cPrivilege\u201d #4, Quito y Guayaquil<br \/>\n2005 \u201cDolce Vita\u201d #14, Buggatti, Francisco X. Estrella<br \/>\n2004 \u201cEl Portal\u201d #12, Ecuador<br \/>\n2000 \u201cMiti Miti\u201d #3, Le\u00f3n Espinoza Ordo\u00f1ez<br \/>\n1999 \u201cDe Primera\u201d #36, Dra. In\u00e9s Flores<br \/>\n1997 \u201cEcuador\u201d, Asociaci\u00f3n de Municipalidades Ecuatorianas, Ministerio de Turismo<br \/>\n1996 \u201cDiners\u201d #170, M\u00f3nica Vorbeck<br \/>\n          \u201cOro Verde Hotels\u201d, Ra\u00fal P\u00e9rez Torres<\/p>\n<p><em><strong>VIDEO<\/strong><\/em><\/p>\n<p>2023 entrevista con Antonio Romoleroux, artista visual, UDUALC TV, www.youtube.com<br \/>\n2022 exposici\u00f3n \u201cAmazon\u00eda, reserva mundial de la Biosfera\u201d de Antonio Romoleroux, IAEN, www.youtube.com<br \/>\n2021 Antonio Romoleroux | Artista Pl\u00e1stico Ecuatoriano | Tullpukuna, www.youtube.com<br \/>\n           Maestro Antonio Romoleroux &#8211; Referente del Arte Visual contempor\u00e1neo del Ecuador | NOTICIERO HORA 18, www.youtube.com<br \/>\n           Antonio Romoleroux, entrevista con Paty Ter\u00e1n, radio Platinum, www.youtube.com<br \/>\n2020 entrevista con Antonio Romoleroux, UDUAL TV, www.youtube.com<br \/>\n2019 Antonio Romoleroux Artista Contempor\u00e1neo Ecuatoriano, Centro Cultural PUCE, www.youtube.com<br \/>\n2018 Antonio Romoleroux Exposici\u00f3n Antol\u00f3gica 1987-2018 Centro Cultural PUCE, www.youtube.com<br \/>\n          Antonio Romoleroux ANTOLOG\u00cdA, www.youtube.com<br \/>\n          Antonio Romoleroux, perfil humano, Facultad de Comunicaci\u00f3n Social, Universidad Central, www.youtube.com<br \/>\n2015 el yo consciente de Antonio Romoleroux video promocional, www.youtube.com<br \/>\n           El yo consciente por Antonio Romoleroux, www.youtube.com<br \/>\n           El Yo consciente de Antonio Romoleroux<br \/>\n           Acuerdo para el Buen Vivir 2T &#8211; \u00bfQu\u00e9 hacer si tu vida no tiene sentido? Cap\u00edtulo 16, www.youtube.com<br \/>\n2013 hija de Lilith exposici\u00f3n de Antonio Romoleroux, www.youtube.com<br \/>\n            Mi esencia en tus sentidos de Antonio Romoleroux, www.youtube.com<\/p>\n<p><em><strong>RADIO<\/strong><\/em><\/p>\n<p>2022 entrevista con Luis Supliguicha, \u201cLa vida en positivo\u201d, radio cat\u00f3lica<br \/>\n2021 entrevista con Paty Ter\u00e1n, \u201cDetr\u00e1s del personaje\u201d, radio Platinum<br \/>\n          entrevista con Freddy Pe\u00f1afiel, \u201cRompecabezas\u201d, radio La calle<br \/>\n          entrevista con Amapola Naranjo, \u201cArte y Cultura\u201d, radio la calle<br \/>\n          entrevista a con Diego Males, Zona Cultura, radio CCE<br \/>\n2020 entrevista a Antonio Romoleroux, Vis a Vis, radio Spazio<br \/>\n          entrevista a Antonio Romoleroux, Arte y Resiliencia, Wambra radio<br \/>\n          entrevista a Antonio Romoleroux, arte y resiliencia, \u201cmegafonojoven\u201d, radio CCE<br \/>\n2019 entrevista con Pablo Salgado, \u201cLa noche boca arriba\u201d, radio Pichincha<br \/>\n2018 entrevista con Diego Oquendo S\u00e1nchez, \u201cEncuentro\u201d, radio Visi\u00f3n<br \/>\n          entrevista con Ramiro Diez, \u201cCon cierto sentido\u201d, radio Sucesos<br \/>\n2012 entrevista con Rosal\u00eda Arteaga, \u201cCara a Cara con Rosal\u00eda\u201d, radio Mar\u00eda<br \/>\n2007 entrevista con Diego Oquendo S\u00e1nchez, \u201cEncuentro\u201d, radio Visi\u00f3n<br \/>\n          entrevista con Ramiro Diez, \u201cCon cierto sentido\u201d, radio Sucesos<br \/>\n          entrevista con Yumak Ortiz, \u201cManos H\u00e1biles\u201d Radio La Luna<br \/>\n2003 entrevista con Pablo Salgado, \u201cLa noche boca arriba\u201d, radio Pichincha<br \/>\n2000 entrevista con Ramiro Diez, \u201cCon cierto sentido\u201d, radio Sucesos<br \/>\n          entrevista con Alicia Crest, Radio La luna<br \/>\n1995 entrevista con Gabi \u00c1vila Simpson, radio HCJB<\/p>\n<p><em><strong>PRENSA<\/strong><\/em><\/p>\n<p>2018 s\u00e1bado 14 de abril, EL COMERCIO, Tendencias<br \/>\n          viernes, 20 de abril, El Tel\u00e9grafo, artecultura<br \/>\n2013 mi\u00e9rcoles, 17 de julio, El Tel\u00e9grafo, Cultura<br \/>\n2012 lunes, 14 de mayo, EL COMERCIO, Cultura<br \/>\n2010 lunes, 13 de diciembre, EL DIARIO, La prensa, Nueva York, Estados Unidos<\/p>\n<p><strong>ENLACES WEB<\/strong><\/p>\n<p>Ministerio de Educaci\u00f3n &#8211; Antonio Romoleroux: Amazon\u00eda  https:\/\/recursos.educacion.gob.ec\/red\/galeria-virtual-antonio-romoleroux-amazonia-reserva-mundial-de-la-biosfera\/<\/p>\n<p>Instituto Nacional de Patrimonio Cultural (SIPCE) NATEM BM-17-01-03-013-15001078, Patrimonio MUEBLE, PICHINCHA, QUITO<br \/>\nhttp:\/\/sipce.patrimoniocultural.gob.ec:8080\/IBPWeb\/paginas\/busquedaBienes\/busquedaPrincipal.jsf <\/p>\n<p>Wikipedia &#8211; Antonio Romoleroux https:\/\/es.wikipedia.org\/wiki\/Antonio_Romoleroux<\/p>\n<p>Antonio Romoleroux El mensaje de las modelos a la humanidad, Kunstraum artescena, Leipzig, Alemania https:\/\/artescena.de\/es\/2021\/11\/04\/antonio-romoleroux-2\/<\/p>\n<p>Romoleroux conciencia de humanidad desde el desnudo femenino<br \/>\nhttps:\/\/www.revistas.una.ac.cr\/index.php\/acs\/article\/view\/17622\/26323<\/p>\n<p>Pintura, grabado y escultura, mundos de Antonio Romoleroux, Revista Mundo Diners https:\/\/revistamundodiners.com\/mundo-diners-plus\/antonio-romoleroux\/ <\/p>\n<p>El artista Antonio Romoleroux expone en la CCE https:\/\/periodismopublicoec.com\/2020\/11\/12\/exposicion-cce-antonio-romoleroux\/ <\/p>\n<p>El artista pl\u00e1stico Antonio Romoleroux recibi\u00f3 la condecoraci\u00f3n Dr. Vicente Rocafuerte en la Asamblea http:\/\/biblioteca.udet.edu.ec\/cgi-bin\/koha\/opac-detail.pl?biblionumber=6099<\/p>\n<p>Antonio Romoleroux recibi\u00f3 la Condecoraci\u00f3n Vicente Rocafuerte en la Asamblea Nacional https:\/\/www.eltelegrafo.com.ec\/noticias\/cultura\/10\/el-artista-plastico-antonio-romoleroux-recibio-la-condecoracion-vicente-rocafuerte-en-la-asamblea<\/p>\n<p>Existencias: Antonio Romoleroux \/: Library<br \/>\nVifind.ucuenca.edu.ec<br \/>\nhttps:\/\/vufind.ucuenca.edu.ec\/vufind\/Record\/162136<\/p>\n<p>Antonio Romoleroux \u2013 Galer\u00eda virtual<br \/>\nes.scribd.com<br \/>\nhttps:\/\/es.scribd.com\/document\/684141941\/Antonio-Romoleroux-Galeria-virtual<\/p>\n<p>El poder para transformar el mundo IAEN https:\/\/revistas.iaen.edu.ec\/index.php\/estado_comunes\/article\/view\/155<\/p>\n<p>ACADEMIA<br \/>\nEl poder para transformar el mundo<br \/>\nhttps:\/\/www.academia.edu\/97695777\/El_poder_para_transformar_el_mundo<\/p>\n<p>(PDF) El poder para transformar el mundo<br \/>\nhttps:\/\/www.researchgate.net\/publication\/338743370_El_poder_para_transformar_el_mundo<\/p>\n<p>Antonio Romoleroux, Flacso Andes https:\/\/www.flacsoandes.edu.ec\/buscador\/Author\/Home?author=Romoleroux%2C+Antonio&#038; <\/p>\n<p>Trayectoria del Artista Antonio Romoleroux<br \/>\nhttps:\/\/es.scribd.com\/document\/551761017\/Semblanza-Antonio-Romoleroux-definitiva-leida-y-corregida<\/p>\n<p>Antonio Romoleroux celebra 30 a\u00f1os de carrera con muestra antol\u00f3gica, LA HORA https:\/\/www.lahora.com.ec\/revistas-y-suplementos\/antonio-romoleroux-celebra-30-anos-de-carrera-con-muestra-antologica\/ <\/p>\n<p>EL COMERCIO &#8211; CULTURA<br \/>\nRomoleroux expone su trabajo de 30 a\u00f1os explorando la psique humana<br \/>\nhttps:\/\/www.elcomercio.com\/tendencias\/artista-exposicion-arte-antologia-puce.html<\/p>\n<p>Antonio Romoleroux, Centro de publicaciones PUCE https:\/\/edipuce.edu.ec\/antonio-romoleroux\/<\/p>\n<p>Galer\u00eda Arte Vivo Antonio Romoleroux https:\/\/galeriaartevivo.es\/artista\/antonio-romoleroux-\/81<\/p>\n<p>Cat\u00e1logo Mariano Retro, Premio Mariano Aguilera http:\/\/www.premiomarianoaguilera.gob.ec\/catalgo-mariano-retro\/?lang=en <\/p>\n<p>Exposici\u00f3n y presentaci\u00f3n del libro \u201cEl Yo Consciente\u201d, del autor Antonio Romoleroux, Rosal\u00eda Arteaga https:\/\/www.rosaliarteaga.com\/noticias-mayo<\/p>\n<p>El pintor ecuatoriano Romoleroux vuelve al desnudo para rescatar la esencia del dibujo EFE https:\/\/www.ultimahora.com\/el-pintor-ecuatoriano-romoleroux-vuelve-al-desnudo-rescatar-la-esencia-del-dibujo-n741266.html<\/p>\n<p>Mi esencia en tus sentidos, Antonio Romoleroux, Galer\u00eda Sara Palacios https:\/\/www.sarapa.com\/project\/mi-esencia-en-tus-sentidos-antonio-romoleroux\/ <\/p>\n<p><strong>DOCENCIA<\/strong><\/p>\n<p>2012 \u2013 2025 dibujo y pintura, Asociaci\u00f3n Humboldt, Quito<br \/>\n2025 pintura, Galer\u00eda Sara Palacios, Nay\u00f3n<br \/>\n2024 gesti\u00f3n de Proyectos Art\u00edsticos, Galer\u00eda Sara Palacios, Nay\u00f3n<br \/>\n2017 \u2013 2019 anatom\u00eda, dibujo y pintura, Pentasiete Art Estudio, Cumbay\u00e1<br \/>\n2016 libro de artista, Galer\u00eda Sara Palacios, Nay\u00f3n<br \/>\n2014 grabado, Galer\u00eda Sara Palacios, Nay\u00f3n<br \/>\n2012 \u2013 2013 dibujo natural y pintura, Georgina Luna, Quito<br \/>\n2003 \u2013 2011 dibujo y pintura, Colegio Guadalupano, Quito<br \/>\n1999 \u2013 2000 pintura y elaboraci\u00f3n de papel artesanal, Escuela Particular Ra\u00edces, Quito<br \/>\n1994 \u2013 1995 artes pl\u00e1sticas, Fundaci\u00f3n Edgar Palacios, Quito<br \/>\n1994 serigraf\u00eda, British Council, Quito<\/p>\n<p><strong>CURADUR\u00cdA<\/strong><\/p>\n<p>2023 \u201cBiof\u00edco\u201d de Chaquira, Yaku y Antonio Romoleroux, Centro Cultural PUCE, Quito<br \/>\n2020 \u201cFelipe Galarza\u201d, Museo Eduardo Kingman, San Rafael, Ecuador<br \/>\n2019 \u201cBifurcaciones\u201d de Xavier Medina, Asociaci\u00f3n Humboldt, Quito<br \/>\n2017 \u201cSobre puestos\u201d de Tracy Caldwell, Galer\u00eda Pentasiete, Cumbay\u00e1<br \/>\n         \u201c3plus2, tres fot\u00f3grafos y dos escultoras alemanes\u201d Asociaci\u00f3n Humboldt<br \/>\n2016 \u201cLa ciudad y yo\u201d de Irene Cazar, Galer\u00eda Sara Palacios, Nay\u00f3n<br \/>\n2014 \u201cCuerpograf\u00edas\u201d de Carolina Salamea, Caf\u00e9 Libro, Quito<\/p>\n<p><strong>CONFERENCIAS<\/strong><\/p>\n<p>2023 \u201cPanel sobre Interculturalidad: arte y educaci\u00f3n, XIII Reuni\u00f3n Regi\u00f3n Andina, UDUALC, Pontificia Universidad Cat\u00f3lica del Ecuador.<br \/>\n2022 \u00abLa cosmovisi\u00f3n andina: una mirada interdisciplinaria\u00bb, XII Reuni\u00f3n Regional Andina, UDUALC, Universidad Nacional Mayor San Marcos, Lima, Per\u00fa<br \/>\n2022 \u201cTemporales del Arte\u201d, Facultad de Artes de la Universidad Central del Ecuador y IAEN, la Universidad de posgrado del Ecuador, Quito<br \/>\n2019 \u201cEl poder para transformar el mundo\u201d Asociaci\u00f3n Humboldt, Quito<br \/>\n2016 \u201cResiliencia\u201d Semana de la sostenibilidad, H\u00e1bitat III, Centro Cultural Itchimbia, Quito<br \/>\n2007 \u201cArte contempor\u00e1neo\u201d, Universidad Polit\u00e9cnica Salesiana, Quito.<\/p>\n<p><\/p>","protected":false},"excerpt":{"rendered":"<p>ANTONIO ROMOLEROUX Quito, Ecuador, 12 de abril de 1968 EDUCACI\u00d3N 2023 licenciado en Artes Visuales, Universidad de las Artes, Guayaquil, Ecuador 1985 &#8211; 1989 bachiller en Artes Pl\u00e1sticas, Colegio de Artes, Universidad Central del Ecuador 1988 &#8211; 1990 serigraf\u00eda y litograf\u00eda, Fundaci\u00f3n Guayasam\u00edn, Quito, Ecuador 1987 &#8211; 1988 grabado en metal, Taller Grafi-K, Quito, Ecuador &hellip; <a href=\"https:\/\/antonioromoleroux.com\/es\/espanol-curriculum-profesional\/\" class=\"more-link\">Seguir leyendo <span class=\"screen-reader-text\">Curr\u00edculum<\/span> <span class=\"meta-nav\">&rarr;<\/span><\/a><\/p>\n","protected":false},"author":2,"featured_media":0,"parent":0,"menu_order":8,"comment_status":"closed","ping_status":"closed","template":"","meta":{"ngg_post_thumbnail":0,"footnotes":""},"class_list":["post-9522","page","type-page","status-publish","hentry"],"_links":{"self":[{"href":"https:\/\/antonioromoleroux.com\/es\/wp-json\/wp\/v2\/pages\/9522","targetHints":{"allow":["GET"]}}],"collection":[{"href":"https:\/\/antonioromoleroux.com\/es\/wp-json\/wp\/v2\/pages"}],"about":[{"href":"https:\/\/antonioromoleroux.com\/es\/wp-json\/wp\/v2\/types\/page"}],"author":[{"embeddable":true,"href":"https:\/\/antonioromoleroux.com\/es\/wp-json\/wp\/v2\/users\/2"}],"replies":[{"embeddable":true,"href":"https:\/\/antonioromoleroux.com\/es\/wp-json\/wp\/v2\/comments?post=9522"}],"version-history":[{"count":318,"href":"https:\/\/antonioromoleroux.com\/es\/wp-json\/wp\/v2\/pages\/9522\/revisions"}],"predecessor-version":[{"id":11259,"href":"https:\/\/antonioromoleroux.com\/es\/wp-json\/wp\/v2\/pages\/9522\/revisions\/11259"}],"wp:attachment":[{"href":"https:\/\/antonioromoleroux.com\/es\/wp-json\/wp\/v2\/media?parent=9522"}],"curies":[{"name":"wp","href":"https:\/\/api.w.org\/{rel}","templated":true}]}}