{"id":8483,"date":"2022-02-16T16:41:25","date_gmt":"2022-02-16T21:41:25","guid":{"rendered":"https:\/\/antonioromoleroux.com\/?page_id=8483"},"modified":"2025-05-13T16:03:49","modified_gmt":"2025-05-13T21:03:49","slug":"espanol-identidades-sistemicas-dibujo-pintura-y-grabado","status":"publish","type":"page","link":"https:\/\/antonioromoleroux.com\/es\/espanol-identidades-sistemicas-dibujo-pintura-y-grabado\/","title":{"rendered":"Identidades sist\u00e9micas"},"content":{"rendered":"<p>Esta serie fue trabajada de forma realista y con un lenguaje propio, al que el cr\u00edtico de arte Hern\u00e1n Rodr\u00edguez Castelo design\u00f3 como neoexpresionista de cr\u00edtica y denuncia social (Rodr\u00edguez Castelo Hern\u00e1n, 2006. Antonio Romoleroux. Nuevo diccionario cr\u00edtico de artistas pl\u00e1sticos del Ecuador del siglo XX pp. 568-570).<br \/>\nLa injusticia social, la pobreza, la explotaci\u00f3n, la discriminaci\u00f3n, la corrupci\u00f3n, la violencia, me impactaron profundamente y generaron una necesidad de expresar mis sentimientos respecto de esa realidad a trav\u00e9s del arte contempor\u00e1neo. La constataci\u00f3n del sufrimiento que dicha realidad produce en la psique humana, me motiv\u00f3 a plasmar esa realidad social y sus efectos psicol\u00f3gicos en los seres humanos como son: la depresi\u00f3n, la ansiedad, el estr\u00e9s postraum\u00e1tico, etc. que pueden llegar a extremos de padecimientos que llevan a situaciones l\u00edmite como el suicidio. <\/p>\n<p><a href=\"https:\/\/antonioromoleroux.com\/wp-content\/uploads\/2022\/02\/Depresion-\u00f3leo-sobre-tela-180-x-140-cm.-1990.jpg\"><img loading=\"lazy\" decoding=\"async\" src=\"https:\/\/antonioromoleroux.com\/wp-content\/uploads\/2022\/02\/Depresion-\u00f3leo-sobre-tela-180-x-140-cm.-1990-791x1024.jpg\" alt=\"\" width=\"584\" height=\"756\" class=\"aligncenter size-large wp-image-8527\" srcset=\"https:\/\/antonioromoleroux.com\/wp-content\/uploads\/2022\/02\/Depresion-\u00f3leo-sobre-tela-180-x-140-cm.-1990-791x1024.jpg 791w, https:\/\/antonioromoleroux.com\/wp-content\/uploads\/2022\/02\/Depresion-\u00f3leo-sobre-tela-180-x-140-cm.-1990-232x300.jpg 232w, https:\/\/antonioromoleroux.com\/wp-content\/uploads\/2022\/02\/Depresion-\u00f3leo-sobre-tela-180-x-140-cm.-1990-768x995.jpg 768w\" sizes=\"auto, (max-width: 584px) 100vw, 584px\" \/><\/a><br \/>\n\u00abDepresi\u00f3n\u00bb \u00f3leo sobre lienzo, 180 x 140 cm. 1990<br \/>\n<a rel=\"license\" href=\"http:\/\/creativecommons.org\/licenses\/by-sa\/4.0\/\"><img decoding=\"async\" alt=\"Licencia de Creative Commons\" style=\"border-width:0\" src=\"https:\/\/i.creativecommons.org\/l\/by-sa\/4.0\/88x31.png\" \/><\/a><br \/><span xmlns:dct=\"http:\/\/purl.org\/dc\/terms\/\" href=\"http:\/\/purl.org\/dc\/dcmitype\/StillImage\" property=\"dct:title\" rel=\"dct:type\">Foto obra: Depresi\u00f3n, \u00f3leo sobre tela, 180 x 140 cm. 1990<\/span> by <span xmlns:cc=\"http:\/\/creativecommons.org\/ns#\" property=\"cc:attributionName\">Antonio Romoleroux<\/span> is licensed under a <a rel=\"license\" href=\"http:\/\/creativecommons.org\/licenses\/by-sa\/4.0\/\">Creative Commons Reconocimiento-CompartirIgual 4.0 Internacional License<\/a>.<\/p>\n<p><a href=\"https:\/\/antonioromoleroux.com\/wp-content\/uploads\/2022\/12\/1990-Hernan-Rodriguez-Castelo-premio.jpg\"><img loading=\"lazy\" decoding=\"async\" src=\"https:\/\/antonioromoleroux.com\/wp-content\/uploads\/2022\/12\/1990-Hernan-Rodriguez-Castelo-premio-1024x640.jpg\" alt=\"\" width=\"584\" height=\"365\" class=\"aligncenter size-large wp-image-9462\" srcset=\"https:\/\/antonioromoleroux.com\/wp-content\/uploads\/2022\/12\/1990-Hernan-Rodriguez-Castelo-premio-1024x640.jpg 1024w, https:\/\/antonioromoleroux.com\/wp-content\/uploads\/2022\/12\/1990-Hernan-Rodriguez-Castelo-premio-300x188.jpg 300w, https:\/\/antonioromoleroux.com\/wp-content\/uploads\/2022\/12\/1990-Hernan-Rodriguez-Castelo-premio-768x480.jpg 768w, https:\/\/antonioromoleroux.com\/wp-content\/uploads\/2022\/12\/1990-Hernan-Rodriguez-Castelo-premio-480x300.jpg 480w\" sizes=\"auto, (max-width: 584px) 100vw, 584px\" \/><\/a><br \/>\n\u00abEl placer\u00bb \u00f3leo sobre fotograf\u00eda, 90&#215;70 cm. 1991<br \/>\nPrimer Premio en Pintura, Primera Muestra Nacional de Arte Juvenil, Quito, 1991 <\/p>\n<p><a href=\"https:\/\/antonioromoleroux.com\/wp-content\/uploads\/2022\/04\/ultima-cena.jpg\"><img loading=\"lazy\" decoding=\"async\" src=\"https:\/\/antonioromoleroux.com\/wp-content\/uploads\/2022\/04\/ultima-cena-1024x552.jpg\" alt=\"\" width=\"584\" height=\"315\" class=\"aligncenter size-large wp-image-8996\" srcset=\"https:\/\/antonioromoleroux.com\/wp-content\/uploads\/2022\/04\/ultima-cena-1024x552.jpg 1024w, https:\/\/antonioromoleroux.com\/wp-content\/uploads\/2022\/04\/ultima-cena-300x162.jpg 300w, https:\/\/antonioromoleroux.com\/wp-content\/uploads\/2022\/04\/ultima-cena-768x414.jpg 768w, https:\/\/antonioromoleroux.com\/wp-content\/uploads\/2022\/04\/ultima-cena-500x269.jpg 500w\" sizes=\"auto, (max-width: 584px) 100vw, 584px\" \/><\/a><br \/>\n\u00ab\u00daltima cena\u00bb grafito sobre canson, 40&#215;20 cm. 1991<\/p>\n<p><a href=\"https:\/\/antonioromoleroux.com\/wp-content\/uploads\/2022\/02\/10Letrinas-serigraf\u00eda-50x70-cm.-1989-Segundo-Premio-Primer-Concurso-nacional-de-Grabado-CCE.-copia.jpg\"><img loading=\"lazy\" decoding=\"async\" src=\"https:\/\/antonioromoleroux.com\/wp-content\/uploads\/2022\/02\/10Letrinas-serigraf\u00eda-50x70-cm.-1989-Segundo-Premio-Primer-Concurso-nacional-de-Grabado-CCE.-copia-1024x722.jpg\" alt=\"\" width=\"584\" height=\"412\" class=\"aligncenter size-large wp-image-8496\" srcset=\"https:\/\/antonioromoleroux.com\/wp-content\/uploads\/2022\/02\/10Letrinas-serigraf\u00eda-50x70-cm.-1989-Segundo-Premio-Primer-Concurso-nacional-de-Grabado-CCE.-copia-1024x722.jpg 1024w, https:\/\/antonioromoleroux.com\/wp-content\/uploads\/2022\/02\/10Letrinas-serigraf\u00eda-50x70-cm.-1989-Segundo-Premio-Primer-Concurso-nacional-de-Grabado-CCE.-copia-300x211.jpg 300w, https:\/\/antonioromoleroux.com\/wp-content\/uploads\/2022\/02\/10Letrinas-serigraf\u00eda-50x70-cm.-1989-Segundo-Premio-Primer-Concurso-nacional-de-Grabado-CCE.-copia-768x541.jpg 768w, https:\/\/antonioromoleroux.com\/wp-content\/uploads\/2022\/02\/10Letrinas-serigraf\u00eda-50x70-cm.-1989-Segundo-Premio-Primer-Concurso-nacional-de-Grabado-CCE.-copia-426x300.jpg 426w\" sizes=\"auto, (max-width: 584px) 100vw, 584px\" \/><\/a><br \/>\n\u00abLetrinas\u00bb, serigraf\u00eda, 50&#215;70 cm. 1989<br \/>\nMenci\u00f3n de Honor, Primer Concurso Nacional de Grabado, Casa de la Cultura Ecuatoriana, 1990<\/p>\n<p><a href=\"https:\/\/antonioromoleroux.com\/wp-content\/uploads\/2022\/02\/12Autorretrato-egocentrismo-grafito-sobre-papel-21x15-cm.-1990-copia.jpg\"><img loading=\"lazy\" decoding=\"async\" src=\"https:\/\/antonioromoleroux.com\/wp-content\/uploads\/2022\/02\/12Autorretrato-egocentrismo-grafito-sobre-papel-21x15-cm.-1990-copia-768x1024.jpg\" alt=\"\" width=\"584\" height=\"779\" class=\"aligncenter size-large wp-image-8501\" srcset=\"https:\/\/antonioromoleroux.com\/wp-content\/uploads\/2022\/02\/12Autorretrato-egocentrismo-grafito-sobre-papel-21x15-cm.-1990-copia-768x1024.jpg 768w, https:\/\/antonioromoleroux.com\/wp-content\/uploads\/2022\/02\/12Autorretrato-egocentrismo-grafito-sobre-papel-21x15-cm.-1990-copia-225x300.jpg 225w\" sizes=\"auto, (max-width: 584px) 100vw, 584px\" \/><\/a><br \/>\n\u00abAutorretrato\u00bb egocentrismo, grafito sobre papel 21&#215;15 cm. 1990 <\/p>\n<p><a href=\"https:\/\/antonioromoleroux.com\/wp-content\/uploads\/2022\/02\/13Autorretrato-esquizofrenia-sanguina-sobre-papel-21x15-cm.-1990-copia.jpg\"><img loading=\"lazy\" decoding=\"async\" src=\"https:\/\/antonioromoleroux.com\/wp-content\/uploads\/2022\/02\/13Autorretrato-esquizofrenia-sanguina-sobre-papel-21x15-cm.-1990-copia-768x1024.jpg\" alt=\"\" width=\"584\" height=\"779\" class=\"aligncenter size-large wp-image-8503\" srcset=\"https:\/\/antonioromoleroux.com\/wp-content\/uploads\/2022\/02\/13Autorretrato-esquizofrenia-sanguina-sobre-papel-21x15-cm.-1990-copia-768x1024.jpg 768w, https:\/\/antonioromoleroux.com\/wp-content\/uploads\/2022\/02\/13Autorretrato-esquizofrenia-sanguina-sobre-papel-21x15-cm.-1990-copia-225x300.jpg 225w\" sizes=\"auto, (max-width: 584px) 100vw, 584px\" \/><\/a><br \/>\n\u00abAutorretrato\u00bb esquizofrenia, sanguina sobre papel 21&#215;15 cm. 1990<\/p>\n<p><a href=\"https:\/\/antonioromoleroux.com\/wp-content\/uploads\/2022\/05\/autorretrato-distimia.jpg\"><img loading=\"lazy\" decoding=\"async\" src=\"https:\/\/antonioromoleroux.com\/wp-content\/uploads\/2022\/05\/autorretrato-distimia-657x1024.jpg\" alt=\"\" width=\"584\" height=\"910\" class=\"aligncenter size-large wp-image-9115\" srcset=\"https:\/\/antonioromoleroux.com\/wp-content\/uploads\/2022\/05\/autorretrato-distimia-657x1024.jpg 657w, https:\/\/antonioromoleroux.com\/wp-content\/uploads\/2022\/05\/autorretrato-distimia-193x300.jpg 193w, https:\/\/antonioromoleroux.com\/wp-content\/uploads\/2022\/05\/autorretrato-distimia-768x1197.jpg 768w, https:\/\/antonioromoleroux.com\/wp-content\/uploads\/2022\/05\/autorretrato-distimia.jpg 1159w\" sizes=\"auto, (max-width: 584px) 100vw, 584px\" \/><\/a><br \/>\n\u00abAutorretrato, Distimia\u00bb grafito sobre papel, 21 x 15 cm. 1990<\/p>\n<p><a href=\"https:\/\/antonioromoleroux.com\/wp-content\/uploads\/2022\/12\/1989-Hernan-Rodriguez-Castelo-su-identidad.jpg\"><img loading=\"lazy\" decoding=\"async\" src=\"https:\/\/antonioromoleroux.com\/wp-content\/uploads\/2022\/12\/1989-Hernan-Rodriguez-Castelo-su-identidad-668x1024.jpg\" alt=\"\" width=\"584\" height=\"895\" class=\"aligncenter size-large wp-image-9465\" srcset=\"https:\/\/antonioromoleroux.com\/wp-content\/uploads\/2022\/12\/1989-Hernan-Rodriguez-Castelo-su-identidad-668x1024.jpg 668w, https:\/\/antonioromoleroux.com\/wp-content\/uploads\/2022\/12\/1989-Hernan-Rodriguez-Castelo-su-identidad-196x300.jpg 196w, https:\/\/antonioromoleroux.com\/wp-content\/uploads\/2022\/12\/1989-Hernan-Rodriguez-Castelo-su-identidad-768x1178.jpg 768w\" sizes=\"auto, (max-width: 584px) 100vw, 584px\" \/><\/a><br \/>\n\u00abSu identidad\u00bb punta seca y aguatinta sobre zinc, 40&#215;30 cm. 1989<\/p>\n<p><a href=\"https:\/\/antonioromoleroux.com\/wp-content\/uploads\/2022\/02\/11falso-defensor-de-los-derechos-humanos-y-su-productopunta-seca-30x21-cm.-1989-copia.jpg\"><img loading=\"lazy\" decoding=\"async\" src=\"https:\/\/antonioromoleroux.com\/wp-content\/uploads\/2022\/02\/11falso-defensor-de-los-derechos-humanos-y-su-productopunta-seca-30x21-cm.-1989-copia-1024x758.jpg\" alt=\"\" width=\"584\" height=\"432\" class=\"aligncenter size-large wp-image-8499\" srcset=\"https:\/\/antonioromoleroux.com\/wp-content\/uploads\/2022\/02\/11falso-defensor-de-los-derechos-humanos-y-su-productopunta-seca-30x21-cm.-1989-copia-1024x758.jpg 1024w, https:\/\/antonioromoleroux.com\/wp-content\/uploads\/2022\/02\/11falso-defensor-de-los-derechos-humanos-y-su-productopunta-seca-30x21-cm.-1989-copia-300x222.jpg 300w, https:\/\/antonioromoleroux.com\/wp-content\/uploads\/2022\/02\/11falso-defensor-de-los-derechos-humanos-y-su-productopunta-seca-30x21-cm.-1989-copia-768x569.jpg 768w, https:\/\/antonioromoleroux.com\/wp-content\/uploads\/2022\/02\/11falso-defensor-de-los-derechos-humanos-y-su-productopunta-seca-30x21-cm.-1989-copia-405x300.jpg 405w\" sizes=\"auto, (max-width: 584px) 100vw, 584px\" \/><\/a><br \/>\n\u00abFalso defensor de los derechos humanos y su producto\u00bb, punta seca sobre zinc, 30&#215;21 cm. 1989<\/p>\n<p><a href=\"https:\/\/antonioromoleroux.com\/wp-content\/uploads\/2023\/05\/p\u00e1g.jpg\"><img loading=\"lazy\" decoding=\"async\" src=\"https:\/\/antonioromoleroux.com\/wp-content\/uploads\/2023\/05\/p\u00e1g-767x1024.jpg\" alt=\"\" width=\"584\" height=\"780\" class=\"aligncenter size-large wp-image-9565\" srcset=\"https:\/\/antonioromoleroux.com\/wp-content\/uploads\/2023\/05\/p\u00e1g-767x1024.jpg 767w, https:\/\/antonioromoleroux.com\/wp-content\/uploads\/2023\/05\/p\u00e1g-225x300.jpg 225w, https:\/\/antonioromoleroux.com\/wp-content\/uploads\/2023\/05\/p\u00e1g-768x1025.jpg 768w\" sizes=\"auto, (max-width: 584px) 100vw, 584px\" \/><\/a><br \/>\n\u00abSuper yo\u00bb punta seca, 30&#215;21 cm. 1989<\/p>\n<p><a href=\"https:\/\/antonioromoleroux.com\/wp-content\/uploads\/2022\/02\/07Autorretrato-\u00f3leo-sobre-canson-50x40-cm.-1988-copia.jpg\"><img loading=\"lazy\" decoding=\"async\" src=\"https:\/\/antonioromoleroux.com\/wp-content\/uploads\/2022\/02\/07Autorretrato-\u00f3leo-sobre-canson-50x40-cm.-1988-copia-772x1024.jpg\" alt=\"\" width=\"584\" height=\"775\" class=\"aligncenter size-large wp-image-8490\" srcset=\"https:\/\/antonioromoleroux.com\/wp-content\/uploads\/2022\/02\/07Autorretrato-\u00f3leo-sobre-canson-50x40-cm.-1988-copia-772x1024.jpg 772w, https:\/\/antonioromoleroux.com\/wp-content\/uploads\/2022\/02\/07Autorretrato-\u00f3leo-sobre-canson-50x40-cm.-1988-copia-226x300.jpg 226w, https:\/\/antonioromoleroux.com\/wp-content\/uploads\/2022\/02\/07Autorretrato-\u00f3leo-sobre-canson-50x40-cm.-1988-copia-768x1019.jpg 768w\" sizes=\"auto, (max-width: 584px) 100vw, 584px\" \/><\/a><br \/>\n\u00abAutorretrato\u00bb, \u00f3leo sobre canson, 50&#215;40 cm. 1988<\/p>\n<p><a href=\"https:\/\/antonioromoleroux.com\/wp-content\/uploads\/2022\/02\/08esclavos-de-nuestra-propia-condici\u00f3n-litograf\u00eda-en-piedra-100x70-cm.-1988-copia.jpg\"><img loading=\"lazy\" decoding=\"async\" src=\"https:\/\/antonioromoleroux.com\/wp-content\/uploads\/2022\/02\/08esclavos-de-nuestra-propia-condici\u00f3n-litograf\u00eda-en-piedra-100x70-cm.-1988-copia-748x1024.jpg\" alt=\"\" width=\"584\" height=\"799\" class=\"aligncenter size-large wp-image-8492\" srcset=\"https:\/\/antonioromoleroux.com\/wp-content\/uploads\/2022\/02\/08esclavos-de-nuestra-propia-condici\u00f3n-litograf\u00eda-en-piedra-100x70-cm.-1988-copia-748x1024.jpg 748w, https:\/\/antonioromoleroux.com\/wp-content\/uploads\/2022\/02\/08esclavos-de-nuestra-propia-condici\u00f3n-litograf\u00eda-en-piedra-100x70-cm.-1988-copia-219x300.jpg 219w, https:\/\/antonioromoleroux.com\/wp-content\/uploads\/2022\/02\/08esclavos-de-nuestra-propia-condici\u00f3n-litograf\u00eda-en-piedra-100x70-cm.-1988-copia-768x1051.jpg 768w\" sizes=\"auto, (max-width: 584px) 100vw, 584px\" \/><\/a><br \/>\n\u00abEsclavos de nuestra propia condici\u00f3n\u00bb, litograf\u00eda en piedra, 100&#215;70 cm. 1988 <\/p>\n<p><a href=\"https:\/\/antonioromoleroux.com\/wp-content\/uploads\/2022\/02\/09costumbres-litograf\u00eda-en-piedra-50-x-40-cm.-1988-copia.jpg\"><img loading=\"lazy\" decoding=\"async\" src=\"https:\/\/antonioromoleroux.com\/wp-content\/uploads\/2022\/02\/09costumbres-litograf\u00eda-en-piedra-50-x-40-cm.-1988-copia-721x1024.jpg\" alt=\"\" width=\"584\" height=\"829\" class=\"aligncenter size-large wp-image-8494\" srcset=\"https:\/\/antonioromoleroux.com\/wp-content\/uploads\/2022\/02\/09costumbres-litograf\u00eda-en-piedra-50-x-40-cm.-1988-copia-721x1024.jpg 721w, https:\/\/antonioromoleroux.com\/wp-content\/uploads\/2022\/02\/09costumbres-litograf\u00eda-en-piedra-50-x-40-cm.-1988-copia-211x300.jpg 211w, https:\/\/antonioromoleroux.com\/wp-content\/uploads\/2022\/02\/09costumbres-litograf\u00eda-en-piedra-50-x-40-cm.-1988-copia-768x1090.jpg 768w\" sizes=\"auto, (max-width: 584px) 100vw, 584px\" \/><\/a><br \/>\n\u00abCostumbres\u00bb, litograf\u00eda en piedra, 50 x 40 cm. 1988 <\/p>\n<p><a href=\"https:\/\/antonioromoleroux.com\/wp-content\/uploads\/2022\/02\/01Sin-t\u00edtulo-agua-fuerte-Menci\u00f3n-de-honor-xlv-concurso-nacional-de-grabado-1987.jpg\"><img loading=\"lazy\" decoding=\"async\" src=\"https:\/\/antonioromoleroux.com\/wp-content\/uploads\/2022\/02\/01Sin-t\u00edtulo-agua-fuerte-Menci\u00f3n-de-honor-xlv-concurso-nacional-de-grabado-1987-751x1024.jpg\" alt=\"\" width=\"584\" height=\"796\" class=\"aligncenter size-large wp-image-8484\" srcset=\"https:\/\/antonioromoleroux.com\/wp-content\/uploads\/2022\/02\/01Sin-t\u00edtulo-agua-fuerte-Menci\u00f3n-de-honor-xlv-concurso-nacional-de-grabado-1987-751x1024.jpg 751w, https:\/\/antonioromoleroux.com\/wp-content\/uploads\/2022\/02\/01Sin-t\u00edtulo-agua-fuerte-Menci\u00f3n-de-honor-xlv-concurso-nacional-de-grabado-1987-220x300.jpg 220w, https:\/\/antonioromoleroux.com\/wp-content\/uploads\/2022\/02\/01Sin-t\u00edtulo-agua-fuerte-Menci\u00f3n-de-honor-xlv-concurso-nacional-de-grabado-1987-768x1048.jpg 768w\" sizes=\"auto, (max-width: 584px) 100vw, 584px\" \/><\/a><br \/>\nSin t\u00edtulo, agua fuerte, 50&#215;40 cm. 1987<br \/>\nMenci\u00f3n de Honor, XLV Concurso Nacional de Grabado, Municipio de Quito, 1987<\/p>\n<p><a href=\"https:\/\/antonioromoleroux.com\/wp-content\/uploads\/2022\/02\/06-el-que-no-se-va-aguafuerte-y-aguatinta-1987-copia.jpg\"><img loading=\"lazy\" decoding=\"async\" src=\"https:\/\/antonioromoleroux.com\/wp-content\/uploads\/2022\/02\/06-el-que-no-se-va-aguafuerte-y-aguatinta-1987-copia-768x1024.jpg\" alt=\"\" width=\"584\" height=\"779\" class=\"aligncenter size-large wp-image-8487\" srcset=\"https:\/\/antonioromoleroux.com\/wp-content\/uploads\/2022\/02\/06-el-que-no-se-va-aguafuerte-y-aguatinta-1987-copia-768x1024.jpg 768w, https:\/\/antonioromoleroux.com\/wp-content\/uploads\/2022\/02\/06-el-que-no-se-va-aguafuerte-y-aguatinta-1987-copia-225x300.jpg 225w\" sizes=\"auto, (max-width: 584px) 100vw, 584px\" \/><\/a><br \/>\n\u00abEl que no se va\u00bb, aguafuerte y aguatinta, 40&#215;30 cm. 1987<\/p>\n<p><\/p>","protected":false},"excerpt":{"rendered":"<p>Esta serie fue trabajada de forma realista y con un lenguaje propio, al que el cr\u00edtico de arte Hern\u00e1n Rodr\u00edguez Castelo design\u00f3 como neoexpresionista de cr\u00edtica y denuncia social (Rodr\u00edguez Castelo Hern\u00e1n, 2006. Antonio Romoleroux. Nuevo diccionario cr\u00edtico de artistas pl\u00e1sticos del Ecuador del siglo XX pp. 568-570). La injusticia social, la pobreza, la explotaci\u00f3n, &hellip; <a href=\"https:\/\/antonioromoleroux.com\/es\/espanol-identidades-sistemicas-dibujo-pintura-y-grabado\/\" class=\"more-link\">Seguir leyendo <span class=\"screen-reader-text\">Identidades sist\u00e9micas<\/span> <span class=\"meta-nav\">&rarr;<\/span><\/a><\/p>\n","protected":false},"author":2,"featured_media":0,"parent":0,"menu_order":6,"comment_status":"closed","ping_status":"closed","template":"","meta":{"ngg_post_thumbnail":0,"footnotes":""},"class_list":["post-8483","page","type-page","status-publish","hentry"],"_links":{"self":[{"href":"https:\/\/antonioromoleroux.com\/es\/wp-json\/wp\/v2\/pages\/8483","targetHints":{"allow":["GET"]}}],"collection":[{"href":"https:\/\/antonioromoleroux.com\/es\/wp-json\/wp\/v2\/pages"}],"about":[{"href":"https:\/\/antonioromoleroux.com\/es\/wp-json\/wp\/v2\/types\/page"}],"author":[{"embeddable":true,"href":"https:\/\/antonioromoleroux.com\/es\/wp-json\/wp\/v2\/users\/2"}],"replies":[{"embeddable":true,"href":"https:\/\/antonioromoleroux.com\/es\/wp-json\/wp\/v2\/comments?post=8483"}],"version-history":[{"count":79,"href":"https:\/\/antonioromoleroux.com\/es\/wp-json\/wp\/v2\/pages\/8483\/revisions"}],"predecessor-version":[{"id":11028,"href":"https:\/\/antonioromoleroux.com\/es\/wp-json\/wp\/v2\/pages\/8483\/revisions\/11028"}],"wp:attachment":[{"href":"https:\/\/antonioromoleroux.com\/es\/wp-json\/wp\/v2\/media?parent=8483"}],"curies":[{"name":"wp","href":"https:\/\/api.w.org\/{rel}","templated":true}]}}