{"id":7336,"date":"2015-06-30T13:51:46","date_gmt":"2015-06-30T18:51:46","guid":{"rendered":"https:\/\/antonioromoleroux.com\/?page_id=7336"},"modified":"2024-09-13T16:24:24","modified_gmt":"2024-09-13T21:24:24","slug":"the-conscius-self","status":"publish","type":"page","link":"https:\/\/antonioromoleroux.com\/es\/the-conscius-self\/","title":{"rendered":"El Yo consciente"},"content":{"rendered":"<p><br \/>\n<a href=\"https:\/\/antonioromoleroux.com\/wp-content\/uploads\/2021\/08\/portada-el-yo-consciente.jpg\"><img loading=\"lazy\" decoding=\"async\" src=\"https:\/\/antonioromoleroux.com\/wp-content\/uploads\/2021\/08\/portada-el-yo-consciente-1024x719.jpg\" alt=\"\" width=\"584\" height=\"410\" class=\"aligncenter size-large wp-image-8262\" srcset=\"https:\/\/antonioromoleroux.com\/wp-content\/uploads\/2021\/08\/portada-el-yo-consciente-1024x719.jpg 1024w, https:\/\/antonioromoleroux.com\/wp-content\/uploads\/2021\/08\/portada-el-yo-consciente-300x211.jpg 300w, https:\/\/antonioromoleroux.com\/wp-content\/uploads\/2021\/08\/portada-el-yo-consciente-768x540.jpg 768w, https:\/\/antonioromoleroux.com\/wp-content\/uploads\/2021\/08\/portada-el-yo-consciente-427x300.jpg 427w, https:\/\/antonioromoleroux.com\/wp-content\/uploads\/2021\/08\/portada-el-yo-consciente.jpg 1772w\" sizes=\"auto, (max-width: 584px) 100vw, 584px\" \/><\/a><br \/>\nPortada del Libro: \u00abEl Yo consciente\u00bb, MoMA, New York, USA, 2015.<\/p>\n<p><a rel=\"license\" href=\"http:\/\/creativecommons.org\/licenses\/by-sa\/4.0\/\"><img decoding=\"async\" alt=\"Licencia de Creative Commons\" style=\"border-width:0\" src=\"https:\/\/i.creativecommons.org\/l\/by-sa\/4.0\/88x31.png\" \/><\/a><br \/><span xmlns:dct=\"http:\/\/purl.org\/dc\/terms\/\" href=\"http:\/\/purl.org\/dc\/dcmitype\/StillImage\" property=\"dct:title\" rel=\"dct:type\">Foto obra: Portada libro El Yo Consciente<\/span> by <a xmlns:cc=\"http:\/\/creativecommons.org\/ns#\" href=\"https:\/\/antonioromoleroux.com\/es\/the-conscius-self\/\" property=\"cc:attributionName\" rel=\"cc:attributionURL\">Antonio Romoleroux<\/a> is licensed under a <a rel=\"license\" href=\"http:\/\/creativecommons.org\/licenses\/by-sa\/4.0\/\">Creative Commons Reconocimiento-CompartirIgual 4.0 Internacional License<\/a>.<br \/>Creado a partir de la obra en <a xmlns:dct=\"http:\/\/purl.org\/dc\/terms\/\" href=\"https:\/\/antonioromoleroux.com\/es\/the-conscius-self\/\" rel=\"dct:source\">https:\/\/antonioromoleroux.com\/es\/the-conscius-self\/<\/a>.<\/p>\n<p>Esta obra interdisciplinaria aporta a la funci\u00f3n social del arte con una serie de retratos visuales y testimoniales, de personas de diversas edades, condiciones socioecon\u00f3micas y culturales cuya importancia radica en su capacidad de superaci\u00f3n y que han vivido experiencias de resiliencia, entendida la resiliencia como la capacidad humana, individual y colectiva de superar las adversidades y salir fortalecido de ellas. Los testimonios describen las adversidades que vivieron los protagonistas, c\u00f3mo las superaron y en qu\u00e9 sentido se fortalecieron de ellas. Los principales objetivos son: crear un espacio de expresi\u00f3n y comunicaci\u00f3n, reafirmar la utilidad terap\u00e9utica del retrato testimonial, difundir la resiliencia y contribuir a la concientizaci\u00f3n de que todas las personas poseen esta capacidad durante toda su vida; nadie est\u00e1 exento de desarrollarla en alg\u00fan momento. Estas im\u00e1genes y testimonios pueden servir de inspiraci\u00f3n, para que otras personas conscienticen sobre su propio proceso de resiliencia.<br \/>\nLas im\u00e1genes y los testimonios fueron realizados en Ecuador, Chile y Estados Unidos.<\/p>\n<p><a href=\"https:\/\/antonioromoleroux.com\/wp-content\/uploads\/2021\/08\/2Ale..jpg\"><img loading=\"lazy\" decoding=\"async\" src=\"https:\/\/antonioromoleroux.com\/wp-content\/uploads\/2021\/08\/2Ale.-724x1024.jpg\" alt=\"\" width=\"584\" height=\"826\" class=\"aligncenter size-large wp-image-8250\" srcset=\"https:\/\/antonioromoleroux.com\/wp-content\/uploads\/2021\/08\/2Ale.-724x1024.jpg 724w, https:\/\/antonioromoleroux.com\/wp-content\/uploads\/2021\/08\/2Ale.-212x300.jpg 212w, https:\/\/antonioromoleroux.com\/wp-content\/uploads\/2021\/08\/2Ale.-768x1086.jpg 768w, https:\/\/antonioromoleroux.com\/wp-content\/uploads\/2021\/08\/2Ale..jpg 1253w\" sizes=\"auto, (max-width: 584px) 100vw, 584px\" \/><\/a><br \/>\n\u00bfQu\u00e9 adversidad quiere compartir?<br \/>\nMi pap\u00e1 estuvo 3 a\u00f1os luchando con un c\u00e1ncer estomacal y cuando yo cumpl\u00ed 19 a\u00f1os, o sea a sus 59 a\u00f1os \u00e9l falleci\u00f3. Entonces a ra\u00edz de no sanar una p\u00e9rdida, decid\u00ed comportarme de una manera irresponsable, drogas, alcohol, no es tanto el fallecimiento de mi pap\u00e1 la situaci\u00f3n que me marco, sino las elecciones que hice a continuaci\u00f3n de eso.<br \/>\n\u00bfCu\u00e1l es su proceso de desarrollo personal?<br \/>\nNo fue nada externo, fue algo interno, una decisi\u00f3n de decir: \u201chasta aqu\u00ed, no quiero seguir viviendo as\u00ed\u201d, y fue a los 30 que decid\u00ed entrar a la universidad a estudiar veterinaria,  era una carrera que yo siempre quise de chiquita y hoy me falta 1 a\u00f1o para graduarme. A parte de eso cambi\u00e9 patrones de conducta, me enfoqu\u00e9 en disciplina que para m\u00ed no exist\u00eda antes; ejercicio, porque me ayuda en algo que fue muy marcado en m\u00ed,  el estado de \u00e1nimo, las emociones.<br \/>\n\u00bfQu\u00e9 influy\u00f3 en su resiliencia?<br \/>\nTanto el amor propio, como el exigirme a m\u00ed como ser humano, como mujer,  porque nunca lo hice antes, no ve\u00eda esa necesidad, entonces el que hoy decida salirme de mi comodidad, esforzarme, madurar y que las cosas me cuesten,  me hace sentir viva,  no es tanto que otra persona me impulse sino yo impulsarme a m\u00ed misma. Cuidarme, cuidar mi salud y decidir crecer y decidir vivir.<br \/>\n\u00bfC\u00f3mo se siente en la actualidad?<br \/>\nHoy puedo decir que me siento en paz, tranquila, motivada, no puedo decir que mi vida ha sido maravillosa, no ser\u00eda ni honesto ni real, pero estoy viviendo una vida sencilla, que es hacer lo que tengo que hacer, encontrar motivaci\u00f3n, esperanza en las cosas peque\u00f1as que hago y vivir el d\u00eda a d\u00eda, la vida traer\u00e1 situaciones gratas, situaciones dif\u00edciles, a todos nos pasa.  Simplemente disfrutar la vida, cada momento y no rendirme como usualmente lo hac\u00eda, seguir, teniendo siempre como fundamento el amor propio y el amor hacia los dem\u00e1s.<br \/>\n\u00abAle\u00bb fotograf\u00eda digital y texto 42&#215;60 cm. 2014<\/p>\n<p><a href=\"https:\/\/antonioromoleroux.com\/wp-content\/uploads\/2021\/08\/5Caro..jpg\"><img loading=\"lazy\" decoding=\"async\" src=\"https:\/\/antonioromoleroux.com\/wp-content\/uploads\/2021\/08\/5Caro.-1024x724.jpg\" alt=\"\" width=\"584\" height=\"413\" class=\"aligncenter size-large wp-image-8251\" srcset=\"https:\/\/antonioromoleroux.com\/wp-content\/uploads\/2021\/08\/5Caro.-1024x724.jpg 1024w, https:\/\/antonioromoleroux.com\/wp-content\/uploads\/2021\/08\/5Caro.-300x212.jpg 300w, https:\/\/antonioromoleroux.com\/wp-content\/uploads\/2021\/08\/5Caro.-768x543.jpg 768w, https:\/\/antonioromoleroux.com\/wp-content\/uploads\/2021\/08\/5Caro.-424x300.jpg 424w, https:\/\/antonioromoleroux.com\/wp-content\/uploads\/2021\/08\/5Caro..jpg 1772w\" sizes=\"auto, (max-width: 584px) 100vw, 584px\" \/><\/a><br \/>\n\u00bfQu\u00e9 adversidad  quiere compartir?<br \/>\nTengo una hernia discal, en la parte lumbar de la columna vertebral.<\/p>\n<p>\u00bfCu\u00e1l fue su proceso de  superaci\u00f3n personal?<br \/>\nPrimero fue aceptar.  Hubo temor, s\u00ed, hubo el temor de no poder salir de ese estado y del hecho de tener que aceptar la cirug\u00eda como opci\u00f3n, sin embargo, el temor no le gan\u00f3 al amor. El dolor fue cediendo a diario, d\u00edas dif\u00edciles en los que mi familia y amigos me ayudaban. Es entonces que el m\u00e9dico me env\u00eda a caminar en el agua y si era posible: nadar. Fue \u00fanicamente el agua que logr\u00f3 sanar mi cuerpo y mi alma. Desde entonces, hace 3 a\u00f1os aproximadamente, no he parado de nadar. <\/p>\n<p>\u00bfQu\u00e9 influy\u00f3 en su proceso de resiliencia?<br \/>\nMucho tuvo influencia la constancia y el deseo de cambiar, de sanar y pasar a otro nivel, mental y emocional. Pero sobre todo, influy\u00f3 el hecho de que el tipo de rehabilitaci\u00f3n (caminar en el agua y nadar) era (y es) una actividad que produce absoluto bienestar, paz, armon\u00eda y amor.<\/p>\n<p>\u00bfC\u00f3mo se siente en la actualidad?<br \/>\nVivo normalmente con una hernia discal. Tengo sensibilidad y sobre todo, la nataci\u00f3n se convirti\u00f3 en mi camino. Es el camino que me ha llevado a encontrar respuestas sobre mi comportamiento, sobre mi perseverancia, sobre mi autoestima y sobre todo mi reconexi\u00f3n, mi integraci\u00f3n del cuerpo, de mi mente y de mi alma. El nadar y el estar en el agua hace que pueda vivir en paz.<br \/>\n\u00abCaro\u00bb fotograf\u00eda digital y texto 42&#215;60 cm. 2014<\/p>\n<p><a href=\"https:\/\/antonioromoleroux.com\/wp-content\/uploads\/2022\/05\/Andres.jpg\"><img loading=\"lazy\" decoding=\"async\" src=\"https:\/\/antonioromoleroux.com\/wp-content\/uploads\/2022\/05\/Andres-1024x724.jpg\" alt=\"\" width=\"584\" height=\"413\" class=\"aligncenter size-large wp-image-9137\" srcset=\"https:\/\/antonioromoleroux.com\/wp-content\/uploads\/2022\/05\/Andres-1024x724.jpg 1024w, https:\/\/antonioromoleroux.com\/wp-content\/uploads\/2022\/05\/Andres-300x212.jpg 300w, https:\/\/antonioromoleroux.com\/wp-content\/uploads\/2022\/05\/Andres-768x543.jpg 768w, https:\/\/antonioromoleroux.com\/wp-content\/uploads\/2022\/05\/Andres-424x300.jpg 424w\" sizes=\"auto, (max-width: 584px) 100vw, 584px\" \/><\/a><br \/>\n\u00bfQu\u00e9 adversidad quiere compartir?<br \/>\nMi adversidad pertenece a mi pasado y es un abuso sexual que sufr\u00ed de ni\u00f1o.<\/p>\n<p>\u00bfCu\u00e1l es su proceso de superaci\u00f3n personal?<br \/>\nCreo que ha sido asumir la responsabilidad de mi vida, puedo determinarme de muchas maneras positivas o negativas pero ante ellas ahora soy responsable,  pretendo dejar a un lado lo que pienso y dedicarme al acto de la responsabilidad, eso es lo que a m\u00ed me ha forjado y en el error he encontrado que ya no vuelve a ser c\u00edclico, ahora es realmente evolutivo.<\/p>\n<p>\u00bfQu\u00e9 influy\u00f3 en su resiliencia?<br \/>\nEl haber interiorizado mi proceso de aceptaci\u00f3n, eso marc\u00f3 en mi vida y me dio la pauta para saber qu\u00e9 es lo que puedo hacer con mis problemas con respecto a eso.<\/p>\n<p>\u00bfc\u00f3mo se siente en la actualidad?<br \/>\nEn la actualidad me siento, me escucho, me veo, soy, ya no ser\u00e9 ni fui, soy con lo que soy y soy responsable ahora de lo que hago; me siento tal cual como estoy, bien y mal en el momento, cada momento es distinto y bien y mal ser\u00eda como muy poco, hay muchos estados, estoy en todos y trasciendo en ellos porque no me detengo en ninguno, ese es realmente mi sentido de superaci\u00f3n.<br \/>\n\u00abAndr\u00e9s\u00bb fotograf\u00eda digital y texto 42&#215;60 cm. 2014<\/p>\n<p><a href=\"https:\/\/antonioromoleroux.com\/wp-content\/uploads\/2021\/08\/7Emi..jpg\"><img loading=\"lazy\" decoding=\"async\" src=\"https:\/\/antonioromoleroux.com\/wp-content\/uploads\/2021\/08\/7Emi.-1024x724.jpg\" alt=\"\" width=\"584\" height=\"413\" class=\"aligncenter size-large wp-image-8253\" srcset=\"https:\/\/antonioromoleroux.com\/wp-content\/uploads\/2021\/08\/7Emi.-1024x724.jpg 1024w, https:\/\/antonioromoleroux.com\/wp-content\/uploads\/2021\/08\/7Emi.-300x212.jpg 300w, https:\/\/antonioromoleroux.com\/wp-content\/uploads\/2021\/08\/7Emi.-768x543.jpg 768w, https:\/\/antonioromoleroux.com\/wp-content\/uploads\/2021\/08\/7Emi.-424x300.jpg 424w, https:\/\/antonioromoleroux.com\/wp-content\/uploads\/2021\/08\/7Emi..jpg 1772w\" sizes=\"auto, (max-width: 584px) 100vw, 584px\" \/><\/a><br \/>\n\u00bfQu\u00e9 adversidad quiere compartir?<br \/>\nA los seis a\u00f1os mis papas se separaron. Despu\u00e9s de eso, los problemas con mi mam\u00e1, desde violencia, maltrato y no solo de parte de ella sino de familiares en general.  A los ocho a\u00f1os, falleci\u00f3 mi abuelito, que era quien se hac\u00eda responsable de m\u00ed. Pas\u00e9 de un hogar a otro y eso tambi\u00e9n me marco mucho, porque nunca pude tener un sitio. Mi mam\u00e1 hab\u00eda viajado a Estados Unidos y yo quede en gran medida responsable de mi hermano.<\/p>\n<p>\u00bfCu\u00e1l es su proceso de realizaci\u00f3n personal?<br \/>\nFue cuando ya sal\u00ed de mi casa; con la ayuda de mi psic\u00f3loga empec\u00e9 a sentirme bien, porque empec\u00e9 a estudiar, a trabajar,  a ser independiente y a poder tomar decisiones, tuve que dejar lo que amaba, a quien amaba, tuve que poner prioridades, y muchas cosas de las que me gustaban no eran mis prioridades, no era lo que me hac\u00eda bien; era sacrificar, un sacrificio de los gustos de los placeres; descubrirme, darme a lo desconocido y eso fue un acto de fe, yo no pertenezco a ninguna iglesia pero creci\u00f3 en mi fe, en la vida, luz, en positivismo.<\/p>\n<p>\u00bfQu\u00e9 influy\u00f3 en su resiliencia?<br \/>\nMis 4 primeros a\u00f1os de vida fueron mis ejemplos que me hicieron ser valiente, en un hogar lleno de amor, donde nunca hubo peleas, donde hab\u00eda criterio, arte, m\u00fasica y eso fue lo que yo quer\u00eda volver a tener, tal vez ya no como en ese entonces, ya no estaba mam\u00e1, pero en mi interior tener algo as\u00ed, m\u00fasica arte, la vida, libertad, buscar una libertad interior. Dentro de todo, mi pap\u00e1 fue un gran ejemplo para m\u00ed, sigue siendo porque \u00e9l me ense\u00f1o muchas cosas que fueron herramientas para poder salir de esto.<\/p>\n<p>\u00bfC\u00f3mo se siente en la actualidad?<br \/>\nRealmente aun no me siento realizada, pero tengo metas, tengo sue\u00f1os y puedo decir que el d\u00eda de hoy, tengo un gran d\u00eda porque ya no es un pasado tormentoso, y no es un futuro desconocido, es un presente grandioso que puedo compartir. Me siento bien, me siento con deseos de vivir m\u00e1s y conocer m\u00e1s, ahora creo que he abierto los ojos  y que el mundo es inmenso.<br \/>\n\u00abEmi\u00bb fotograf\u00eda digital y texto 42&#215;60 cm. 2014<\/p>\n<p><a href=\"https:\/\/antonioromoleroux.com\/wp-content\/uploads\/2021\/08\/8margarita..jpg\"><img loading=\"lazy\" decoding=\"async\" src=\"https:\/\/antonioromoleroux.com\/wp-content\/uploads\/2021\/08\/8margarita.-1024x724.jpg\" alt=\"\" width=\"584\" height=\"413\" class=\"aligncenter size-large wp-image-8254\" srcset=\"https:\/\/antonioromoleroux.com\/wp-content\/uploads\/2021\/08\/8margarita.-1024x724.jpg 1024w, https:\/\/antonioromoleroux.com\/wp-content\/uploads\/2021\/08\/8margarita.-300x212.jpg 300w, https:\/\/antonioromoleroux.com\/wp-content\/uploads\/2021\/08\/8margarita.-768x543.jpg 768w, https:\/\/antonioromoleroux.com\/wp-content\/uploads\/2021\/08\/8margarita.-425x300.jpg 425w, https:\/\/antonioromoleroux.com\/wp-content\/uploads\/2021\/08\/8margarita..jpg 1772w\" sizes=\"auto, (max-width: 584px) 100vw, 584px\" \/><\/a><br \/>\n\u00bfQu\u00e9 actividad quiere compartir?<br \/>\nMi experiencia acerca de una de esas etapas de la vida, que sin que uno se d\u00e9 cuenta, todo est\u00e1 mal. Todo esto comenz\u00f3 en el 2011, ya hab\u00eda salido de la casa de mis padres y ten\u00eda un t\u00edtulo universitario en restauraci\u00f3n de arte, pero que para este a\u00f1o no me serv\u00eda de mucho, no me hab\u00eda sentido tan desgraciada y desdichada en mi vida. Ten\u00eda muchos problemas, no me hab\u00eda dado cuenta de lo agresivo que era mi aspecto y mi forma de expresarme. Decid\u00ed estudiar un posgrado en Historia de Arte, sin embargo segu\u00eda sin conseguir trabajo. Sucedi\u00f3 que mis padres se hab\u00edan separado, fue un colapso, un golpe que me llev\u00f3 a la depresi\u00f3n; el dinero sigui\u00f3 escaseando y mi autoestima sigui\u00f3 a la baja. La separaci\u00f3n de mis padres, una ruptura amorosa, sin trabajo, sin ahorros, con deudas y la m\u00e1s grande desventaja: sin esperanza de ninguna clase.<\/p>\n<p>\u00bfCu\u00e1l fue su proceso de realizaci\u00f3n personal?<br \/>\nEmpec\u00e9 a conocer a nuevos amigos, ellos me escucharon todo lo que hab\u00eda pasado y escucharon mi dolor, eso fue clave, porque pude expresar lo que estaba sucediendo en mi interior. Por fin pude tener un trabajo de buena remuneraci\u00f3n, no era lo que me gustaba, pero ya era una puerta abierta, eso me llen\u00f3 de mucha alegr\u00eda porque pod\u00eda sentirme \u00fatil, ha sido un constante cambio que no termina, poner en la balanza lo bueno y lo malo, parar de hacer las mismas cosas sin obtener algo positivo, como culparme de todo, sentirme inferior, recordar una y otra vez momentos de mucho sufrimiento, de sentir que la vida es injusta. Calm\u00e9 mi mente por un momento, tuve mi tiempo de descanso, otro de b\u00fasqueda de respuestas y finalmente de poner en pr\u00e1ctica valores morales y espirituales, como la honestidad, la amabilidad, el respeto. Despu\u00e9s meses de sacar mi dolor emocional, call\u00e9 para o\u00edr a otros sus experiencias de vida, analic\u00e9 sus palabras y sobre todo, dej\u00e9 que estas historias tocaran mis sentimientos, para reconocer que este no fue el final del camino, sino el comienzo de uno m\u00e1s grande.<\/p>\n<p>\u00bfQu\u00e9 influy\u00f3 en su proceso de resiliencia?<br \/>\nEn primer lugar investigar acerca de qu\u00e9 son y significan los valores espirituales, Uno de estos es el amor, que parte desde uno mismo, por ejemplo, hoy cuido mi cuerpo de sustancias t\u00f3xicas como el alcohol y el tabaco, cuido mi mente alej\u00e1ndome de personas agresivas, la prensa amarillista, las confrontaciones de tipo sexistas y racistas, tampoco creo en todo lo que me dicen en la prensa, ahora busco formar mi propia opini\u00f3n desde varios puntos de vista.<br \/>\nEl amor a los dem\u00e1s, ser cort\u00e9s, tener respeto por toda clase de vida, se me hace indispensable el cultivo de la paciencia y la tolerancia. Tener claro de que s\u00f3lo y exclusivamente tengo la misi\u00f3n de cambiarme a m\u00ed, y que lo puedo transmitir a los dem\u00e1s con el buen ejemplo.<\/p>\n<p>\u00bfC\u00f3mo se siente en la actualidad?<br \/>\nHoy siento que soy una persona nueva, que todo es nuevo, ahora es un continuo aprendizaje que ha rejuvenecido toda mi vida, como cuando eres ni\u00f1o y la curiosidad est\u00e1 despierta como un instinto, as\u00ed me siento, libre de toda cadena de amargura y de pena, s\u00e9 que van a venir  problemas, pero esa misma curiosidad me har\u00e1 encontrar la soluci\u00f3n, ese es otro sentimiento: ser soluci\u00f3n.<br \/>\nTengo mi hogar, consegu\u00ed graduarme de mi especializaci\u00f3n, tengo una gama diversa de amigos que tenemos en com\u00fan el enfrentar la vida tal como es, tengo el cari\u00f1o de mis padres a pesar de que no est\u00e1n juntos, tengo una nueva relaci\u00f3n con un hombre con el que compartimos una misma creencia de vida y fe,  tengo mi trabajo, la paciencia y la tolerancia y finalmente vivo con la esperanza de que todo lo mejor vendr\u00e1 a mi vida, soy y ser\u00e9 feliz porque he escogido hoy ser as\u00ed.<br \/>\n\u00abMagui\u00bb fotograf\u00eda digital y texto 42&#215;60 cm. 2014<\/p>\n<p><a href=\"https:\/\/antonioromoleroux.com\/wp-content\/uploads\/2021\/08\/9ligia-comprimida.jpg\"><img loading=\"lazy\" decoding=\"async\" src=\"https:\/\/antonioromoleroux.com\/wp-content\/uploads\/2021\/08\/9ligia-comprimida-1024x683.jpg\" alt=\"\" width=\"584\" height=\"390\" class=\"aligncenter size-large wp-image-8255\" srcset=\"https:\/\/antonioromoleroux.com\/wp-content\/uploads\/2021\/08\/9ligia-comprimida-1024x683.jpg 1024w, https:\/\/antonioromoleroux.com\/wp-content\/uploads\/2021\/08\/9ligia-comprimida-300x200.jpg 300w, https:\/\/antonioromoleroux.com\/wp-content\/uploads\/2021\/08\/9ligia-comprimida-768x512.jpg 768w, https:\/\/antonioromoleroux.com\/wp-content\/uploads\/2021\/08\/9ligia-comprimida-450x300.jpg 450w\" sizes=\"auto, (max-width: 584px) 100vw, 584px\" \/><\/a><br \/>\nEmpezar\u00e9 contestando la \u00faltima pregunta&#8230;..<br \/>\nSegura de que s\u00ed unimos voluntades, este mundo ser\u00eda distinto.  Y para esto, debemos siempre empezar por nosotros mismos, por mover nuestra voluntad, decidirnos a hacerlo.   Me siento bendecida, agradecida y humilde.<br \/>\nVengo de una familia que, como la mayor\u00eda, trabajaba para subsistir.  Mis padres, con todo su amor y dedicaci\u00f3n, plantaron en m\u00ed el trabajo, la responsabilidad y la honradez.<br \/>\nMi sue\u00f1o como mujer era tener una familia numerosa, ser madre de familia, criar a mis 5 hijos!  jugar con ellos y ser muy, muy feliz&#8230;.como en los cuentos de hadas&#8230;.propios de una madre \/ ni\u00f1a de 21 a\u00f1os, ahora tengo 49.<br \/>\nSin embargo la vida me deparaba otra cosa, a mi hijito amado, el primog\u00e9nito y para el que ten\u00eda una infinidad de sue\u00f1os, a los seis meses de edad le diagnosticaron una lesi\u00f3n cerebral, seg\u00fan el m\u00e9dico, irreversible y con consecuencias nefastas para su crecimiento y desarrollo&#8230;&#8230;\u00bbiba a ser un vegetal\u201d, me dijo el m\u00e9dico&#8230;&#8230;El amor a la vida, la fuerza que sosten\u00eda mi vida, el amor y fe en Dios, esa fuerza y\/o energ\u00eda que fluye en todo lo que existe, la esperanza que vive y permanece en mi coraz\u00f3n por siempre, me dieron el valor para NO ACEPTARLO, yo decid\u00ed no aceptar esta circunstancia en mi vida , decid\u00ed no aceptar esto para la vida de mi hijo, decid\u00ed trabajar, hacer todo lo que est\u00e9 en mis manos, la ciencia, la tecnolog\u00eda, todo para que no se cumpla lo que dec\u00eda el m\u00e9dico.  Con el paso del tiempo, ahora mi hijo tiene 27 a\u00f1os, agradezco a Dios por haberme dado la fuerza y sobre todo el amor para sobrellevar este reto que me pon\u00eda la vida, puesto que Luis Alejandro luego de tortuosas terapias para ambos&#8230;..logr\u00f3 sostener su cabecita, gatear, caminar, correr&#8230;.hasta gan\u00f3 medallas en las competencias escolares&#8230;..  Si bien en su psicomotricidad gruesa logramos grandes avances, la epilepsia que se le desarroll\u00f3 a sus siete a\u00f1itos, fue muy dif\u00edcil manejarla, si a esto sumamos el retardo mental que tiene derivado de su lesi\u00f3n. Actualmente est\u00e1 aprendiendo las habilidades para lograr su autonom\u00eda en las actividades de la vida diaria.<br \/>\nEn mi caso, aceptar esta realidad fue terriblemente doloroso, mi vida s\u00fabitamente dio un giro irreversible, llor\u00e9 hasta que no tuve m\u00e1s l\u00e1grimas, pero ante la realidad, ten\u00eda que seguir adelante. Empec\u00e9 a investigar todo lo que pod\u00eda, a buscar los mejores m\u00e9dicos, a darle todas las terapias que pod\u00eda, a nutrir su cuerpo,  mente y coraz\u00f3n con el amor que una madre tiene por su hijito, asumiendo con responsabilidad pero con mucho dolor y frustraci\u00f3n tambi\u00e9n.<br \/>\nHe tratado de leer cuanto libro he podido para tratar de entender  como funciona nuestro cerebro y poder comprender a Luis y apoyarlo de la mejor manera y, ah\u00ed fue donde sucedi\u00f3 el milagro, porque precisamente tratando de ayudar a Luis, me ayude a m\u00ed misma&#8230;.sin saberlo.<br \/>\nEste leer e investigar me ha hecho entender y tomar conciencia de quien soy, de aceptarme como soy, con todos mis \u00abgrises\u201d, a comprender que tengo el derecho a llorar, a entender mis limitaciones y superarlas, porque lo m\u00e1s hermoso que en este proceso interno he logrado materializar, es que con amor, pasi\u00f3n y voluntad, las ganas y la decisi\u00f3n de hacerlo, todo se puede lograr.  De ah\u00ed naci\u00f3 tambi\u00e9n mi amor hacia el monta\u00f1ismo, puesto que el sentirme tan infinitamente min\u00fascula ante la grandeza de la vida y la naturaleza, me ha dado la humildad pero tambi\u00e9n la fuerza para lograr los objetivos propuestos.   Considero que la monta\u00f1a es una analog\u00eda con la vida misma y por influencia de uno de los \u00ab\u00e1ngeles\u00bb que Dios puso en mi vida, me auto diagnostiqu\u00e9 estar en contacto con la naturaleza y subir monta\u00f1as en lugar de tomar antidepresivos como me hab\u00eda recomendado el psiquiatra d\u00edas antes.<br \/>\n\u00abLigia\u00bb fotograf\u00eda digital y texto 42&#215;60 cm. 2014<\/p>\n<p><a href=\"https:\/\/antonioromoleroux.com\/wp-content\/uploads\/2015\/06\/Joaquin-comprimida.jpg\"><img loading=\"lazy\" decoding=\"async\" src=\"https:\/\/antonioromoleroux.com\/wp-content\/uploads\/2015\/06\/Joaquin-comprimida-1024x768.jpg\" alt=\"Joaquin comprimida\" width=\"584\" height=\"438\" class=\"aligncenter size-large wp-image-7347\" srcset=\"https:\/\/antonioromoleroux.com\/wp-content\/uploads\/2015\/06\/Joaquin-comprimida.jpg 1024w, https:\/\/antonioromoleroux.com\/wp-content\/uploads\/2015\/06\/Joaquin-comprimida-300x225.jpg 300w, https:\/\/antonioromoleroux.com\/wp-content\/uploads\/2015\/06\/Joaquin-comprimida-400x300.jpg 400w\" sizes=\"auto, (max-width: 584px) 100vw, 584px\" \/><\/a><br \/>\n\u00bfQu\u00e9 adversidad quiere compartir?<br \/>\nDepresi\u00f3n y baja autoestima.<\/p>\n<p>\u00bfEn que consiste su proceso de realizaci\u00f3n personal?<br \/>\nAlgo que encontr\u00e9 en mi vida y que no sab\u00eda direccionarlo es la rebeld\u00eda interna, hasta que me di cuenta que nunca me ha gustado la discriminaci\u00f3n, el odio o la segregaci\u00f3n; sigo siendo rebelde pero ahora hago algo por la gente que est\u00e1 indefensa, el bienestar com\u00fan es lo que me marca profesionalmente  mi vida, claro que esto implica muchas distanciamientos necesarios para trascender material, espiritual,  profesional y socialmente. <\/p>\n<p>\u00bfQu\u00e9 influy\u00f3 en su resiliencia?<br \/>\nLa sicolog\u00eda me ayudo para irme desligando de ciertos preceptos que han estado mal, un tratamiento profesional con un sic\u00f3logo y siquiatra me ha ayudado bastante,  as\u00ed como tambi\u00e9n encontrar gente muy ch\u00e9vere que me ayuda a crecer en mi vida, me han ense\u00f1ado, sobre todo, caminos espirituales que me dan mucha fortaleza;  una de las cosas principales que  ha aportado en mi proceso ha sido hablar, porque con la depresi\u00f3n lo que he hecho es retraerme y aislarme, en cambio hablando me libero; me ayuda mucho hacer las cosas en colectivo, creo que es m\u00e1s f\u00e1cil hacerlo en conjunto. Tambi\u00e9n me he alejado de los tragos porque me tiran hacia abajo. El deporte, lo que implica la disciplina de levantarme temprano, de comer m\u00e1s saludablemente. Tengo que se\u00f1alar much\u00edsimo el apoyo que ha sido mi familia, hablar con ellos, aceptar a mis padres, esto lo voy aprendiendo d\u00eda a d\u00eda.   La fuerza del amor espiritual es important\u00edsima. <\/p>\n<p>\u00bfC\u00f3mo se siente en la actualidad?<br \/>\nEl ir encontrando respuestas sobre m\u00ed mismo a trav\u00e9s de un trabajo interior me alivia; al igual que ir direccionando la rebeld\u00eda y hacer algo en concreto por los que me rodean, en verdad que me alivia. Algunas cosas ya he superado completamente, pero a diario tengo que estar en contacto con mi parte espiritual, que no es una religi\u00f3n o un solo Dios, para mi existen muchos Dioses. Puedo decir que ahora estoy viviendo una vida m\u00e1s centrada,  un poco m\u00e1s organizada, tranquilo en unos aspectos y en otros con esa ansiedad de seguir trabajando, es muy linda esa sensaci\u00f3n de decir \u201chaz logrado cosas, pero camina m\u00e1s, hay que seguir adelante\u201d.<br \/>\n\u00abJoaquin\u00bb fotograf\u00eda digital y texto 42&#215;60 cm. 2014<\/p>\n<p><a href=\"https:\/\/antonioromoleroux.com\/wp-content\/uploads\/2015\/06\/Helena-comprimida.jpg\"><img loading=\"lazy\" decoding=\"async\" src=\"https:\/\/antonioromoleroux.com\/wp-content\/uploads\/2015\/06\/Helena-comprimida-1024x724.jpg\" alt=\"Helena comprimida\" width=\"584\" height=\"413\" class=\"aligncenter size-large wp-image-7361\" srcset=\"https:\/\/antonioromoleroux.com\/wp-content\/uploads\/2015\/06\/Helena-comprimida.jpg 1024w, https:\/\/antonioromoleroux.com\/wp-content\/uploads\/2015\/06\/Helena-comprimida-300x212.jpg 300w, https:\/\/antonioromoleroux.com\/wp-content\/uploads\/2015\/06\/Helena-comprimida-424x300.jpg 424w\" sizes=\"auto, (max-width: 584px) 100vw, 584px\" \/><\/a><br \/>\n\u00bfQu\u00e9 adversidad quiere compartir?<br \/>\nMi rol como madre-hermana en la adolescencia debido a una grave enfermedad de mi madre (con 14 a\u00f1os quedo a cargo de mis hermanos menores) y la lucha por mi supervivencia. Hija de madre divorciada. Fallece mi madre despu\u00e9s de padecer su segunda enfermedad. Un a\u00f1o antes fallece mi abuela materna. Estas muertes tempranas provocaron la disoluci\u00f3n familiar. Una vez sola (con 23 a\u00f1os) emprendo mi \u00faltimo a\u00f1o de estudios en artes con una beca y al mismo tiempo empiezo mi lucha para conseguir un techo y comida con mi primer trabajo.<\/p>\n<p>\u00bfCu\u00e1l fue su proceso de superaci\u00f3n personal?<br \/>\nEl arte. La capacidad de crear desde los instintos y la sensibilidad, modelar en arcilla y tallar en madera. En la arcilla yo escapaba de la dureza de la realidad y la soledad y pod\u00eda proyectarme a m\u00ed misma sana y alegre, integrada a la naturaleza, feliz y en armon\u00eda; plasmaba los deseos m\u00e1s profundos de mi alma y toda la ternura de la que era y soy capaz. La curiosidad de aprender de manera aut\u00f3noma, inici\u00e9 mis estudios en ingl\u00e9s e italiano con algunos cursos privados y la mayor\u00eda de auto-aprendizaje. No acept\u00e9 juicios de valor sobre m\u00ed, siempre hubo en m\u00ed una voz interior digna, que resisti\u00f3 fiel a una imagen positiva de s\u00ed misma a pesar de todo.<\/p>\n<p>\u00bfQu\u00e9 influy\u00f3 en su resiliencia?<br \/>\nLa recuperaci\u00f3n de relaciones familiares positivas con otros c\u00edrculos de la familia me ense\u00f1\u00f3 a tener una buena actitud ante la vida, salir del papel de v\u00edctima, trabajar, seguir adelante y superarme. La ayuda parcial de un psic\u00f3logo. Lo m\u00e1s sano fue aislarme de conflictos y enfocar toda mi energ\u00eda en el auto aprendizaje y la autodisciplina. El mundo interior profundo y la tolerancia a la soledad, desarrollaron mi capacidad de enfoque en mi misma para potenciar mis habilidades. Desarroll\u00e9 la  comunicaci\u00f3n verbal, que en mi adolescencia era nula, mi profesor de pintura me infundi\u00f3 mucha confianza, seguridad y positivismo.<\/p>\n<p>\u00bfC\u00f3mo se siente en la actualidad?<br \/>\nHe superado una grave y peligrosa depresi\u00f3n, he le\u00eddo mucho sobre psicolog\u00eda y eso me ha ayudado a entender la problem\u00e1tica por la que pas\u00e9. El arte me salva. Adem\u00e1s est\u00e1 el ser consciente de mi propia capacidad de curarme. Hoy mantengo cordiales relaciones con toda mi familia, por lo que estoy sumamente agradecida con ellos. Esto contribuye de manera fundamental con mi salud emocional, mi identidad y adaptaci\u00f3n en Alemania. Hace tres a\u00f1os aprend\u00ed a cantar y contin\u00fao bailando. Mi lema: no al papel de v\u00edctima.<br \/>\n\u00abHelena\u00bb fotograf\u00eda digital y texto 42&#215;60 cm. 2014 Leipzig-Alemania<\/p>\n<p><a href=\"https:\/\/antonioromoleroux.com\/wp-content\/uploads\/2021\/08\/11eulalia..jpg\"><img loading=\"lazy\" decoding=\"async\" src=\"https:\/\/antonioromoleroux.com\/wp-content\/uploads\/2021\/08\/11eulalia.-1024x768.jpg\" alt=\"\" width=\"584\" height=\"438\" class=\"aligncenter size-large wp-image-8257\" srcset=\"https:\/\/antonioromoleroux.com\/wp-content\/uploads\/2021\/08\/11eulalia.-1024x768.jpg 1024w, https:\/\/antonioromoleroux.com\/wp-content\/uploads\/2021\/08\/11eulalia.-300x225.jpg 300w, https:\/\/antonioromoleroux.com\/wp-content\/uploads\/2021\/08\/11eulalia.-768x576.jpg 768w, https:\/\/antonioromoleroux.com\/wp-content\/uploads\/2021\/08\/11eulalia.-400x300.jpg 400w, https:\/\/antonioromoleroux.com\/wp-content\/uploads\/2021\/08\/11eulalia..jpg 1772w\" sizes=\"auto, (max-width: 584px) 100vw, 584px\" \/><\/a><br \/>\n\u00bfQu\u00e9 adversidad quiere compartir?<br \/>\nMe ca\u00ed y me romp\u00ed un vertebra; al ser una madre que sale adelante con sus hijos sola, te sientes impotente, desvalida, incluso te preguntas d\u00f3nde est\u00e1 el ser superior  que te cuida, por qu\u00e9 me est\u00e1 sucediendo esto cuando mis hijos dependen de m\u00ed y yo no me puedo mover?<\/p>\n<p>\u00bfCu\u00e1l fue su proceso de realizaci\u00f3n personal?<br \/>\nTuve que estar hospitalizada una semana,  fui poco a poco recuperando la fuerza de los brazos, ten\u00eda que usar un chaleco con  varillas que no me pod\u00eda sacar, ten\u00eda que dormir con esto, estuve seis meses as\u00ed,  por suerte el trabajo de ilustrar con el l\u00e1piz digital que uso, me hizo retomar mis actividades de mi profesi\u00f3n; cuando uno tiene este trabajo de ilustrar, trabaja sin parar, uno siente que controla el tiempo, con este episodio  me di cuenta que el tiempo lo controla una fuerza superior, que en cualquier momento pueden pasar estos accidentes; uno debe despertarse consiente de que es un nuevo d\u00eda y dar gracias por todo lo que tiene; esa fue la gran lecci\u00f3n de todo esto, el decir \u201ceste d\u00eda estoy bien, brilla el sol, voy avanzando\u201d.<\/p>\n<p>\u00bfQu\u00e9 influy\u00f3 en su resiliencia?<br \/>\nMi mundo de la ilustraci\u00f3n de los cuentos que me permite siempre maravillarme de las cosas hermosas, mi trabajo me ayuda mucho en ese sentido, la libertad de dibujar, de vivir dentro del arte, me siento en este proceso de estar  evolucionando;  el ser consciente de que al cuerpo hay que tratarle bien, hace que uno se cuide y valore m\u00e1s a s\u00ed mismo.<\/p>\n<p>\u00bfC\u00f3mo se siente en la actualidad?<br \/>\nYo me siento siempre bendecida por mis hijos, por la ternura de ser madre y por el arte de la ilustraci\u00f3n que me fue dado y eso pienso que es lo m\u00e1s valioso en mi vida.<br \/>\n\u00abEulalia\u00bb fotograf\u00eda digital y texto 42&#215;60 cm. 2014<\/p>\n<p><a href=\"https:\/\/antonioromoleroux.com\/wp-content\/uploads\/2021\/08\/13Alejandra..jpg\"><img loading=\"lazy\" decoding=\"async\" src=\"https:\/\/antonioromoleroux.com\/wp-content\/uploads\/2021\/08\/13Alejandra.-1024x724.jpg\" alt=\"\" width=\"584\" height=\"413\" class=\"aligncenter size-large wp-image-8258\" srcset=\"https:\/\/antonioromoleroux.com\/wp-content\/uploads\/2021\/08\/13Alejandra.-1024x724.jpg 1024w, https:\/\/antonioromoleroux.com\/wp-content\/uploads\/2021\/08\/13Alejandra.-300x212.jpg 300w, https:\/\/antonioromoleroux.com\/wp-content\/uploads\/2021\/08\/13Alejandra.-768x543.jpg 768w, https:\/\/antonioromoleroux.com\/wp-content\/uploads\/2021\/08\/13Alejandra.-424x300.jpg 424w, https:\/\/antonioromoleroux.com\/wp-content\/uploads\/2021\/08\/13Alejandra..jpg 1772w\" sizes=\"auto, (max-width: 584px) 100vw, 584px\" \/><\/a><br \/>\n\u00bfQu\u00e9 adversidad quiere compartir?<br \/>\nA principios del a\u00f1o 2013, durante los ex\u00e1menes ginecol\u00f3gicos de rutina que me hago cada a\u00f1o, me detectaron un c\u00e1ncer de mama, fue una detecci\u00f3n a tiempo, es el consuelo que hasta el d\u00eda de hoy me da el m\u00e9dico, el impacto de la noticia fue muy fuerte y totalmente inesperada, sent\u00ed que se acortaban todos mis planes, pero ten\u00eda que ser fuerte para darles la noticia a mi marido e hijos. En octubre, mediante una cirug\u00eda retiraron una peque\u00f1a parte de tejido mamario, luego de 5 d\u00edas volv\u00ed al trabajo, no pod\u00eda quedarme acostada dejando que mi cabeza se lamentara por lo que ven\u00eda al mes siguiente, 45 sesiones de Radioterapia, para luego de 3 meses comenzar la Hormonoterapia que ser\u00e1 m\u00e1s larga, 5 a\u00f1os. <\/p>\n<p>\u00bfCu\u00e1l fue su proceso de superaci\u00f3n personal?<br \/>\nEl proceso es inconsciente, solo las ganas de vivir, de sentir, de mirar, de disfrutar este fragmento de tiempo que es la vida. <\/p>\n<p>\u00bfQu\u00e9 influy\u00f3 en su proceso de resiliencia?<br \/>\nEl amor, las ganas de vivir y seguir so\u00f1ando. <\/p>\n<p>\u00bfC\u00f3mo se siente en la actualidad?<br \/>\nMe siento plena al saber que aunque a veces no todo es positivo, siempre hay una posibilidad de revertirlo y ser feliz.<br \/>\n\u00abAlejandra\u00bb fotograf\u00eda digital y texto 42&#215;60 cm. 2013, Santiago de Chile.<\/p>\n<p><a href=\"https:\/\/antonioromoleroux.com\/wp-content\/uploads\/2021\/08\/16Camilo..jpg\"><img loading=\"lazy\" decoding=\"async\" src=\"https:\/\/antonioromoleroux.com\/wp-content\/uploads\/2021\/08\/16Camilo.-1024x487.jpg\" alt=\"\" width=\"584\" height=\"278\" class=\"aligncenter size-large wp-image-8259\" srcset=\"https:\/\/antonioromoleroux.com\/wp-content\/uploads\/2021\/08\/16Camilo.-1024x487.jpg 1024w, https:\/\/antonioromoleroux.com\/wp-content\/uploads\/2021\/08\/16Camilo.-300x143.jpg 300w, https:\/\/antonioromoleroux.com\/wp-content\/uploads\/2021\/08\/16Camilo.-768x365.jpg 768w, https:\/\/antonioromoleroux.com\/wp-content\/uploads\/2021\/08\/16Camilo.-500x238.jpg 500w, https:\/\/antonioromoleroux.com\/wp-content\/uploads\/2021\/08\/16Camilo..jpg 1772w\" sizes=\"auto, (max-width: 584px) 100vw, 584px\" \/><\/a><br \/>\n\u00bfQu\u00e9 adversidad  quiere compartir?<br \/>\nFui dependiente de corticoides por muchos a\u00f1os producto de un problema d\u00e9rmico. Recuerdo haber tenido una erupci\u00f3n al\u00e9rgica en mi piel durante largo  tiempo que fue m\u00e1gicamente \u201ccurada\u201d por una crema -costosa pero efectiva- que al principio era una maravilla pero termin\u00f3 siendo un dolor de cabeza. Cada vez era menos efectiva y requer\u00eda de mayores cantidades, gast\u00e9 mucho dinero en ello. Adicionalmente, la concepci\u00f3n alop\u00e1tica de la medicina me plante\u00f3 una encrucijada casi insoluble, no pod\u00eda comer \u201cnada con colorantes -incluso frutas y legumbres naturales-, chocolates, nada irritante, aj\u00ed, no harinas blancas, no alcohol, no c\u00edtricos, no tomate, zanahorias, fresas, carne, embutidos, fritos, aceites, etc.\u201d,\u2026 pregunt\u00e9 \u00bfqu\u00e9 pod\u00eda comer? \u2026 la respuesta \u201ccoma el resto\u201d me sorprendi\u00f3 mucho, m\u00e1s a\u00fan por la falta de apoyo pr\u00e1ctico, profesionalismo, nada creativo, con frialdad y carente de empatismo.<br \/>\n Sin opciones tuve que enfrentarme a una situaci\u00f3n que aportaba el miedo suficiente como para paralizarme y no disponer de elementos para continuar de pie de una manera digna.<\/p>\n<p>\u00bfCu\u00e1l fue su proceso de superaci\u00f3n personal?<br \/>\nAntes que buscar de espacios, cosas, alternativas y seres que me ayudaron en el momento justo a superar algunas creencias; encontr\u00e9 las situaciones y personas maravillosas que me ayudaron con paciencia, amor y luz a encontrarme desde diferentes aspectos y facetas.<br \/>\nEn primer lugar tuve una mirada introspectiva para ubicar algunos por qu\u00e9 me estaban ocurriendo estas cosas, hasta realizar intuitivamente un viaje -realmente corto- de apenas 15 cent\u00edmetros y llegar al lugar en donde residen mis emociones. Luego con varias maestras y maestros entender que la din\u00e1mica entre sentir y pensar no era coherente conmigo y esto se expresaba f\u00edsica e inconscientemente en mi cuerpo en forma de alergia, producto del rechazo a una inconformidad con varios aspectos de mi vida. Parte del proceso fue trabajar con nuevas ideas, pensamientos y actitudes para cambiar mi estado de ser.<\/p>\n<p>\u00bfQu\u00e9 influy\u00f3 en su proceso de resiliencia?<br \/>\nPersonas maravillosas que he conocido a lo largo de mi vida a quienes agradezco profundamente, mi decisi\u00f3n personal de cambio para sostenerme hasta eliminar mis pulsiones hasta dejar el uso de medicamentos qu\u00edmicos y probar alternativas que me sirvieron efectivamente.<\/p>\n<p>\u00bfC\u00f3mo se siente en la actualidad?<br \/>\nMuy bien! Contin\u00fao trabajando cotidianamente en el posicionamiento de ideas y pensamientos que me ayudan a cambiar, sentir y sostener los logros alcanzados.<br \/>\n\u00abCamilo\u00bb fotograf\u00eda digital y texto 42&#215;60 cm. 2014<\/p>\n<p><a href=\"https:\/\/antonioromoleroux.com\/wp-content\/uploads\/2021\/08\/17alex..jpg\"><img loading=\"lazy\" decoding=\"async\" src=\"https:\/\/antonioromoleroux.com\/wp-content\/uploads\/2021\/08\/17alex.-1024x724.jpg\" alt=\"\" width=\"584\" height=\"413\" class=\"aligncenter size-large wp-image-8260\" srcset=\"https:\/\/antonioromoleroux.com\/wp-content\/uploads\/2021\/08\/17alex.-1024x724.jpg 1024w, https:\/\/antonioromoleroux.com\/wp-content\/uploads\/2021\/08\/17alex.-300x212.jpg 300w, https:\/\/antonioromoleroux.com\/wp-content\/uploads\/2021\/08\/17alex.-768x543.jpg 768w, https:\/\/antonioromoleroux.com\/wp-content\/uploads\/2021\/08\/17alex.-424x300.jpg 424w, https:\/\/antonioromoleroux.com\/wp-content\/uploads\/2021\/08\/17alex..jpg 1772w\" sizes=\"auto, (max-width: 584px) 100vw, 584px\" \/><\/a><br \/>\n\u00bfQu\u00e9 adversidad quiere compartir?<br \/>\nAl nacer tuve poliomielitis esto marc\u00f3 un camino dif\u00edcil y de muchos aprendizajes hasta el presente. <\/p>\n<p>\u00bfCu\u00e1l fue su proceso de superaci\u00f3n personal?<br \/>\nCuando era ni\u00f1a aprend\u00ed a mirar las cosas sencillas de la vida, compart\u00ed largos momentos con ni\u00f1os con otros problemas de salud, permaneciendo varios meses en hospitales, sin embargo aprend\u00ed a relacionarme con ellos, ser emp\u00e1tica con su dolor pero a la vez no perder la capacidad de re\u00edr, jugar y comunicarme, luego al crecer me di cuenta que era necesario valorar la fortaleza que ten\u00eda para salir adelante, conectarme con mi lado espiritual, buscar alternativas de crecimiento personal para ser m\u00e1s consciente de lo que soy. Fui mam\u00e1 de dos hermosas hijas, desarroll\u00e9 mi capacidad de relacionarme con los ni\u00f1os al ser educadora respet\u00e1ndolos tal como son. En el presente busqu\u00e9 un camino diferente y me conect\u00e9 con mi rebeld\u00eda de juventud al sentir que si puede haber un mundo mejor y de qu\u00e9 manera puedo aportar para la sociedad, para el planeta y ser m\u00e1s consciente de que todos somos responsables de lo que vivimos, por esa raz\u00f3n soy parte de un proyecto de comercio justo. <\/p>\n<p>\u00bfQu\u00e9 influy\u00f3 en su proceso de resiliencia?<br \/>\nLa vivencia de la infancia. El mirar el dolor desde muy cerca. Mi sensibilidad frente a las cosas sencillas. El ser mam\u00e1. Mi contacto con los ni\u00f1os. En el presente descubrir que tengo otras habilidades que no las hab\u00eda explorado y las personas que est\u00e1n acompa\u00f1\u00e1ndome afectivamente. <\/p>\n<p>\u00bfC\u00f3mo se siente en la actualidad?<br \/>\nSoy una mujer feliz, cada d\u00eda siento que estoy viva y esto me ayuda a mirar un nuevo d\u00eda, amo lo que hago, creo en el amor universal y en un mundo mejor. Me amo a mi misma!<br \/>\n\u00abAlex\u00bb fotograf\u00eda digital y texto 42&#215;60 cm. 2014<\/p>\n<p><a href=\"https:\/\/antonioromoleroux.com\/wp-content\/uploads\/2021\/08\/18maria-jose..jpg\"><img loading=\"lazy\" decoding=\"async\" src=\"https:\/\/antonioromoleroux.com\/wp-content\/uploads\/2021\/08\/18maria-jose.-1024x724.jpg\" alt=\"\" width=\"584\" height=\"413\" class=\"aligncenter size-large wp-image-8261\" srcset=\"https:\/\/antonioromoleroux.com\/wp-content\/uploads\/2021\/08\/18maria-jose.-1024x724.jpg 1024w, https:\/\/antonioromoleroux.com\/wp-content\/uploads\/2021\/08\/18maria-jose.-300x212.jpg 300w, https:\/\/antonioromoleroux.com\/wp-content\/uploads\/2021\/08\/18maria-jose.-768x543.jpg 768w, https:\/\/antonioromoleroux.com\/wp-content\/uploads\/2021\/08\/18maria-jose.-424x300.jpg 424w, https:\/\/antonioromoleroux.com\/wp-content\/uploads\/2021\/08\/18maria-jose..jpg 1417w\" sizes=\"auto, (max-width: 584px) 100vw, 584px\" \/><\/a><br \/>\n\u00bfQu\u00e9 adversidad quiere compartir?<br \/>\nYo sufr\u00ed un trauma craneal severo, una par\u00e1lisis del lado derecho de mi cuerpo y permanec\u00ed en coma alrededor de 3 semanas a ra\u00edz de un accidente automovil\u00edstico, con muchas secuelas. <\/p>\n<p>\u00bfCu\u00e1l fue su proceso de superaci\u00f3n personal?<br \/>\nEl proceso de superaci\u00f3n personal, creo que lo sent\u00ed a\u00f1os despu\u00e9s, ya que durante casi 3 a\u00f1os estuve recuper\u00e1ndome con much\u00edsimas terapias, como terapia f\u00edsica, aprendiendo a darme la vuelta en la cama, hasta terapia ocupacional, y otras, ya que mi mano derecha estaba seg\u00fan una de las terapistas que tuve, muerta. Ahora, 9 a\u00f1os despu\u00e9s, soy licenciada en Dise\u00f1o de joyas y orfebre. Muchas personas saben lo que me paso, pero las que no saben, no pensar\u00edan que alguna vez me haya pasado nada.<br \/>\nMi superaci\u00f3n personal la vivo a diario, teniendo una vida como cualquier otra persona. <\/p>\n<p>\u00bfQu\u00e9 influy\u00f3 en su proceso de resiliencia?<br \/>\nEl amor infinito de mi familia y amigos, estoy 100% segura que no lo habr\u00eda logrado de otra manera. <\/p>\n<p>\u00bfC\u00f3mo se siente en la actualidad?<br \/>\nActualmente, me siento como cualquier otra persona, creo que esa es la mejor recompensa.<br \/>\n\u00abMaria Jose\u00bb fotograf\u00eda digital y texto 42&#215;60 cm. 2014<\/p>\n<p><a href=\"https:\/\/antonioromoleroux.com\/wp-content\/uploads\/2018\/09\/4andres-V.-comprimida.jpg\"><img loading=\"lazy\" decoding=\"async\" src=\"https:\/\/antonioromoleroux.com\/wp-content\/uploads\/2018\/09\/4andres-V.-comprimida.jpg\" alt=\"\" width=\"1984\" height=\"1417\" class=\"aligncenter size-full wp-image-7616\" \/><\/a><br \/>\nAdicci\u00f3n, Recuperaci\u00f3n y Resiliencia.<br \/>\nAtraves\u00e9 una etapa de consumo desde los 12 a\u00f1os, hasta los 19, cuando ingrese a una comunidad terap\u00e9utica en la ciudad de Milagro en la provincia del Guayas.<br \/>\nA ra\u00edz de las experiencias ganadas en la \u00e9poca de consumo como la posterior etapa en recuperaci\u00f3n, marcaron los lineamientos por los cuales he pasado con aciertos y errores, cometi\u00e9ndolos a cada instante, pero sobre todo aprendiendo de ellos, aunque no de todos.<br \/>\nHoy en d\u00eda gracias a estas etapas de aprendizaje que pase en mi vida se me ha permitido apoyar a lo largo de a\u00f1os a personas que est\u00e9n atravesando por problemas similares ya sea de manera directa o indirecta y desde escenarios muy distintos que permiten dar la mano desde distintos escenarios, al conocer que es un fen\u00f3meno dif\u00edcil de dar explicaci\u00f3n por los factores que lo causan y los problemas que genera no solo para la persona sino para la familia y la comunidad en s\u00ed. <\/p>\n<p>Transcurrido ya algunos a\u00f1os de aquella situaci\u00f3n en la que mi vida se vio cercada, despojado de cualquier oportunidad y esperanza debido a barreras mentales m\u00e1s que f\u00edsicas, perdiendo todo aspecto positivo que alg\u00fan d\u00eda pens\u00e9 tener, sumido en un mundo de caos, un mundo en el que vivir era un c\u00edrculo vicioso, una rutina de autodestrucci\u00f3n viviendo de fantas\u00edas y fantasmas de d\u00edas mejores, me ve\u00eda tocar cada d\u00eda un fondo tras otro. Pens\u00e9 que eso era normal, que as\u00ed deb\u00eda vivir, eso era lo que me gustaba y me permit\u00eda adentrarme m\u00e1s en esa falsa realidad que mi mente se encargaba de crear bajo esas circunstancias. <\/p>\n<p>Un encierro oportuno, encontrarme con personas iguales a m\u00ed, que compart\u00edamos la misma c\u00e1rcel en nuestras mentes, me permiti\u00f3 abrir la m\u00eda y darme cuenta que existe un mundo distinto al que hab\u00eda creado, que mis capacidades y habilidades segu\u00edan intactas que simplemente deb\u00eda revivirlas, que me estaban esperando, que el mundo y mi vida no eran esa rutina y que las oportunidades las hago yo, no el mundo.<br \/>\n\u00abAndr\u00e9s\u00bb fotograf\u00eda digital y texto 42&#215;60 cm. 2014<\/p>\n<p><\/p>","protected":false},"excerpt":{"rendered":"<p>Portada del Libro: \u00abEl Yo consciente\u00bb, MoMA, New York, USA, 2015. Foto obra: Portada libro El Yo Consciente by Antonio Romoleroux is licensed under a Creative Commons Reconocimiento-CompartirIgual 4.0 Internacional License.Creado a partir de la obra en https:\/\/antonioromoleroux.com\/es\/the-conscius-self\/. Esta obra interdisciplinaria aporta a la funci\u00f3n social del arte con una serie de retratos visuales y &hellip; <a href=\"https:\/\/antonioromoleroux.com\/es\/the-conscius-self\/\" class=\"more-link\">Seguir leyendo <span class=\"screen-reader-text\">El Yo consciente<\/span> <span class=\"meta-nav\">&rarr;<\/span><\/a><\/p>\n","protected":false},"author":2,"featured_media":0,"parent":0,"menu_order":5,"comment_status":"open","ping_status":"closed","template":"","meta":{"ngg_post_thumbnail":0,"footnotes":""},"class_list":["post-7336","page","type-page","status-publish","hentry"],"_links":{"self":[{"href":"https:\/\/antonioromoleroux.com\/es\/wp-json\/wp\/v2\/pages\/7336","targetHints":{"allow":["GET"]}}],"collection":[{"href":"https:\/\/antonioromoleroux.com\/es\/wp-json\/wp\/v2\/pages"}],"about":[{"href":"https:\/\/antonioromoleroux.com\/es\/wp-json\/wp\/v2\/types\/page"}],"author":[{"embeddable":true,"href":"https:\/\/antonioromoleroux.com\/es\/wp-json\/wp\/v2\/users\/2"}],"replies":[{"embeddable":true,"href":"https:\/\/antonioromoleroux.com\/es\/wp-json\/wp\/v2\/comments?post=7336"}],"version-history":[{"count":127,"href":"https:\/\/antonioromoleroux.com\/es\/wp-json\/wp\/v2\/pages\/7336\/revisions"}],"predecessor-version":[{"id":10529,"href":"https:\/\/antonioromoleroux.com\/es\/wp-json\/wp\/v2\/pages\/7336\/revisions\/10529"}],"wp:attachment":[{"href":"https:\/\/antonioromoleroux.com\/es\/wp-json\/wp\/v2\/media?parent=7336"}],"curies":[{"name":"wp","href":"https:\/\/api.w.org\/{rel}","templated":true}]}}