{"id":149,"date":"2012-06-28T12:53:17","date_gmt":"2012-06-28T17:53:17","guid":{"rendered":"https:\/\/antonioromoleroux.com\/?page_id=149"},"modified":"2025-10-19T19:04:25","modified_gmt":"2025-10-20T00:04:25","slug":"intaglios","status":"publish","type":"page","link":"https:\/\/antonioromoleroux.com\/es\/intaglios\/","title":{"rendered":"Amazon\u00eda espiritual"},"content":{"rendered":"<p>Esta serie realizada con \u00f3leo sobre intaglio, pintura vectorizada y escultura en m\u00e1rmol, est\u00e1 fundamentada en la semi\u00f3tica Amaz\u00f3nica. la Amazon\u00eda es la selva tropical m\u00e1s grande del mundo con la mayor biodiversidad del planeta y los pueblos originarios que la habitan, lo hacen de manera sustentable, conservar su semi\u00f3tica, es una forma de conservar su cultura. Los signos utilizados en las obras, provienen de la pictograf\u00eda facial que algunos pueblos originarios Amaz\u00f3nicos usan, significan animales y seres considerados sagrados, como la rana, Dios de la fertilidad, porque domina la vida en la tierra y en el agua; en biolog\u00eda occidental la rana es un bioindicador, esta analog\u00eda es importante para validar los saberes ancestrales. La semiolog\u00eda Amaz\u00f3nica ayuda a prevenir la extinci\u00f3n de millares de seres humanos y tambi\u00e9n de la flora y fauna end\u00e9micas de \u00e9ste ecosistema.<\/p>\n<p><a href=\"https:\/\/antonioromoleroux.com\/wp-content\/uploads\/2025\/07\/tu-alma-fb-scaled.jpg\"><img loading=\"lazy\" decoding=\"async\" src=\"https:\/\/antonioromoleroux.com\/wp-content\/uploads\/2025\/07\/tu-alma-fb-723x1024.jpg\" alt=\"\" width=\"604\" height=\"855\" class=\"aligncenter size-large wp-image-11099\" srcset=\"https:\/\/antonioromoleroux.com\/wp-content\/uploads\/2025\/07\/tu-alma-fb-723x1024.jpg 723w, https:\/\/antonioromoleroux.com\/wp-content\/uploads\/2025\/07\/tu-alma-fb-212x300.jpg 212w, https:\/\/antonioromoleroux.com\/wp-content\/uploads\/2025\/07\/tu-alma-fb-768x1087.jpg 768w, https:\/\/antonioromoleroux.com\/wp-content\/uploads\/2025\/07\/tu-alma-fb-1085x1536.jpg 1085w, https:\/\/antonioromoleroux.com\/wp-content\/uploads\/2025\/07\/tu-alma-fb-1446x2048.jpg 1446w, https:\/\/antonioromoleroux.com\/wp-content\/uploads\/2025\/07\/tu-alma-fb-scaled.jpg 1808w\" sizes=\"auto, (max-width: 604px) 100vw, 604px\" \/><\/a><br \/>\n\u00abTu alma es el universo\u00bb, \u00f3leo sobre intaglio, 72 x52 cm. 2025<\/p>\n<p><a href=\"https:\/\/antonioromoleroux.com\/wp-content\/uploads\/2023\/09\/SPONDYLUS-DEL-ALMA-baja.jpg\"><img loading=\"lazy\" decoding=\"async\" src=\"https:\/\/antonioromoleroux.com\/wp-content\/uploads\/2023\/09\/SPONDYLUS-DEL-ALMA-baja-732x1024.jpg\" alt=\"\" width=\"584\" height=\"817\" class=\"aligncenter size-large wp-image-9605\" srcset=\"https:\/\/antonioromoleroux.com\/wp-content\/uploads\/2023\/09\/SPONDYLUS-DEL-ALMA-baja-732x1024.jpg 732w, https:\/\/antonioromoleroux.com\/wp-content\/uploads\/2023\/09\/SPONDYLUS-DEL-ALMA-baja-214x300.jpg 214w, https:\/\/antonioromoleroux.com\/wp-content\/uploads\/2023\/09\/SPONDYLUS-DEL-ALMA-baja-768x1075.jpg 768w\" sizes=\"auto, (max-width: 584px) 100vw, 584px\" \/><\/a><br \/>\n\u00abSpondylus del alma\u00bb, pintura vectorizada, 70\u00d750 cm. 2023<\/p>\n<p><a href=\"https:\/\/antonioromoleroux.com\/wp-content\/uploads\/2023\/05\/pagina.jpg\"><img loading=\"lazy\" decoding=\"async\" src=\"https:\/\/antonioromoleroux.com\/wp-content\/uploads\/2023\/05\/pagina-719x1024.jpg\" alt=\"\" width=\"584\" height=\"832\" class=\"aligncenter size-large wp-image-9548\" srcset=\"https:\/\/antonioromoleroux.com\/wp-content\/uploads\/2023\/05\/pagina-719x1024.jpg 719w, https:\/\/antonioromoleroux.com\/wp-content\/uploads\/2023\/05\/pagina-211x300.jpg 211w, https:\/\/antonioromoleroux.com\/wp-content\/uploads\/2023\/05\/pagina-768x1094.jpg 768w\" sizes=\"auto, (max-width: 584px) 100vw, 584px\" \/><\/a><br \/>\n\u00abEl centro de la conciencia\u00bb \u00f3leo sobre intaglio, 72&#215;52 cm. 2023<\/p>\n<p><a href=\"https:\/\/antonioromoleroux.com\/wp-content\/uploads\/2023\/03\/p\u00e1g.jpg\"><img loading=\"lazy\" decoding=\"async\" src=\"https:\/\/antonioromoleroux.com\/wp-content\/uploads\/2023\/03\/p\u00e1g-737x1024.jpg\" alt=\"\" width=\"584\" height=\"811\" class=\"aligncenter size-large wp-image-9535\" srcset=\"https:\/\/antonioromoleroux.com\/wp-content\/uploads\/2023\/03\/p\u00e1g-737x1024.jpg 737w, https:\/\/antonioromoleroux.com\/wp-content\/uploads\/2023\/03\/p\u00e1g-216x300.jpg 216w, https:\/\/antonioromoleroux.com\/wp-content\/uploads\/2023\/03\/p\u00e1g-768x1067.jpg 768w\" sizes=\"auto, (max-width: 584px) 100vw, 584px\" \/><\/a><br \/>\n\u00abSanar el alma\u00bb \u00f3leo sobre intaglio, 72&#215;52 cm. 2023<\/p>\n<p><a href=\"https:\/\/antonioromoleroux.com\/wp-content\/uploads\/2023\/02\/florecer-p\u00e1g.jpg\"><img loading=\"lazy\" decoding=\"async\" src=\"https:\/\/antonioromoleroux.com\/wp-content\/uploads\/2023\/02\/florecer-p\u00e1g-721x1024.jpg\" alt=\"\" width=\"584\" height=\"829\" class=\"aligncenter size-large wp-image-9510\" srcset=\"https:\/\/antonioromoleroux.com\/wp-content\/uploads\/2023\/02\/florecer-p\u00e1g-721x1024.jpg 721w, https:\/\/antonioromoleroux.com\/wp-content\/uploads\/2023\/02\/florecer-p\u00e1g-211x300.jpg 211w, https:\/\/antonioromoleroux.com\/wp-content\/uploads\/2023\/02\/florecer-p\u00e1g-768x1091.jpg 768w\" sizes=\"auto, (max-width: 584px) 100vw, 584px\" \/><\/a><br \/>\n\u00abEnraizar en el Ser\u00bb \u00f3leo sobre intaglio, 72&#215;52 cm. 2023<\/p>\n<p><a href=\"https:\/\/antonioromoleroux.com\/wp-content\/uploads\/2020\/06\/jaguares-del-alma2.jpg\"><img loading=\"lazy\" decoding=\"async\" src=\"https:\/\/antonioromoleroux.com\/wp-content\/uploads\/2020\/06\/jaguares-del-alma2-723x1024.jpg\" alt=\"\" width=\"584\" height=\"827\" class=\"aligncenter size-large wp-image-7926\" srcset=\"https:\/\/antonioromoleroux.com\/wp-content\/uploads\/2020\/06\/jaguares-del-alma2-723x1024.jpg 723w, https:\/\/antonioromoleroux.com\/wp-content\/uploads\/2020\/06\/jaguares-del-alma2-212x300.jpg 212w, https:\/\/antonioromoleroux.com\/wp-content\/uploads\/2020\/06\/jaguares-del-alma2-768x1087.jpg 768w\" sizes=\"auto, (max-width: 584px) 100vw, 584px\" \/><\/a><br \/>\n\u00abJaguares del alma\u00bb, pintura vectorizada, 70\u00d750 cm. 2020<\/p>\n<p><a href=\"https:\/\/antonioromoleroux.com\/wp-content\/uploads\/2020\/06\/trueke-etiko-1.jpg\"><img loading=\"lazy\" decoding=\"async\" src=\"https:\/\/antonioromoleroux.com\/wp-content\/uploads\/2020\/06\/trueke-etiko-1-723x1024.jpg\" alt=\"\" width=\"584\" height=\"827\" class=\"aligncenter size-large wp-image-7924\" srcset=\"https:\/\/antonioromoleroux.com\/wp-content\/uploads\/2020\/06\/trueke-etiko-1-723x1024.jpg 723w, https:\/\/antonioromoleroux.com\/wp-content\/uploads\/2020\/06\/trueke-etiko-1-212x300.jpg 212w, https:\/\/antonioromoleroux.com\/wp-content\/uploads\/2020\/06\/trueke-etiko-1-768x1087.jpg 768w\" sizes=\"auto, (max-width: 584px) 100vw, 584px\" \/><\/a><br \/>\n\u00abSpondylus, trueke \u00e9tiko\u00bb, pintura vectorizada, 40\u00d730 cm. 2020 <\/p>\n<p><a href=\"https:\/\/antonioromoleroux.com\/wp-content\/uploads\/2024\/06\/selva-ancestral-web-scaled.jpg\"><img loading=\"lazy\" decoding=\"async\" src=\"https:\/\/antonioromoleroux.com\/wp-content\/uploads\/2024\/06\/selva-ancestral-web-733x1024.jpg\" alt=\"\" width=\"604\" height=\"844\" class=\"aligncenter size-large wp-image-10502\" srcset=\"https:\/\/antonioromoleroux.com\/wp-content\/uploads\/2024\/06\/selva-ancestral-web-733x1024.jpg 733w, https:\/\/antonioromoleroux.com\/wp-content\/uploads\/2024\/06\/selva-ancestral-web-215x300.jpg 215w, https:\/\/antonioromoleroux.com\/wp-content\/uploads\/2024\/06\/selva-ancestral-web-768x1072.jpg 768w, https:\/\/antonioromoleroux.com\/wp-content\/uploads\/2024\/06\/selva-ancestral-web-1100x1536.jpg 1100w, https:\/\/antonioromoleroux.com\/wp-content\/uploads\/2024\/06\/selva-ancestral-web-1467x2048.jpg 1467w, https:\/\/antonioromoleroux.com\/wp-content\/uploads\/2024\/06\/selva-ancestral-web-scaled.jpg 1834w\" sizes=\"auto, (max-width: 604px) 100vw, 604px\" \/><\/a><br \/>\n\u00abSelva Ancestral\u00bb, pintura vectorizada, 70\u00d750 cm. 2020 <\/p>\n<p><a href=\"https:\/\/antonioromoleroux.com\/wp-content\/uploads\/2024\/06\/soberania-amazonica-web-scaled.jpg\"><img loading=\"lazy\" decoding=\"async\" src=\"https:\/\/antonioromoleroux.com\/wp-content\/uploads\/2024\/06\/soberania-amazonica-web-726x1024.jpg\" alt=\"\" width=\"604\" height=\"852\" class=\"aligncenter size-large wp-image-10504\" srcset=\"https:\/\/antonioromoleroux.com\/wp-content\/uploads\/2024\/06\/soberania-amazonica-web-726x1024.jpg 726w, https:\/\/antonioromoleroux.com\/wp-content\/uploads\/2024\/06\/soberania-amazonica-web-213x300.jpg 213w, https:\/\/antonioromoleroux.com\/wp-content\/uploads\/2024\/06\/soberania-amazonica-web-768x1083.jpg 768w, https:\/\/antonioromoleroux.com\/wp-content\/uploads\/2024\/06\/soberania-amazonica-web-1089x1536.jpg 1089w, https:\/\/antonioromoleroux.com\/wp-content\/uploads\/2024\/06\/soberania-amazonica-web-1452x2048.jpg 1452w, https:\/\/antonioromoleroux.com\/wp-content\/uploads\/2024\/06\/soberania-amazonica-web-scaled.jpg 1816w\" sizes=\"auto, (max-width: 604px) 100vw, 604px\" \/><\/a><br \/>\n\u00abSoberan\u00eda Amaz\u00f3nica\u00bb, pintura vectorizada, 70\u00d750 cm. 2020<\/p>\n<p><a href=\"https:\/\/antonioromoleroux.com\/wp-content\/uploads\/2024\/06\/spondylus-jaguar-anaconda-web-scaled.jpg\"><img loading=\"lazy\" decoding=\"async\" src=\"https:\/\/antonioromoleroux.com\/wp-content\/uploads\/2024\/06\/spondylus-jaguar-anaconda-web-714x1024.jpg\" alt=\"\" width=\"604\" height=\"866\" class=\"aligncenter size-large wp-image-10506\" srcset=\"https:\/\/antonioromoleroux.com\/wp-content\/uploads\/2024\/06\/spondylus-jaguar-anaconda-web-714x1024.jpg 714w, https:\/\/antonioromoleroux.com\/wp-content\/uploads\/2024\/06\/spondylus-jaguar-anaconda-web-209x300.jpg 209w, https:\/\/antonioromoleroux.com\/wp-content\/uploads\/2024\/06\/spondylus-jaguar-anaconda-web-768x1102.jpg 768w, https:\/\/antonioromoleroux.com\/wp-content\/uploads\/2024\/06\/spondylus-jaguar-anaconda-web-1071x1536.jpg 1071w, https:\/\/antonioromoleroux.com\/wp-content\/uploads\/2024\/06\/spondylus-jaguar-anaconda-web-1428x2048.jpg 1428w, https:\/\/antonioromoleroux.com\/wp-content\/uploads\/2024\/06\/spondylus-jaguar-anaconda-web-scaled.jpg 1785w\" sizes=\"auto, (max-width: 604px) 100vw, 604px\" \/><\/a><\/p>\n<p>\u00abSpondylus, jaguar, anaconda\u00bb, pintura vectorizada, 40\u00d730 cm. 2020 <\/p>\n<p><a href=\"https:\/\/antonioromoleroux.com\/wp-content\/uploads\/2024\/06\/jaguara-spondylus-energia-web-scaled.jpg\"><img loading=\"lazy\" decoding=\"async\" src=\"https:\/\/antonioromoleroux.com\/wp-content\/uploads\/2024\/06\/jaguara-spondylus-energia-web-727x1024.jpg\" alt=\"\" width=\"604\" height=\"851\" class=\"aligncenter size-large wp-image-10508\" srcset=\"https:\/\/antonioromoleroux.com\/wp-content\/uploads\/2024\/06\/jaguara-spondylus-energia-web-727x1024.jpg 727w, https:\/\/antonioromoleroux.com\/wp-content\/uploads\/2024\/06\/jaguara-spondylus-energia-web-213x300.jpg 213w, https:\/\/antonioromoleroux.com\/wp-content\/uploads\/2024\/06\/jaguara-spondylus-energia-web-768x1082.jpg 768w, https:\/\/antonioromoleroux.com\/wp-content\/uploads\/2024\/06\/jaguara-spondylus-energia-web-1090x1536.jpg 1090w, https:\/\/antonioromoleroux.com\/wp-content\/uploads\/2024\/06\/jaguara-spondylus-energia-web-1453x2048.jpg 1453w, https:\/\/antonioromoleroux.com\/wp-content\/uploads\/2024\/06\/jaguara-spondylus-energia-web-scaled.jpg 1817w\" sizes=\"auto, (max-width: 604px) 100vw, 604px\" \/><\/a><br \/>\n\u00abJaguara, spondylus, energ\u00eda\u00bb pintura vectorizada, 40\u00d730 cm. 2020 <\/p>\n<p><a href=\"https:\/\/antonioromoleroux.com\/wp-content\/uploads\/2022\/02\/04consciencia-espiritual.jpg\"><img loading=\"lazy\" decoding=\"async\" src=\"https:\/\/antonioromoleroux.com\/wp-content\/uploads\/2022\/02\/04consciencia-espiritual-728x1024.jpg\" alt=\"\" width=\"584\" height=\"821\" class=\"aligncenter size-large wp-image-8669\" srcset=\"https:\/\/antonioromoleroux.com\/wp-content\/uploads\/2022\/02\/04consciencia-espiritual-728x1024.jpg 728w, https:\/\/antonioromoleroux.com\/wp-content\/uploads\/2022\/02\/04consciencia-espiritual-213x300.jpg 213w, https:\/\/antonioromoleroux.com\/wp-content\/uploads\/2022\/02\/04consciencia-espiritual-768x1081.jpg 768w\" sizes=\"auto, (max-width: 584px) 100vw, 584px\" \/><\/a><br \/>\n\u00abConsciencia espiritual\u00bb \u00f3leo sobre intaglio, 70&#215;50 cm. 2018<\/p>\n<p><a href=\"https:\/\/antonioromoleroux.com\/wp-content\/uploads\/2022\/02\/01la-naturaleza-y-el-yo\u00f3leo-70x50-cm..jpg\"><img loading=\"lazy\" decoding=\"async\" src=\"https:\/\/antonioromoleroux.com\/wp-content\/uploads\/2022\/02\/01la-naturaleza-y-el-yo\u00f3leo-70x50-cm.-726x1024.jpg\" alt=\"\" width=\"584\" height=\"824\" class=\"aligncenter size-large wp-image-8663\" srcset=\"https:\/\/antonioromoleroux.com\/wp-content\/uploads\/2022\/02\/01la-naturaleza-y-el-yo\u00f3leo-70x50-cm.-726x1024.jpg 726w, https:\/\/antonioromoleroux.com\/wp-content\/uploads\/2022\/02\/01la-naturaleza-y-el-yo\u00f3leo-70x50-cm.-213x300.jpg 213w, https:\/\/antonioromoleroux.com\/wp-content\/uploads\/2022\/02\/01la-naturaleza-y-el-yo\u00f3leo-70x50-cm.-768x1084.jpg 768w\" sizes=\"auto, (max-width: 584px) 100vw, 584px\" \/><\/a><br \/>\n\u00abla naturaleza y el yo\u00bb \u00f3leo sobre intaglio, 70 x 50 cm. 2013<br \/>\nmen\u00e7\u00e3o Honrosa, 1\u00b0 Sal\u00e3o Pan-amaz\u00f3nico de Artes, Manaus, Brazil, 2016<\/p>\n<p><a rel=\"license\" href=\"http:\/\/creativecommons.org\/licenses\/by-sa\/4.0\/\"><img decoding=\"async\" alt=\"Licencia de Creative Commons\" style=\"border-width:0\" src=\"https:\/\/i.creativecommons.org\/l\/by-sa\/4.0\/88x31.png\" \/><\/a><br \/><span xmlns:dct=\"http:\/\/purl.org\/dc\/terms\/\" href=\"http:\/\/purl.org\/dc\/dcmitype\/StillImage\" property=\"dct:title\" rel=\"dct:type\">Foto obra: la naturaleza y el yo, Amazon\u00eda Espiritual, \u00f3leo, 70&#215;50 cm.<\/span> by <a xmlns:cc=\"http:\/\/creativecommons.org\/ns#\" href=\"https:\/\/antonioromoleroux.com\/es\/intaglios\/\" property=\"cc:attributionName\" rel=\"cc:attributionURL\">Antonio Romoleroux<\/a> is licensed under a <a rel=\"license\" href=\"http:\/\/creativecommons.org\/licenses\/by-sa\/4.0\/\">Creative Commons Reconocimiento-CompartirIgual 4.0 Internacional License<\/a>.<br \/>Creado a partir de la obra en <a xmlns:dct=\"http:\/\/purl.org\/dc\/terms\/\" href=\"https:\/\/antonioromoleroux.com\/es\/intaglios\/\" rel=\"dct:source\">https:\/\/antonioromoleroux.com\/es\/intaglios\/<\/a>.<\/p>\n<p><a href=\"https:\/\/antonioromoleroux.com\/wp-content\/uploads\/2022\/02\/03-Ver-el-alma-oleo-sobre-canson-90x70-cm-pag-22-copia.jpg\"><img loading=\"lazy\" decoding=\"async\" src=\"https:\/\/antonioromoleroux.com\/wp-content\/uploads\/2022\/02\/03-Ver-el-alma-oleo-sobre-canson-90x70-cm-pag-22-copia-766x1024.jpg\" alt=\"\" width=\"584\" height=\"781\" class=\"aligncenter size-large wp-image-8667\" srcset=\"https:\/\/antonioromoleroux.com\/wp-content\/uploads\/2022\/02\/03-Ver-el-alma-oleo-sobre-canson-90x70-cm-pag-22-copia-766x1024.jpg 766w, https:\/\/antonioromoleroux.com\/wp-content\/uploads\/2022\/02\/03-Ver-el-alma-oleo-sobre-canson-90x70-cm-pag-22-copia-224x300.jpg 224w, https:\/\/antonioromoleroux.com\/wp-content\/uploads\/2022\/02\/03-Ver-el-alma-oleo-sobre-canson-90x70-cm-pag-22-copia-768x1027.jpg 768w\" sizes=\"auto, (max-width: 584px) 100vw, 584px\" \/><\/a><br \/>\n\u00abVer el alma\u00bb \u00f3leo sobre intaglio, 70 x 50 cm. 2009 <\/p>\n<p><a href=\"https:\/\/antonioromoleroux.com\/wp-content\/uploads\/2012\/06\/esp\u00edritu-del-agua-\u00f3leo-70x50-cm.-.jpg\"><img loading=\"lazy\" decoding=\"async\" src=\"https:\/\/antonioromoleroux.com\/wp-content\/uploads\/2012\/06\/esp\u00edritu-del-agua-\u00f3leo-70x50-cm.--730x1024.jpg\" alt=\"espiritu-del-agua-oleo-70x50-cm\" width=\"584\" height=\"819\" class=\"aligncenter size-large wp-image-7464\" srcset=\"https:\/\/antonioromoleroux.com\/wp-content\/uploads\/2012\/06\/esp\u00edritu-del-agua-\u00f3leo-70x50-cm.--730x1024.jpg 730w, https:\/\/antonioromoleroux.com\/wp-content\/uploads\/2012\/06\/esp\u00edritu-del-agua-\u00f3leo-70x50-cm.--214x300.jpg 214w, https:\/\/antonioromoleroux.com\/wp-content\/uploads\/2012\/06\/esp\u00edritu-del-agua-\u00f3leo-70x50-cm.--768x1077.jpg 768w\" sizes=\"auto, (max-width: 584px) 100vw, 584px\" \/><\/a><br \/>\n\u00abEsp\u00edritu del Agua\u00bb \u00f3leo sobre intaglio, 70&#215;50 cm. 2013<\/p>\n<p><a href=\"https:\/\/antonioromoleroux.com\/wp-content\/uploads\/2022\/02\/05Ecosistema-litograf\u00eda-50x40-cm.-copia.jpg\"><img loading=\"lazy\" decoding=\"async\" src=\"https:\/\/antonioromoleroux.com\/wp-content\/uploads\/2022\/02\/05Ecosistema-litograf\u00eda-50x40-cm.-copia-711x1024.jpg\" alt=\"\" width=\"584\" height=\"841\" class=\"aligncenter size-large wp-image-8675\" srcset=\"https:\/\/antonioromoleroux.com\/wp-content\/uploads\/2022\/02\/05Ecosistema-litograf\u00eda-50x40-cm.-copia-711x1024.jpg 711w, https:\/\/antonioromoleroux.com\/wp-content\/uploads\/2022\/02\/05Ecosistema-litograf\u00eda-50x40-cm.-copia-208x300.jpg 208w, https:\/\/antonioromoleroux.com\/wp-content\/uploads\/2022\/02\/05Ecosistema-litograf\u00eda-50x40-cm.-copia-768x1106.jpg 768w\" sizes=\"auto, (max-width: 584px) 100vw, 584px\" \/><\/a><br \/>\n\u00abEcosistema\u00bb pintura vectorizada, 70\u00d750 cm. 2012 <\/p>\n<p><a href=\"https:\/\/antonioromoleroux.com\/wp-content\/uploads\/2022\/02\/06Hogar-litograf\u00eda-50x40-cm.-copia.jpg\"><img loading=\"lazy\" decoding=\"async\" src=\"https:\/\/antonioromoleroux.com\/wp-content\/uploads\/2022\/02\/06Hogar-litograf\u00eda-50x40-cm.-copia-717x1024.jpg\" alt=\"\" width=\"584\" height=\"834\" class=\"aligncenter size-large wp-image-8677\" srcset=\"https:\/\/antonioromoleroux.com\/wp-content\/uploads\/2022\/02\/06Hogar-litograf\u00eda-50x40-cm.-copia-717x1024.jpg 717w, https:\/\/antonioromoleroux.com\/wp-content\/uploads\/2022\/02\/06Hogar-litograf\u00eda-50x40-cm.-copia-210x300.jpg 210w, https:\/\/antonioromoleroux.com\/wp-content\/uploads\/2022\/02\/06Hogar-litograf\u00eda-50x40-cm.-copia-768x1097.jpg 768w\" sizes=\"auto, (max-width: 584px) 100vw, 584px\" \/><\/a><\/p>\n<p>\u00abHogar\u00bb pintura vectorizada, 70\u00d750 cm. 2012<\/p>\n<p><a href=\"https:\/\/antonioromoleroux.com\/wp-content\/uploads\/2022\/04\/Spondylus-viva-\u00f3leo-sobre-tela-70-x-50-cm..jpg\"><img loading=\"lazy\" decoding=\"async\" src=\"https:\/\/antonioromoleroux.com\/wp-content\/uploads\/2022\/04\/Spondylus-viva-\u00f3leo-sobre-tela-70-x-50-cm.-723x1024.jpg\" alt=\"\" width=\"584\" height=\"827\" class=\"aligncenter size-large wp-image-9000\" srcset=\"https:\/\/antonioromoleroux.com\/wp-content\/uploads\/2022\/04\/Spondylus-viva-\u00f3leo-sobre-tela-70-x-50-cm.-723x1024.jpg 723w, https:\/\/antonioromoleroux.com\/wp-content\/uploads\/2022\/04\/Spondylus-viva-\u00f3leo-sobre-tela-70-x-50-cm.-212x300.jpg 212w, https:\/\/antonioromoleroux.com\/wp-content\/uploads\/2022\/04\/Spondylus-viva-\u00f3leo-sobre-tela-70-x-50-cm.-768x1087.jpg 768w\" sizes=\"auto, (max-width: 584px) 100vw, 584px\" \/><\/a><br \/>\n\u00abSpondylus viva\u00bb \u00f3leo sobre tela, 70 x 50 cm. 2009<\/p>\n<p><a href=\"https:\/\/antonioromoleroux.com\/wp-content\/uploads\/2022\/04\/spondylus-princeps.jpg\"><img loading=\"lazy\" decoding=\"async\" src=\"https:\/\/antonioromoleroux.com\/wp-content\/uploads\/2022\/04\/spondylus-princeps-841x1024.jpg\" alt=\"\" width=\"584\" height=\"711\" class=\"aligncenter size-large wp-image-8994\" srcset=\"https:\/\/antonioromoleroux.com\/wp-content\/uploads\/2022\/04\/spondylus-princeps-841x1024.jpg 841w, https:\/\/antonioromoleroux.com\/wp-content\/uploads\/2022\/04\/spondylus-princeps-246x300.jpg 246w, https:\/\/antonioromoleroux.com\/wp-content\/uploads\/2022\/04\/spondylus-princeps-768x935.jpg 768w\" sizes=\"auto, (max-width: 584px) 100vw, 584px\" \/><\/a><br \/>\n\u00abSpondylus princeps\u00bb grafito sobre Canson, 70&#215;60 cm. 2009<\/p>\n<p><a href=\"https:\/\/antonioromoleroux.com\/wp-content\/uploads\/2022\/04\/bivalvo.jpg\"><img loading=\"lazy\" decoding=\"async\" src=\"https:\/\/antonioromoleroux.com\/wp-content\/uploads\/2022\/04\/bivalvo-1024x840.jpg\" alt=\"\" width=\"584\" height=\"479\" class=\"aligncenter size-large wp-image-8998\" srcset=\"https:\/\/antonioromoleroux.com\/wp-content\/uploads\/2022\/04\/bivalvo-1024x840.jpg 1024w, https:\/\/antonioromoleroux.com\/wp-content\/uploads\/2022\/04\/bivalvo-300x246.jpg 300w, https:\/\/antonioromoleroux.com\/wp-content\/uploads\/2022\/04\/bivalvo-768x630.jpg 768w, https:\/\/antonioromoleroux.com\/wp-content\/uploads\/2022\/04\/bivalvo-366x300.jpg 366w\" sizes=\"auto, (max-width: 584px) 100vw, 584px\" \/><\/a><br \/>\n\u00abSpondylus\u00bb grafito sobre canson, 70 x 60 cm. 2009<\/p>\n<p><a href=\"https:\/\/antonioromoleroux.com\/wp-content\/uploads\/2022\/02\/02mandala-\u00f3leo-70x50-cm.1992-copia.jpg\"><img loading=\"lazy\" decoding=\"async\" src=\"https:\/\/antonioromoleroux.com\/wp-content\/uploads\/2022\/02\/02mandala-\u00f3leo-70x50-cm.1992-copia-689x1024.jpg\" alt=\"\" width=\"584\" height=\"868\" class=\"aligncenter size-large wp-image-8665\" srcset=\"https:\/\/antonioromoleroux.com\/wp-content\/uploads\/2022\/02\/02mandala-\u00f3leo-70x50-cm.1992-copia-689x1024.jpg 689w, https:\/\/antonioromoleroux.com\/wp-content\/uploads\/2022\/02\/02mandala-\u00f3leo-70x50-cm.1992-copia-202x300.jpg 202w, https:\/\/antonioromoleroux.com\/wp-content\/uploads\/2022\/02\/02mandala-\u00f3leo-70x50-cm.1992-copia-768x1142.jpg 768w\" sizes=\"auto, (max-width: 584px) 100vw, 584px\" \/><\/a><br \/>\n\u00abMandala\u00bb \u00f3leo sobre intaglio, 70 x 50 cm. 1994<\/p>\n<p><a href=\"https:\/\/antonioromoleroux.com\/wp-content\/uploads\/2012\/06\/Copia-de-vision-del-yag\u00e9-70x50-cm..jpg\"><img loading=\"lazy\" decoding=\"async\" src=\"https:\/\/antonioromoleroux.com\/wp-content\/uploads\/2012\/06\/Copia-de-vision-del-yag\u00e9-70x50-cm.-730x1024.jpg\" alt=\"Copia de vision del yag\u00e9, 70x50 cm.\" width=\"584\" height=\"819\" class=\"aligncenter size-large wp-image-155\" srcset=\"https:\/\/antonioromoleroux.com\/wp-content\/uploads\/2012\/06\/Copia-de-vision-del-yag\u00e9-70x50-cm.-730x1024.jpg 730w, https:\/\/antonioromoleroux.com\/wp-content\/uploads\/2012\/06\/Copia-de-vision-del-yag\u00e9-70x50-cm.-214x300.jpg 214w, https:\/\/antonioromoleroux.com\/wp-content\/uploads\/2012\/06\/Copia-de-vision-del-yag\u00e9-70x50-cm..jpg 1158w\" sizes=\"auto, (max-width: 584px) 100vw, 584px\" \/><\/a><br \/>\n\u00abvisi\u00f3n del yag\u00e9\u00bb \u00f3leo sobre intaglio, 70 x 50 cm. 1992<\/p>\n<p><a href=\"https:\/\/antonioromoleroux.com\/wp-content\/uploads\/2022\/04\/sacha-\u00f3leo-70x50-cm.-copia-1.jpg\"><img loading=\"lazy\" decoding=\"async\" src=\"https:\/\/antonioromoleroux.com\/wp-content\/uploads\/2022\/04\/sacha-\u00f3leo-70x50-cm.-copia-1-729x1024.jpg\" alt=\"\" width=\"584\" height=\"820\" class=\"aligncenter size-large wp-image-9006\" srcset=\"https:\/\/antonioromoleroux.com\/wp-content\/uploads\/2022\/04\/sacha-\u00f3leo-70x50-cm.-copia-1-729x1024.jpg 729w, https:\/\/antonioromoleroux.com\/wp-content\/uploads\/2022\/04\/sacha-\u00f3leo-70x50-cm.-copia-1-214x300.jpg 214w, https:\/\/antonioromoleroux.com\/wp-content\/uploads\/2022\/04\/sacha-\u00f3leo-70x50-cm.-copia-1-768x1078.jpg 768w\" sizes=\"auto, (max-width: 584px) 100vw, 584px\" \/><\/a><br \/>\n\u00abSacha\u00bb \u00f3leo sobre intaglio, 70&#215;50 cm. 1993<\/p>\n<p><a href=\"https:\/\/antonioromoleroux.com\/wp-content\/uploads\/2012\/06\/mujeres-del-alma-intaglio-685x485-cm.2.jpg\"><img loading=\"lazy\" decoding=\"async\" src=\"https:\/\/antonioromoleroux.com\/wp-content\/uploads\/2012\/06\/mujeres-del-alma-intaglio-685x485-cm.2-696x1024.jpg\" alt=\"mujeres del alma, intaglio, 68,5x48,5 cm.\" width=\"584\" height=\"859\" class=\"aligncenter size-large wp-image-849\" srcset=\"https:\/\/antonioromoleroux.com\/wp-content\/uploads\/2012\/06\/mujeres-del-alma-intaglio-685x485-cm.2-696x1024.jpg 696w, https:\/\/antonioromoleroux.com\/wp-content\/uploads\/2012\/06\/mujeres-del-alma-intaglio-685x485-cm.2-204x300.jpg 204w, https:\/\/antonioromoleroux.com\/wp-content\/uploads\/2012\/06\/mujeres-del-alma-intaglio-685x485-cm.2.jpg 984w\" sizes=\"auto, (max-width: 584px) 100vw, 584px\" \/><\/a><br \/>\n\u00abmujeres del alma\u00bb \u00f3leo sobre intaglio, 70 x 50 cm. 1991<\/p>\n<p><a href=\"https:\/\/antonioromoleroux.com\/wp-content\/uploads\/2012\/07\/oraculo1.jpg\"><img loading=\"lazy\" decoding=\"async\" src=\"https:\/\/antonioromoleroux.com\/wp-content\/uploads\/2012\/07\/oraculo1-680x1024.jpg\" alt=\"\" width=\"584\" height=\"879\" class=\"aligncenter size-large wp-image-186\" srcset=\"https:\/\/antonioromoleroux.com\/wp-content\/uploads\/2012\/07\/oraculo1-680x1024.jpg 680w, https:\/\/antonioromoleroux.com\/wp-content\/uploads\/2012\/07\/oraculo1-199x300.jpg 199w\" sizes=\"auto, (max-width: 584px) 100vw, 584px\" \/><\/a><br \/>\n\u00abOr\u00e1culo\u00bb, marmol y fuego, 80x70x60 cm.1991<\/p>\n<p><a href=\"https:\/\/antonioromoleroux.com\/wp-content\/uploads\/2012\/07\/la-paz-hace-el-amor.jpg\"><img loading=\"lazy\" decoding=\"async\" src=\"https:\/\/antonioromoleroux.com\/wp-content\/uploads\/2012\/07\/la-paz-hace-el-amor-1024x670.jpg\" alt=\"\" width=\"584\" height=\"382\" class=\"aligncenter size-large wp-image-226\" srcset=\"https:\/\/antonioromoleroux.com\/wp-content\/uploads\/2012\/07\/la-paz-hace-el-amor-1024x670.jpg 1024w, https:\/\/antonioromoleroux.com\/wp-content\/uploads\/2012\/07\/la-paz-hace-el-amor-300x196.jpg 300w\" sizes=\"auto, (max-width: 584px) 100vw, 584px\" \/><\/a><br \/>\n\u00abLa paz hace el amor\u00bb, m\u00e1rmol, 50x40x30 cm.1992<\/p>\n<p><a href=\"https:\/\/antonioromoleroux.com\/wp-content\/uploads\/2012\/07\/siempre-viva-2.jpg\"><img loading=\"lazy\" decoding=\"async\" src=\"https:\/\/antonioromoleroux.com\/wp-content\/uploads\/2012\/07\/siempre-viva-2-342x1024.jpg\" alt=\"\" width=\"342\" height=\"1024\" class=\"aligncenter size-large wp-image-220\" srcset=\"https:\/\/antonioromoleroux.com\/wp-content\/uploads\/2012\/07\/siempre-viva-2-342x1024.jpg 342w, https:\/\/antonioromoleroux.com\/wp-content\/uploads\/2012\/07\/siempre-viva-2-100x300.jpg 100w, https:\/\/antonioromoleroux.com\/wp-content\/uploads\/2012\/07\/siempre-viva-2.jpg 1178w\" sizes=\"auto, (max-width: 342px) 100vw, 342px\" \/><\/a><br \/>\n\u00abSiempre viva\u00bb, m\u00e1rmol, 90x40x5 cm.1991 <\/p>\n<p><a href=\"https:\/\/antonioromoleroux.com\/wp-content\/uploads\/2012\/07\/siempre-viva-1.jpg\"><img loading=\"lazy\" decoding=\"async\" src=\"https:\/\/antonioromoleroux.com\/wp-content\/uploads\/2012\/07\/siempre-viva-1-339x1024.jpg\" alt=\"\" width=\"339\" height=\"1024\" class=\"aligncenter size-large wp-image-216\" srcset=\"https:\/\/antonioromoleroux.com\/wp-content\/uploads\/2012\/07\/siempre-viva-1-339x1024.jpg 339w, https:\/\/antonioromoleroux.com\/wp-content\/uploads\/2012\/07\/siempre-viva-1-99x300.jpg 99w, https:\/\/antonioromoleroux.com\/wp-content\/uploads\/2012\/07\/siempre-viva-1.jpg 1046w\" sizes=\"auto, (max-width: 339px) 100vw, 339px\" \/><\/a><br \/>\n\u00abSiempre viva\u00bb m\u00e1rmol, 90x40x5 cm. 1991 <\/p>","protected":false},"excerpt":{"rendered":"<p>Esta serie realizada con \u00f3leo sobre intaglio, pintura vectorizada y escultura en m\u00e1rmol, est\u00e1 fundamentada en la semi\u00f3tica Amaz\u00f3nica. la Amazon\u00eda es la selva tropical m\u00e1s grande del mundo con la mayor biodiversidad del planeta y los pueblos originarios que la habitan, lo hacen de manera sustentable, conservar su semi\u00f3tica, es una forma de conservar &hellip; <a href=\"https:\/\/antonioromoleroux.com\/es\/intaglios\/\" class=\"more-link\">Seguir leyendo <span class=\"screen-reader-text\">Amazon\u00eda espiritual<\/span> <span class=\"meta-nav\">&rarr;<\/span><\/a><\/p>\n","protected":false},"author":2,"featured_media":0,"parent":0,"menu_order":2,"comment_status":"open","ping_status":"open","template":"","meta":{"ngg_post_thumbnail":0,"footnotes":""},"class_list":["post-149","page","type-page","status-publish","hentry"],"_links":{"self":[{"href":"https:\/\/antonioromoleroux.com\/es\/wp-json\/wp\/v2\/pages\/149","targetHints":{"allow":["GET"]}}],"collection":[{"href":"https:\/\/antonioromoleroux.com\/es\/wp-json\/wp\/v2\/pages"}],"about":[{"href":"https:\/\/antonioromoleroux.com\/es\/wp-json\/wp\/v2\/types\/page"}],"author":[{"embeddable":true,"href":"https:\/\/antonioromoleroux.com\/es\/wp-json\/wp\/v2\/users\/2"}],"replies":[{"embeddable":true,"href":"https:\/\/antonioromoleroux.com\/es\/wp-json\/wp\/v2\/comments?post=149"}],"version-history":[{"count":225,"href":"https:\/\/antonioromoleroux.com\/es\/wp-json\/wp\/v2\/pages\/149\/revisions"}],"predecessor-version":[{"id":11174,"href":"https:\/\/antonioromoleroux.com\/es\/wp-json\/wp\/v2\/pages\/149\/revisions\/11174"}],"wp:attachment":[{"href":"https:\/\/antonioromoleroux.com\/es\/wp-json\/wp\/v2\/media?parent=149"}],"curies":[{"name":"wp","href":"https:\/\/api.w.org\/{rel}","templated":true}]}}