{"id":11110,"date":"2025-07-31T16:37:40","date_gmt":"2025-07-31T21:37:40","guid":{"rendered":"https:\/\/antonioromoleroux.com\/?page_id=11110"},"modified":"2026-03-17T16:50:44","modified_gmt":"2026-03-17T21:50:44","slug":"espanol-fundacion-romoleoroux","status":"publish","type":"page","link":"https:\/\/antonioromoleroux.com\/es\/espanol-fundacion-romoleoroux\/","title":{"rendered":"Fundaci\u00f3n Romoleroux"},"content":{"rendered":"<p><a href=\"https:\/\/antonioromoleroux.com\/wp-content\/uploads\/2025\/08\/logo-final-alta-cortado.jpg\"><img loading=\"lazy\" decoding=\"async\" src=\"https:\/\/antonioromoleroux.com\/wp-content\/uploads\/2025\/08\/logo-final-alta-cortado.jpg\" alt=\"\" width=\"1004\" height=\"438\" class=\"aligncenter size-full wp-image-11151\" srcset=\"https:\/\/antonioromoleroux.com\/wp-content\/uploads\/2025\/08\/logo-final-alta-cortado.jpg 1004w, https:\/\/antonioromoleroux.com\/wp-content\/uploads\/2025\/08\/logo-final-alta-cortado-300x131.jpg 300w, https:\/\/antonioromoleroux.com\/wp-content\/uploads\/2025\/08\/logo-final-alta-cortado-768x335.jpg 768w\" sizes=\"auto, (max-width: 1004px) 100vw, 1004px\" \/><\/a><\/p>\n<p>La \u201cFundaci\u00f3n Antonio Romoleroux\u201d, se constituy\u00f3 mediante ACUERDO Nro. MCYP-MCYP-2025-0152-A del Ministerio de Cultura y Patrimonio del Ecuador, en Quito, el 2 de julio de 2025.<br \/>\nSe ha constituido como una organizaci\u00f3n de derecho privado, con finalidad social, sin fines de lucro, en cuyos estatutos constan principalmente, los siguientes fines y objetivos:<\/p>\n<p>&#8211; Investigaci\u00f3n, producci\u00f3n, difusi\u00f3n y preservaci\u00f3n de la obra y legado del artista ecuatoriano Antonio Romoleroux.<\/p>\n<p>&#8211; Realizaci\u00f3n de talleres y capacitaciones de dibujo y pintura.<\/p>\n<p>&#8211; Creaci\u00f3n y Gesti\u00f3n del Centro Internacional de Resiliencia, proyecto cultural en beneficio de la salud mental.<\/p>\n<p>&#8211; Fomento a las artes visuales como fotograf\u00eda e ilustraci\u00f3n y al arte emergente ecuatoriano.<\/p>\n<p>&#8211; Puesta en valor del Patrimonio Cultural y Art\u00edstico del Ecuador.<\/p>\n<p>&#8211; Realizaci\u00f3n de publicaciones f\u00edsicas y digitales sobre arte contempor\u00e1neo ecuatoriano.<\/p>\n<p>&#8211; Desarrollo de colaboraciones y convenios con entidades culturales, educativas y art\u00edsticas nacionales y extranjeras.<\/p>\n<p><strong>DIRECTIVA<\/strong><br \/>\n<strong>Presidente:<\/strong> Antonio Romoleroux<br \/>\n<strong>Vicepresidente:<\/strong> Yaku Romoleroux<br \/>\n<strong>Secretaria:<\/strong> Chaquira Romoleroux<\/p>\n<p><a href=\"https:\/\/antonioromoleroux.com\/wp-content\/uploads\/2025\/07\/talleres-logo-scaled.jpg\"><img loading=\"lazy\" decoding=\"async\" src=\"https:\/\/antonioromoleroux.com\/wp-content\/uploads\/2025\/07\/talleres-logo-1024x338.jpg\" alt=\"\" width=\"604\" height=\"199\" class=\"aligncenter size-large wp-image-11127\" srcset=\"https:\/\/antonioromoleroux.com\/wp-content\/uploads\/2025\/07\/talleres-logo-1024x338.jpg 1024w, https:\/\/antonioromoleroux.com\/wp-content\/uploads\/2025\/07\/talleres-logo-300x99.jpg 300w, https:\/\/antonioromoleroux.com\/wp-content\/uploads\/2025\/07\/talleres-logo-768x254.jpg 768w, https:\/\/antonioromoleroux.com\/wp-content\/uploads\/2025\/07\/talleres-logo-1536x507.jpg 1536w, https:\/\/antonioromoleroux.com\/wp-content\/uploads\/2025\/07\/talleres-logo-2048x676.jpg 2048w\" sizes=\"auto, (max-width: 604px) 100vw, 604px\" \/><\/a><\/p>\n<p><a href=\"https:\/\/antonioromoleroux.com\/wp-content\/uploads\/2024\/09\/TORTUGA-PAG-scaled.jpg\"><img loading=\"lazy\" decoding=\"async\" src=\"https:\/\/antonioromoleroux.com\/wp-content\/uploads\/2024\/09\/TORTUGA-PAG-1024x850.jpg\" alt=\"\" width=\"604\" height=\"501\" class=\"aligncenter size-large wp-image-10837\" srcset=\"https:\/\/antonioromoleroux.com\/wp-content\/uploads\/2024\/09\/TORTUGA-PAG-1024x850.jpg 1024w, https:\/\/antonioromoleroux.com\/wp-content\/uploads\/2024\/09\/TORTUGA-PAG-300x249.jpg 300w, https:\/\/antonioromoleroux.com\/wp-content\/uploads\/2024\/09\/TORTUGA-PAG-768x638.jpg 768w, https:\/\/antonioromoleroux.com\/wp-content\/uploads\/2024\/09\/TORTUGA-PAG-1536x1276.jpg 1536w, https:\/\/antonioromoleroux.com\/wp-content\/uploads\/2024\/09\/TORTUGA-PAG-2048x1701.jpg 2048w\" sizes=\"auto, (max-width: 604px) 100vw, 604px\" \/><\/a><br \/>\nAlumna: Chaquira Romoleroux<br \/>\nT\u00edtulo: Tortuga pintada (Trachemys scripta)<br \/>\nT\u00e9cnica: \u00f3leo sobre lienzo<br \/>\nDimensiones: 60&#215;50 cm.<br \/>\nFoto: Yaku Romoleroux<\/p>\n<p><a href=\"https:\/\/antonioromoleroux.com\/wp-content\/uploads\/2023\/02\/Tucan-p\u00e1g..jpg\"><img loading=\"lazy\" decoding=\"async\" src=\"https:\/\/antonioromoleroux.com\/wp-content\/uploads\/2023\/02\/Tucan-p\u00e1g.-1024x850.jpg\" alt=\"\" width=\"584\" height=\"485\" class=\"aligncenter size-large wp-image-9513\" srcset=\"https:\/\/antonioromoleroux.com\/wp-content\/uploads\/2023\/02\/Tucan-p\u00e1g.-1024x850.jpg 1024w, https:\/\/antonioromoleroux.com\/wp-content\/uploads\/2023\/02\/Tucan-p\u00e1g.-300x249.jpg 300w, https:\/\/antonioromoleroux.com\/wp-content\/uploads\/2023\/02\/Tucan-p\u00e1g.-768x637.jpg 768w, https:\/\/antonioromoleroux.com\/wp-content\/uploads\/2023\/02\/Tucan-p\u00e1g.-361x300.jpg 361w\" sizes=\"auto, (max-width: 584px) 100vw, 584px\" \/><\/a><br \/>\nAlumna: Chaquira Romoleroux<br \/>\nT\u00edtulo: Tuc\u00e1n del Choc\u00f3<br \/>\nT\u00e9cnica: \u00f3leo sobre lienzo<br \/>\nDimensiones: 60&#215;50 cm.<br \/>\nFoto: Yaku Romoleroux<\/p>\n<p><a href=\"https:\/\/antonioromoleroux.com\/wp-content\/uploads\/2022\/08\/mono.jpg\"><img loading=\"lazy\" decoding=\"async\" src=\"https:\/\/antonioromoleroux.com\/wp-content\/uploads\/2022\/08\/mono-768x1024.jpg\" alt=\"\" width=\"584\" height=\"779\" class=\"aligncenter size-large wp-image-9336\" srcset=\"https:\/\/antonioromoleroux.com\/wp-content\/uploads\/2022\/08\/mono-768x1024.jpg 768w, https:\/\/antonioromoleroux.com\/wp-content\/uploads\/2022\/08\/mono-225x300.jpg 225w, https:\/\/antonioromoleroux.com\/wp-content\/uploads\/2022\/08\/mono.jpg 1218w\" sizes=\"auto, (max-width: 584px) 100vw, 584px\" \/><\/a><\/p>\n<p>Alumna: Chaquira Romoleroux<br \/>\nT\u00edtulo: Mono aullador<br \/>\nT\u00e9cnica: \u00f3leo sobre lienzo<br \/>\nDimensiones: 50 x 40 cm.<br \/>\nFoto: Yaku Romoleroux<\/p>\n<p><a href=\"https:\/\/antonioromoleroux.com\/wp-content\/uploads\/2024\/09\/Emilia-scaled.jpg\"><img loading=\"lazy\" decoding=\"async\" src=\"https:\/\/antonioromoleroux.com\/wp-content\/uploads\/2024\/09\/Emilia-860x1024.jpg\" alt=\"\" width=\"604\" height=\"719\" class=\"aligncenter size-large wp-image-10868\" srcset=\"https:\/\/antonioromoleroux.com\/wp-content\/uploads\/2024\/09\/Emilia-860x1024.jpg 860w, https:\/\/antonioromoleroux.com\/wp-content\/uploads\/2024\/09\/Emilia-252x300.jpg 252w, https:\/\/antonioromoleroux.com\/wp-content\/uploads\/2024\/09\/Emilia-768x914.jpg 768w, https:\/\/antonioromoleroux.com\/wp-content\/uploads\/2024\/09\/Emilia-1291x1536.jpg 1291w, https:\/\/antonioromoleroux.com\/wp-content\/uploads\/2024\/09\/Emilia-1721x2048.jpg 1721w\" sizes=\"auto, (max-width: 604px) 100vw, 604px\" \/><\/a><br \/>\nAlumna: Emilia Medina<br \/>\nT\u00edtulo: retrato de mi prima<br \/>\nT\u00e9cnica: \u00f3leo sobre lienzo<br \/>\nDimensiones: 70&#215;50 cm.<\/p>\n<p><a href=\"https:\/\/antonioromoleroux.com\/wp-content\/uploads\/2024\/09\/3ana-victoria-scaled.jpg\"><img loading=\"lazy\" decoding=\"async\" src=\"https:\/\/antonioromoleroux.com\/wp-content\/uploads\/2024\/09\/3ana-victoria-768x1024.jpg\" alt=\"\" width=\"604\" height=\"805\" class=\"aligncenter size-large wp-image-10862\" srcset=\"https:\/\/antonioromoleroux.com\/wp-content\/uploads\/2024\/09\/3ana-victoria-768x1024.jpg 768w, https:\/\/antonioromoleroux.com\/wp-content\/uploads\/2024\/09\/3ana-victoria-225x300.jpg 225w, https:\/\/antonioromoleroux.com\/wp-content\/uploads\/2024\/09\/3ana-victoria-1151x1536.jpg 1151w, https:\/\/antonioromoleroux.com\/wp-content\/uploads\/2024\/09\/3ana-victoria-1535x2048.jpg 1535w, https:\/\/antonioromoleroux.com\/wp-content\/uploads\/2024\/09\/3ana-victoria-scaled.jpg 1919w\" sizes=\"auto, (max-width: 604px) 100vw, 604px\" \/><\/a><br \/>\nAlumna: Ana Victoria Jara<br \/>\nT\u00edtulo: Pail\u00f3n del diablo<br \/>\nT\u00e9cnica: \u00f3leo sobre lienzo<br \/>\nDimensiones: 70&#215;50 cm.<\/p>\n<p><a href=\"https:\/\/antonioromoleroux.com\/wp-content\/uploads\/2025\/04\/centro-internacional-de-resiliencia-logo-scaled.jpg\"><img loading=\"lazy\" decoding=\"async\" src=\"https:\/\/antonioromoleroux.com\/wp-content\/uploads\/2025\/04\/centro-internacional-de-resiliencia-logo-1024x416.jpg\" alt=\"\" width=\"604\" height=\"245\" class=\"aligncenter size-large wp-image-11004\" srcset=\"https:\/\/antonioromoleroux.com\/wp-content\/uploads\/2025\/04\/centro-internacional-de-resiliencia-logo-1024x416.jpg 1024w, https:\/\/antonioromoleroux.com\/wp-content\/uploads\/2025\/04\/centro-internacional-de-resiliencia-logo-300x122.jpg 300w, https:\/\/antonioromoleroux.com\/wp-content\/uploads\/2025\/04\/centro-internacional-de-resiliencia-logo-768x312.jpg 768w, https:\/\/antonioromoleroux.com\/wp-content\/uploads\/2025\/04\/centro-internacional-de-resiliencia-logo-1536x624.jpg 1536w, https:\/\/antonioromoleroux.com\/wp-content\/uploads\/2025\/04\/centro-internacional-de-resiliencia-logo-2048x832.jpg 2048w\" sizes=\"auto, (max-width: 604px) 100vw, 604px\" \/><\/a><\/p>\n<p><strong>Presentaci\u00f3n<\/strong><br \/>\nEs un proyecto cultural en beneficio de la salud mental, sin fines de lucro, para personas que necesitan un acompa\u00f1amiento psicoterap\u00e9utico y no tienen los medios econ\u00f3micos para solventarlo. <\/p>\n<p><strong>Funcionamiento<\/strong><br \/>\nFunciona por medio del voluntariado de los psicoterapeutas, los pacientes no cancelan ning\u00fan valor.<br \/>\nHasta la fecha, se ha atendido a un centenar de personas.<\/p>\n<p><strong>Integrantes<\/strong><\/p>\n<p>Director: Antonio Romoleroux.<\/p>\n<p>Profesionales de la salud mental:<\/p>\n<p>&#8211; Dra. Isadora Salas &#8211; psicoanalista<br \/>\n&#8211; Mag. Helena Garc\u00eda Moreno &#8211; arteterapeuta<br \/>\n&#8211; Dr. Edwin D\u00e1vila \u2013 psiquiatra<\/p>\n<p><strong>Testimonios<\/strong><br \/>\nBuen d\u00eda, hace un a\u00f1o estaba pasando por una situaci\u00f3n muy delicada y no sab\u00eda qu\u00e9 hacer, una amiga me inform\u00f3 del Centro Internacional de Resiliencia, me comunique y solicite ayuda, me asignaron a la dra. Tania Cede\u00f1o quien en este tiempo me ha ayudado a descubrir las herramientas para aprender dar la cara a la vida valor\u00e1ndome como persona y descubriendo la mujer maravillosa que soy, sin depender de nadie, en este proceso largo y enriquecedor el acompa\u00f1amiento de la dra. Cede\u00f1o quien es una excelente profesional, ha sido muy importante para m\u00ed, porque ahora veo como estaba hace un a\u00f1o y como estoy ahora que descubr\u00ed la maravillosa mujer que hay en m\u00ed, a\u00fan me falta, pero sigo en el proceso. Agradecida infinitamente con el Centro Internacional de Resiliencia por el acompa\u00f1amiento en este proceso.<br \/>\nMalena.<\/p>\n<p>Saludos, deseo compartir mi testimonio sobre mi experiencia en el Centro Internacional de Resiliencia, en general estoy muy agradecido por lo que recib\u00ed, la terapeuta profesional que me atendi\u00f3 se preocup\u00f3 en abordar los temas que necesitaba trabajar, las reuniones siempre fueron puntuales y se desarrollaban en orden para llegar a concretar un avance a trav\u00e9s del tiempo.<br \/>\nA veces hicimos pausas para observar alg\u00fan tema que ten\u00eda emergente y de igual manera lo trat\u00e1bamos.<br \/>\nReitero mi agradecimiento con el Centro Internacional de Resiliencia ya que logre avanzar bastante en mi proceso personal.<br \/>\nDiego <\/p>\n<p>Estos \u00faltimos a\u00f1os, encontr\u00e9 un acompa\u00f1amiento  muy especial en el Centro Internacional de Resiliencia, quienes han venido apoy\u00e1ndome y reforzando  mis conocimientos y experiencias en todo este tiempo, tan fuerte de defensor\u00eda comunitaria, as\u00ed como yo he apoyado a mujeres y ni\u00f1o\/as  en situaciones de riego, he tenido el gran privilegio de tener el acompa\u00f1amiento del Centro Internacional de Resiliencia, como promotora de derechos necesito ese apoyo psicol\u00f3gico que me aclare ideas, con herramientas t\u00e9cnicas, convencida de que todo se construye desde adentro de uno misma, desde el tejido comunitario, gracias al Centro Internacional de Resiliencia he dejado de tener tanta ansiedad, cansancio emocional, mental, hasta f\u00edsico y soy m\u00e1s feliz.<br \/>\nMe siento segura de referir al Centro Internacional de Resiliencia a personas que est\u00e1n viviendo procesos de vulnerabilidad, est\u00e1n en buenas manos, mi gratitud y todas las energ\u00edas necesarias para seguir con ese carisma de servicio desinteresado.<br \/>\nJudhit<\/p>\n<p>Buenos d\u00edas, quiero agradecer much\u00edsimo al Centro Internacional de Resiliencia, porque gracias al centro estoy sanando esas secuelas que a\u00fan estaban presentes en mi vida, esas cosas que no me permit\u00edan avanzar para poder evolucionar como yo quiero, sigo avanzando con una excelente terapia, y seguir\u00e9 avanzando, son unos excelentes seres humanos, un c\u00e1lido abrazo y muchas gracias por todo.<br \/>\nBel\u00e9n<\/p>\n<p><\/p>","protected":false},"excerpt":{"rendered":"<p>La \u201cFundaci\u00f3n Antonio Romoleroux\u201d, se constituy\u00f3 mediante ACUERDO Nro. MCYP-MCYP-2025-0152-A del Ministerio de Cultura y Patrimonio del Ecuador, en Quito, el 2 de julio de 2025. Se ha constituido como una organizaci\u00f3n de derecho privado, con finalidad social, sin fines de lucro, en cuyos estatutos constan principalmente, los siguientes fines y objetivos: &#8211; Investigaci\u00f3n, producci\u00f3n, &hellip; <a href=\"https:\/\/antonioromoleroux.com\/es\/espanol-fundacion-romoleoroux\/\" class=\"more-link\">Seguir leyendo <span class=\"screen-reader-text\">Fundaci\u00f3n Romoleroux<\/span> <span class=\"meta-nav\">&rarr;<\/span><\/a><\/p>\n","protected":false},"author":2,"featured_media":0,"parent":0,"menu_order":10,"comment_status":"closed","ping_status":"closed","template":"","meta":{"ngg_post_thumbnail":0,"footnotes":""},"class_list":["post-11110","page","type-page","status-publish","hentry"],"_links":{"self":[{"href":"https:\/\/antonioromoleroux.com\/es\/wp-json\/wp\/v2\/pages\/11110","targetHints":{"allow":["GET"]}}],"collection":[{"href":"https:\/\/antonioromoleroux.com\/es\/wp-json\/wp\/v2\/pages"}],"about":[{"href":"https:\/\/antonioromoleroux.com\/es\/wp-json\/wp\/v2\/types\/page"}],"author":[{"embeddable":true,"href":"https:\/\/antonioromoleroux.com\/es\/wp-json\/wp\/v2\/users\/2"}],"replies":[{"embeddable":true,"href":"https:\/\/antonioromoleroux.com\/es\/wp-json\/wp\/v2\/comments?post=11110"}],"version-history":[{"count":69,"href":"https:\/\/antonioromoleroux.com\/es\/wp-json\/wp\/v2\/pages\/11110\/revisions"}],"predecessor-version":[{"id":11288,"href":"https:\/\/antonioromoleroux.com\/es\/wp-json\/wp\/v2\/pages\/11110\/revisions\/11288"}],"wp:attachment":[{"href":"https:\/\/antonioromoleroux.com\/es\/wp-json\/wp\/v2\/media?parent=11110"}],"curies":[{"name":"wp","href":"https:\/\/api.w.org\/{rel}","templated":true}]}}